{"id":1520,"date":"2024-10-16T12:09:41","date_gmt":"2024-10-16T10:09:41","guid":{"rendered":"https:\/\/cdl.dev-shd.fr\/?page_id=1520"},"modified":"2024-12-12T15:57:50","modified_gmt":"2024-12-12T13:57:50","slug":"plage","status":"publish","type":"page","link":"https:\/\/www.campingcotedeslegendes.com\/nl\/strand\/","title":{"rendered":"Het strand"},"content":{"rendered":"<div class='breakdance'><section class=\"bde-section-1520-100 bde-section\">\n  \n\t\n\n\n\n<div class=\"section-container\"><\/div>\n<\/section><section class=\"bde-section-1520-103 bde-section\">\n  \n\t\n\n\n\n<div class=\"section-container\"><div class=\"bde-div-1520-108 bde-div\">\n  \n\t\n\n\n\n<h1 class=\"bde-heading-1520-109 bde-heading\">\nLes Pieds dans l'eau !\n<\/h1><div class=\"bde-rich-text-1520-706 bde-rich-text breakdance-rich-text-styles\">\n<p>De camping heeft directe toegang tot het strand met fijn zand en kristalhelder water, waar jong en oud van kunnen genieten. Luister goed als het geluid van de golven je uitnodigt om een duik te nemen!<br \/><br \/>Directe toegang tot het strand belooft verkwikkende zeebaden en jodiumrijke wandelingen.<br \/><br \/>De camping geeft direct toegang tot het strand van Crapauds, gelegen in het hart van de baai van Brignogan-Plages en beschermd tegen wind en stroming. Ideaal om veilig met het gezin te zwemmen met je kinderen. Gebruik je verbeelding en raad de rots in de vorm van een pad!<br \/><br \/>In het watersportcentrum Brignogan-plages, op een steenworp afstand van het strand, kun je watersportuitrusting huren voor alle niveaus.<br \/><br \/>Tijdens het zomerseizoen worden cursussen aangeboden om kinderen vanaf 3 jaar kennis te laten maken met watersporten.<\/p>\n<\/div><div class=\"bde-gallery-1520-714 bde-gallery\">\n\n\n  \n\n\n\n\n\n\n\n  \n\n  <div class=\"ee-gallery-swiper breakdance-swiper-wrapper\" data-swiper-id=\"714\">\n    <div class=\"swiper\">\n\n<div class=\"ee-gallery ee-gallery--gallery-slider ee-gallery--slider ee-gallery--single ee-gallery--lightbox ee-gallery--zoom-in ee-gallery--caption- ee-gallery--caption-none ee-gallery--ratio swiper-wrapper\">\n                  \n      <a class=\"ee-gallery-item ee-gallery-item--image ee-gallery-item--single swiper-slide\" href=\"https:\/\/www.campingcotedeslegendes.com\/wp-content\/uploads\/2024\/10\/plage-cote-des-legendes_02-scaled.webp\"  data-sub-html=\"\" data-category=\"1\"                  data-lg-size=\"2560-1920\"\n\n      >\n        <figure class=\"ee-gallery-item-figure\">\n                        <img loading=\"lazy\" decoding=\"async\" class=\"breakdance-image-object\" src=\"https:\/\/www.campingcotedeslegendes.com\/wp-content\/uploads\/2024\/10\/plage-cote-des-legendes_02-1024x768.webp\" width=\"1024\" height=\"768\" srcset=\"https:\/\/www.campingcotedeslegendes.com\/wp-content\/uploads\/2024\/10\/plage-cote-des-legendes_02-scaled.webp 2560w, https:\/\/www.campingcotedeslegendes.com\/wp-content\/uploads\/2024\/10\/plage-cote-des-legendes_02-300x225.webp 300w, https:\/\/www.campingcotedeslegendes.com\/wp-content\/uploads\/2024\/10\/plage-cote-des-legendes_02-1024x768.webp 1024w, https:\/\/www.campingcotedeslegendes.com\/wp-content\/uploads\/2024\/10\/plage-cote-des-legendes_02-768x576.webp 768w, https:\/\/www.campingcotedeslegendes.com\/wp-content\/uploads\/2024\/10\/plage-cote-des-legendes_02-1536x1152.webp 1536w, https:\/\/www.campingcotedeslegendes.com\/wp-content\/uploads\/2024\/10\/plage-cote-des-legendes_02-2048x1536.webp 2048w\" sizes=\"auto, (max-width: 2560px) 100vw, 2560px\">\n          \n                  <\/figure>\n      <\/a>\n\n                \n      <a class=\"ee-gallery-item ee-gallery-item--image ee-gallery-item--single swiper-slide\" href=\"https:\/\/www.campingcotedeslegendes.com\/wp-content\/uploads\/2024\/10\/plage-cote-des-legendes_03-scaled.webp\"  data-sub-html=\"\" data-category=\"1\"                  data-lg-size=\"2560-1920\"\n\n      >\n        <figure class=\"ee-gallery-item-figure\">\n                        <img loading=\"lazy\" decoding=\"async\" class=\"breakdance-image-object\" src=\"https:\/\/www.campingcotedeslegendes.com\/wp-content\/uploads\/2024\/10\/plage-cote-des-legendes_03-1024x768.webp\" width=\"1024\" height=\"768\" srcset=\"https:\/\/www.campingcotedeslegendes.com\/wp-content\/uploads\/2024\/10\/plage-cote-des-legendes_03-scaled.webp 2560w, https:\/\/www.campingcotedeslegendes.com\/wp-content\/uploads\/2024\/10\/plage-cote-des-legendes_03-300x225.webp 300w, https:\/\/www.campingcotedeslegendes.com\/wp-content\/uploads\/2024\/10\/plage-cote-des-legendes_03-1024x768.webp 1024w, https:\/\/www.campingcotedeslegendes.com\/wp-content\/uploads\/2024\/10\/plage-cote-des-legendes_03-768x576.webp 768w, https:\/\/www.campingcotedeslegendes.com\/wp-content\/uploads\/2024\/10\/plage-cote-des-legendes_03-1536x1152.webp 1536w, https:\/\/www.campingcotedeslegendes.com\/wp-content\/uploads\/2024\/10\/plage-cote-des-legendes_03-2048x1536.webp 2048w\" sizes=\"auto, (max-width: 2560px) 100vw, 2560px\">\n          \n                  <\/figure>\n      <\/a>\n\n                \n      <a class=\"ee-gallery-item ee-gallery-item--image ee-gallery-item--single swiper-slide\" href=\"https:\/\/www.campingcotedeslegendes.com\/wp-content\/uploads\/2024\/10\/plage-cote-des-legendes_07-scaled.webp\"  data-sub-html=\"\" data-category=\"1\"                  data-lg-size=\"2560-1920\"\n\n      >\n        <figure class=\"ee-gallery-item-figure\">\n                        <img loading=\"lazy\" decoding=\"async\" class=\"breakdance-image-object\" src=\"https:\/\/www.campingcotedeslegendes.com\/wp-content\/uploads\/2024\/10\/plage-cote-des-legendes_07-1024x768.webp\" width=\"1024\" height=\"768\" srcset=\"https:\/\/www.campingcotedeslegendes.com\/wp-content\/uploads\/2024\/10\/plage-cote-des-legendes_07-scaled.webp 2560w, https:\/\/www.campingcotedeslegendes.com\/wp-content\/uploads\/2024\/10\/plage-cote-des-legendes_07-300x225.webp 300w, https:\/\/www.campingcotedeslegendes.com\/wp-content\/uploads\/2024\/10\/plage-cote-des-legendes_07-1024x768.webp 1024w, https:\/\/www.campingcotedeslegendes.com\/wp-content\/uploads\/2024\/10\/plage-cote-des-legendes_07-768x576.webp 768w, https:\/\/www.campingcotedeslegendes.com\/wp-content\/uploads\/2024\/10\/plage-cote-des-legendes_07-1536x1152.webp 1536w, https:\/\/www.campingcotedeslegendes.com\/wp-content\/uploads\/2024\/10\/plage-cote-des-legendes_07-2048x1536.webp 2048w\" sizes=\"auto, (max-width: 2560px) 100vw, 2560px\">\n          \n                  <\/figure>\n      <\/a>\n\n                \n      <a class=\"ee-gallery-item ee-gallery-item--image ee-gallery-item--single swiper-slide\" href=\"https:\/\/www.campingcotedeslegendes.com\/wp-content\/uploads\/2024\/10\/plage-cote-des-legendes_08.webp\"  data-sub-html=\"\" data-category=\"1\"                  data-lg-size=\"2016-1512\"\n\n      >\n        <figure class=\"ee-gallery-item-figure\">\n                        <img loading=\"lazy\" decoding=\"async\" class=\"breakdance-image-object\" src=\"https:\/\/www.campingcotedeslegendes.com\/wp-content\/uploads\/2024\/10\/plage-cote-des-legendes_08-1024x768.webp\" width=\"1024\" height=\"768\" srcset=\"https:\/\/www.campingcotedeslegendes.com\/wp-content\/uploads\/2024\/10\/plage-cote-des-legendes_08.webp 2016w, https:\/\/www.campingcotedeslegendes.com\/wp-content\/uploads\/2024\/10\/plage-cote-des-legendes_08-300x225.webp 300w, https:\/\/www.campingcotedeslegendes.com\/wp-content\/uploads\/2024\/10\/plage-cote-des-legendes_08-1024x768.webp 1024w, https:\/\/www.campingcotedeslegendes.com\/wp-content\/uploads\/2024\/10\/plage-cote-des-legendes_08-768x576.webp 768w, https:\/\/www.campingcotedeslegendes.com\/wp-content\/uploads\/2024\/10\/plage-cote-des-legendes_08-1536x1152.webp 1536w\" sizes=\"auto, (max-width: 2016px) 100vw, 2016px\">\n          \n                  <\/figure>\n      <\/a>\n\n                \n      <a class=\"ee-gallery-item ee-gallery-item--image ee-gallery-item--single swiper-slide\" href=\"https:\/\/www.campingcotedeslegendes.com\/wp-content\/uploads\/2024\/12\/crtb-ae07918_PORIEL-Thibault-scaled.jpg\"  data-sub-html=\"\" data-category=\"1\"                  data-lg-size=\"2560-1707\"\n\n      >\n        <figure class=\"ee-gallery-item-figure\">\n                        <img loading=\"lazy\" decoding=\"async\" class=\"breakdance-image-object\" src=\"https:\/\/www.campingcotedeslegendes.com\/wp-content\/uploads\/2024\/12\/crtb-ae07918_PORIEL-Thibault-1024x683.jpg\" width=\"1024\" height=\"683\" srcset=\"https:\/\/www.campingcotedeslegendes.com\/wp-content\/uploads\/2024\/12\/crtb-ae07918_PORIEL-Thibault-scaled.jpg 2560w, https:\/\/www.campingcotedeslegendes.com\/wp-content\/uploads\/2024\/12\/crtb-ae07918_PORIEL-Thibault-300x200.jpg 300w, https:\/\/www.campingcotedeslegendes.com\/wp-content\/uploads\/2024\/12\/crtb-ae07918_PORIEL-Thibault-1024x683.jpg 1024w, https:\/\/www.campingcotedeslegendes.com\/wp-content\/uploads\/2024\/12\/crtb-ae07918_PORIEL-Thibault-768x512.jpg 768w, https:\/\/www.campingcotedeslegendes.com\/wp-content\/uploads\/2024\/12\/crtb-ae07918_PORIEL-Thibault-1536x1024.jpg 1536w, https:\/\/www.campingcotedeslegendes.com\/wp-content\/uploads\/2024\/12\/crtb-ae07918_PORIEL-Thibault-2048x1365.jpg 2048w, https:\/\/www.campingcotedeslegendes.com\/wp-content\/uploads\/2024\/12\/crtb-ae07918_PORIEL-Thibault-18x12.jpg 18w\" sizes=\"auto, (max-width: 2560px) 100vw, 2560px\">\n          \n                  <\/figure>\n      <\/a>\n\n                \n      <a class=\"ee-gallery-item ee-gallery-item--image ee-gallery-item--single swiper-slide\" href=\"https:\/\/www.campingcotedeslegendes.com\/wp-content\/uploads\/2024\/12\/crtb-ad3164_BERTHIER-Emmanuel-scaled.jpg\"  data-sub-html=\"\" data-category=\"1\"                  data-lg-size=\"2560-1709\"\n\n      >\n        <figure class=\"ee-gallery-item-figure\">\n                        <img loading=\"lazy\" decoding=\"async\" class=\"breakdance-image-object\" src=\"https:\/\/www.campingcotedeslegendes.com\/wp-content\/uploads\/2024\/12\/crtb-ad3164_BERTHIER-Emmanuel-1024x684.jpg\" width=\"1024\" height=\"684\" srcset=\"https:\/\/www.campingcotedeslegendes.com\/wp-content\/uploads\/2024\/12\/crtb-ad3164_BERTHIER-Emmanuel-scaled.jpg 2560w, https:\/\/www.campingcotedeslegendes.com\/wp-content\/uploads\/2024\/12\/crtb-ad3164_BERTHIER-Emmanuel-300x200.jpg 300w, https:\/\/www.campingcotedeslegendes.com\/wp-content\/uploads\/2024\/12\/crtb-ad3164_BERTHIER-Emmanuel-1024x684.jpg 1024w, https:\/\/www.campingcotedeslegendes.com\/wp-content\/uploads\/2024\/12\/crtb-ad3164_BERTHIER-Emmanuel-768x513.jpg 768w, https:\/\/www.campingcotedeslegendes.com\/wp-content\/uploads\/2024\/12\/crtb-ad3164_BERTHIER-Emmanuel-1536x1025.jpg 1536w, https:\/\/www.campingcotedeslegendes.com\/wp-content\/uploads\/2024\/12\/crtb-ad3164_BERTHIER-Emmanuel-2048x1367.jpg 2048w, https:\/\/www.campingcotedeslegendes.com\/wp-content\/uploads\/2024\/12\/crtb-ad3164_BERTHIER-Emmanuel-18x12.jpg 18w\" sizes=\"auto, (max-width: 2560px) 100vw, 2560px\">\n          \n                      <figcaption class=\"ee-gallery-item-caption\">\n              Frankrijk, Finist\u00e8re (29), Kerlouan, de stranden bij Meneham\n            <\/figcaption>\n                  <\/figure>\n      <\/a>\n\n                \n      <a class=\"ee-gallery-item ee-gallery-item--image ee-gallery-item--single swiper-slide\" href=\"https:\/\/www.campingcotedeslegendes.com\/wp-content\/uploads\/2024\/12\/crtb-ae07927_PORIEL-Thibault-scaled.jpg\"  data-sub-html=\"\" data-category=\"1\"                  data-lg-size=\"2048-2560\"\n\n      >\n        <figure class=\"ee-gallery-item-figure\">\n                        <img loading=\"lazy\" decoding=\"async\" class=\"breakdance-image-object\" src=\"https:\/\/www.campingcotedeslegendes.com\/wp-content\/uploads\/2024\/12\/crtb-ae07927_PORIEL-Thibault-819x1024.jpg\" width=\"819\" height=\"1024\" srcset=\"https:\/\/www.campingcotedeslegendes.com\/wp-content\/uploads\/2024\/12\/crtb-ae07927_PORIEL-Thibault-scaled.jpg 2048w, https:\/\/www.campingcotedeslegendes.com\/wp-content\/uploads\/2024\/12\/crtb-ae07927_PORIEL-Thibault-240x300.jpg 240w, https:\/\/www.campingcotedeslegendes.com\/wp-content\/uploads\/2024\/12\/crtb-ae07927_PORIEL-Thibault-819x1024.jpg 819w, https:\/\/www.campingcotedeslegendes.com\/wp-content\/uploads\/2024\/12\/crtb-ae07927_PORIEL-Thibault-768x960.jpg 768w, https:\/\/www.campingcotedeslegendes.com\/wp-content\/uploads\/2024\/12\/crtb-ae07927_PORIEL-Thibault-1229x1536.jpg 1229w, https:\/\/www.campingcotedeslegendes.com\/wp-content\/uploads\/2024\/12\/crtb-ae07927_PORIEL-Thibault-1639x2048.jpg 1639w, https:\/\/www.campingcotedeslegendes.com\/wp-content\/uploads\/2024\/12\/crtb-ae07927_PORIEL-Thibault-10x12.jpg 10w\" sizes=\"auto, (max-width: 2048px) 100vw, 2048px\">\n          \n                  <\/figure>\n      <\/a>\n\n                \n      <a class=\"ee-gallery-item ee-gallery-item--image ee-gallery-item--single swiper-slide\" href=\"https:\/\/www.campingcotedeslegendes.com\/wp-content\/uploads\/2024\/12\/crtb-ae07948_PORIEL-Thibault-scaled.jpg\"  data-sub-html=\"\" data-category=\"1\"                  data-lg-size=\"2048-2560\"\n\n      >\n        <figure class=\"ee-gallery-item-figure\">\n                        <img loading=\"lazy\" decoding=\"async\" class=\"breakdance-image-object\" src=\"https:\/\/www.campingcotedeslegendes.com\/wp-content\/uploads\/2024\/12\/crtb-ae07948_PORIEL-Thibault-819x1024.jpg\" width=\"819\" height=\"1024\" srcset=\"https:\/\/www.campingcotedeslegendes.com\/wp-content\/uploads\/2024\/12\/crtb-ae07948_PORIEL-Thibault-scaled.jpg 2048w, https:\/\/www.campingcotedeslegendes.com\/wp-content\/uploads\/2024\/12\/crtb-ae07948_PORIEL-Thibault-240x300.jpg 240w, https:\/\/www.campingcotedeslegendes.com\/wp-content\/uploads\/2024\/12\/crtb-ae07948_PORIEL-Thibault-819x1024.jpg 819w, https:\/\/www.campingcotedeslegendes.com\/wp-content\/uploads\/2024\/12\/crtb-ae07948_PORIEL-Thibault-768x960.jpg 768w, https:\/\/www.campingcotedeslegendes.com\/wp-content\/uploads\/2024\/12\/crtb-ae07948_PORIEL-Thibault-1229x1536.jpg 1229w, https:\/\/www.campingcotedeslegendes.com\/wp-content\/uploads\/2024\/12\/crtb-ae07948_PORIEL-Thibault-1638x2048.jpg 1638w, https:\/\/www.campingcotedeslegendes.com\/wp-content\/uploads\/2024\/12\/crtb-ae07948_PORIEL-Thibault-10x12.jpg 10w\" sizes=\"auto, (max-width: 2048px) 100vw, 2048px\">\n          \n                  <\/figure>\n      <\/a>\n\n                \n      <a class=\"ee-gallery-item ee-gallery-item--image ee-gallery-item--single swiper-slide\" href=\"https:\/\/www.campingcotedeslegendes.com\/wp-content\/uploads\/2024\/12\/crtb-ad3164_BERTHIER-Emmanuel-scaled.jpg\"  data-sub-html=\"\" data-category=\"1\"                  data-lg-size=\"2560-1709\"\n\n      >\n        <figure class=\"ee-gallery-item-figure\">\n                        <img loading=\"lazy\" decoding=\"async\" class=\"breakdance-image-object\" src=\"https:\/\/www.campingcotedeslegendes.com\/wp-content\/uploads\/2024\/12\/crtb-ad3164_BERTHIER-Emmanuel-1024x684.jpg\" width=\"1024\" height=\"684\" srcset=\"https:\/\/www.campingcotedeslegendes.com\/wp-content\/uploads\/2024\/12\/crtb-ad3164_BERTHIER-Emmanuel-scaled.jpg 2560w, https:\/\/www.campingcotedeslegendes.com\/wp-content\/uploads\/2024\/12\/crtb-ad3164_BERTHIER-Emmanuel-300x200.jpg 300w, https:\/\/www.campingcotedeslegendes.com\/wp-content\/uploads\/2024\/12\/crtb-ad3164_BERTHIER-Emmanuel-1024x684.jpg 1024w, https:\/\/www.campingcotedeslegendes.com\/wp-content\/uploads\/2024\/12\/crtb-ad3164_BERTHIER-Emmanuel-768x513.jpg 768w, https:\/\/www.campingcotedeslegendes.com\/wp-content\/uploads\/2024\/12\/crtb-ad3164_BERTHIER-Emmanuel-1536x1025.jpg 1536w, https:\/\/www.campingcotedeslegendes.com\/wp-content\/uploads\/2024\/12\/crtb-ad3164_BERTHIER-Emmanuel-2048x1367.jpg 2048w, https:\/\/www.campingcotedeslegendes.com\/wp-content\/uploads\/2024\/12\/crtb-ad3164_BERTHIER-Emmanuel-18x12.jpg 18w\" sizes=\"auto, (max-width: 2560px) 100vw, 2560px\">\n          \n                      <figcaption class=\"ee-gallery-item-caption\">\n              Frankrijk, Finist\u00e8re (29), Kerlouan, de stranden bij Meneham\n            <\/figcaption>\n                  <\/figure>\n      <\/a>\n\n                \n      <a class=\"ee-gallery-item ee-gallery-item--image ee-gallery-item--single swiper-slide\" href=\"https:\/\/www.campingcotedeslegendes.com\/wp-content\/uploads\/2024\/12\/DJI_0747-scaled.jpg\"  data-sub-html=\"\" data-category=\"1\"                  data-lg-size=\"2560-1440\"\n\n      >\n        <figure class=\"ee-gallery-item-figure\">\n                        <img loading=\"lazy\" decoding=\"async\" class=\"breakdance-image-object\" src=\"https:\/\/www.campingcotedeslegendes.com\/wp-content\/uploads\/2024\/12\/DJI_0747-1024x576.jpg\" width=\"1024\" height=\"576\" srcset=\"https:\/\/www.campingcotedeslegendes.com\/wp-content\/uploads\/2024\/12\/DJI_0747-scaled.jpg 2560w, https:\/\/www.campingcotedeslegendes.com\/wp-content\/uploads\/2024\/12\/DJI_0747-300x169.jpg 300w, https:\/\/www.campingcotedeslegendes.com\/wp-content\/uploads\/2024\/12\/DJI_0747-1024x576.jpg 1024w, https:\/\/www.campingcotedeslegendes.com\/wp-content\/uploads\/2024\/12\/DJI_0747-768x432.jpg 768w, https:\/\/www.campingcotedeslegendes.com\/wp-content\/uploads\/2024\/12\/DJI_0747-1536x864.jpg 1536w, https:\/\/www.campingcotedeslegendes.com\/wp-content\/uploads\/2024\/12\/DJI_0747-2048x1152.jpg 2048w, https:\/\/www.campingcotedeslegendes.com\/wp-content\/uploads\/2024\/12\/DJI_0747-18x10.jpg 18w\" sizes=\"auto, (max-width: 2560px) 100vw, 2560px\">\n          \n                      <figcaption class=\"ee-gallery-item-caption\">\n              standaard\n            <\/figcaption>\n                  <\/figure>\n      <\/a>\n\n                \n      <a class=\"ee-gallery-item ee-gallery-item--image ee-gallery-item--single swiper-slide\" href=\"https:\/\/www.campingcotedeslegendes.com\/wp-content\/uploads\/2024\/12\/Meneham601-16\u00a9OTCDL-E.-Berthier.jpg\"  data-sub-html=\"\" data-category=\"1\"                  data-lg-size=\"1920-1282\"\n\n      >\n        <figure class=\"ee-gallery-item-figure\">\n                        <img loading=\"lazy\" decoding=\"async\" class=\"breakdance-image-object\" src=\"https:\/\/www.campingcotedeslegendes.com\/wp-content\/uploads\/2024\/12\/Meneham601-16\u00a9OTCDL-E.-Berthier-1024x684.jpg\" width=\"1024\" height=\"684\" srcset=\"\" sizes=\"auto, (max-width: 1920px) 100vw, 1920px\" data-srcset=\"\">\n          \n                      <figcaption class=\"ee-gallery-item-caption\">\n              Frankrijk, Finist\u00e8re (29), Kerlouan, het strand bij het gehucht Meneham\n            <\/figcaption>\n                  <\/figure>\n      <\/a>\n\n                \n      <a class=\"ee-gallery-item ee-gallery-item--image ee-gallery-item--single swiper-slide\" href=\"https:\/\/www.campingcotedeslegendes.com\/wp-content\/uploads\/2024\/12\/Meneham616-16\u00a9OTCDL-E.-Berthier.jpg\"  data-sub-html=\"\" data-category=\"1\"                  data-lg-size=\"1920-1282\"\n\n      >\n        <figure class=\"ee-gallery-item-figure\">\n                        <img loading=\"lazy\" decoding=\"async\" class=\"breakdance-image-object\" src=\"https:\/\/www.campingcotedeslegendes.com\/wp-content\/uploads\/2024\/12\/Meneham616-16\u00a9OTCDL-E.-Berthier-1024x684.jpg\" width=\"1024\" height=\"684\" srcset=\"\" sizes=\"auto, (max-width: 1920px) 100vw, 1920px\" data-srcset=\"\">\n          \n                      <figcaption class=\"ee-gallery-item-caption\">\n              Frankrijk, Finist\u00e8re (29), Kerlouan, het strand bij het gehucht Meneham\n            <\/figcaption>\n                  <\/figure>\n      <\/a>\n\n                \n      <a class=\"ee-gallery-item ee-gallery-item--image ee-gallery-item--single swiper-slide\" href=\"https:\/\/www.campingcotedeslegendes.com\/wp-content\/uploads\/2024\/12\/DJI_0088-scaled.jpg\"  data-sub-html=\"\" data-category=\"1\"                  data-lg-size=\"2560-1440\"\n\n      >\n        <figure class=\"ee-gallery-item-figure\">\n                        <img loading=\"lazy\" decoding=\"async\" class=\"breakdance-image-object\" src=\"https:\/\/www.campingcotedeslegendes.com\/wp-content\/uploads\/2024\/12\/DJI_0088-1024x576.jpg\" width=\"1024\" height=\"576\" srcset=\"https:\/\/www.campingcotedeslegendes.com\/wp-content\/uploads\/2024\/12\/DJI_0088-scaled.jpg 2560w, https:\/\/www.campingcotedeslegendes.com\/wp-content\/uploads\/2024\/12\/DJI_0088-300x169.jpg 300w, https:\/\/www.campingcotedeslegendes.com\/wp-content\/uploads\/2024\/12\/DJI_0088-1024x576.jpg 1024w, https:\/\/www.campingcotedeslegendes.com\/wp-content\/uploads\/2024\/12\/DJI_0088-768x432.jpg 768w, https:\/\/www.campingcotedeslegendes.com\/wp-content\/uploads\/2024\/12\/DJI_0088-1536x864.jpg 1536w, https:\/\/www.campingcotedeslegendes.com\/wp-content\/uploads\/2024\/12\/DJI_0088-2048x1152.jpg 2048w, https:\/\/www.campingcotedeslegendes.com\/wp-content\/uploads\/2024\/12\/DJI_0088-18x10.jpg 18w\" sizes=\"auto, (max-width: 2560px) 100vw, 2560px\">\n          \n                      <figcaption class=\"ee-gallery-item-caption\">\n              standaard\n            <\/figcaption>\n                  <\/figure>\n      <\/a>\n\n        \n  <\/div>\n\n    <\/div>\n                <div class=\"swiper-button-prev\">\n            \n        <\/div>\n        <div class=\"swiper-button-next\">\n            \n        <\/div>\n    \n            <div class=\"swiper-pagination\"><\/div>\n    \n  <\/div>\n\n\n<\/div>\n<\/div><div class=\"bde-globalblock-1520-174 bde-globalblock\">\n<div class='breakdance'><section class=\"bde-section-779-100-779-1 bde-section bde-section-779-100\">\n  \n\t\n\n\n\n<div class=\"section-container\"><div class=\"bde-div-779-108-779-1 bde-div bde-div-779-108\">\n  \n\t\n\n\n\n<div class=\"bde-columns-779-101-779-1 bde-columns bde-columns-779-101\"><div class=\"bde-column-779-102-779-1 bde-column bde-column-779-102\">\n  \n\t\n\n\n\n<div class=\"bde-div-779-105-779-1 bde-div bde-div-779-105\">\n  \n\t\n\n\n\n<div class=\"bde-text-779-106-779-1 bde-text bde-text-779-106\">\nVRAGEN\n<\/div><div class=\"bde-text-779-107-779-1 bde-text bde-text-779-107\">\nof voor meer informatie\n<\/div>\n<\/div>\n<\/div><div class=\"bde-column-779-103-779-1 bde-column bde-column-779-103\">\n  \n\t\n\n\n\n<div class=\"bde-button-779-104-779-1 bde-button bde-button-779-104\">\n    \n                                    \n    \n    \n    \n    \n            \n                    \n            \n            \n\n    \n    \n    \n    \n    \n    <a class=\"breakdance-link button-atom button-atom--primary bde-button__button\" href=\"https:\/\/www.campingcotedeslegendes.com\/nl\/contact-toegang\/\" target=\"_self\" data-type=\"url\"  >\n\n    \n        <span class=\"button-atom__text\">Schrijf ons<\/span>\n\n        \n        \n                <\/a>\n\n    \n\n\n<\/div>\n<\/div><\/div>\n<\/div><\/div>\n<\/section><\/div>\n<\/div><\/div>\n<\/section><\/div>","protected":false},"excerpt":{"rendered":"<p>Les Pieds dans l&rsquo;eau ! Le camping a un acc\u00e8s direct \u00e0 la plage de sable fin et aux eaux cristallines, pour le plaisir des petits comme des grands. Tendez l\u2019oreille, le bruit des vagues vous invite au plongeon !L\u2019acc\u00e8s direct \u00e0 la plage vous promet des bains de mer toniques et des promenades iod\u00e9es.Le [&hellip;]<\/p>","protected":false},"author":1,"featured_media":1638,"parent":0,"menu_order":0,"comment_status":"closed","ping_status":"closed","template":"","meta":{"_acf_changed":false,"_breakdance_hide_in_design_set":false,"_breakdance_tags":"","footnotes":""},"class_list":["post-1520","page","type-page","status-publish","has-post-thumbnail","hentry"],"acf":[],"yoast_head":"<!-- This site is optimized with the Yoast SEO plugin v24.1 - https:\/\/yoast.com\/wordpress\/plugins\/seo\/ -->\n<title>Camping bord de mer Brignogan-Plages | Acc\u00e8s direct aux plages du Finist\u00e8re<\/title>\n<meta name=\"description\" content=\"Passez un fabuleux s\u00e9jour dans notre camping en bord de mer \u00e0 Brignogan-Plages dans le Finist\u00e8re ! Profitez d\u2019un acc\u00e8s direct aux plages !\" \/>\n<meta name=\"robots\" content=\"index, follow, max-snippet:-1, max-image-preview:large, max-video-preview:-1\" \/>\n<link rel=\"canonical\" href=\"https:\/\/www.campingcotedeslegendes.com\/nl\/strand\/\" \/>\n<meta property=\"og:locale\" content=\"nl_NL\" \/>\n<meta property=\"og:type\" content=\"article\" \/>\n<meta property=\"og:title\" content=\"Camping bord de mer Brignogan-Plages | Acc\u00e8s direct aux plages du Finist\u00e8re\" \/>\n<meta property=\"og:description\" content=\"Passez un fabuleux s\u00e9jour dans notre camping en bord de mer \u00e0 Brignogan-Plages dans le Finist\u00e8re ! Profitez d\u2019un acc\u00e8s direct aux plages !\" \/>\n<meta property=\"og:url\" content=\"https:\/\/www.campingcotedeslegendes.com\/nl\/strand\/\" \/>\n<meta property=\"og:site_name\" content=\"cote-des-legendes\" \/>\n<meta property=\"article:publisher\" content=\"https:\/\/www.facebook.com\/CampingCotedesLegendes\" \/>\n<meta property=\"article:modified_time\" content=\"2024-12-12T13:57:50+00:00\" \/>\n<meta property=\"og:image\" content=\"https:\/\/www.campingcotedeslegendes.com\/wp-content\/uploads\/2024\/10\/camping_cote_de_legendes_chalet_1_chambre_drone-scaled.webp\" \/>\n\t<meta property=\"og:image:width\" content=\"2560\" \/>\n\t<meta property=\"og:image:height\" content=\"1440\" \/>\n\t<meta property=\"og:image:type\" content=\"image\/webp\" \/>\n<meta name=\"twitter:card\" content=\"summary_large_image\" \/>\n<meta name=\"twitter:label1\" content=\"Geschatte leestijd\" \/>\n\t<meta name=\"twitter:data1\" content=\"4 minuten\" \/>\n<script type=\"application\/ld+json\" class=\"yoast-schema-graph\">{\"@context\":\"https:\/\/schema.org\",\"@graph\":[{\"@type\":\"WebPage\",\"@id\":\"https:\/\/www.campingcotedeslegendes.com\/nl\/strand\/\",\"url\":\"https:\/\/www.campingcotedeslegendes.com\/nl\/strand\/\",\"name\":\"Camping bord de mer Brignogan-Plages | Acc\u00e8s direct aux plages du Finist\u00e8re\",\"isPartOf\":{\"@id\":\"https:\/\/www.campingcotedeslegendes.com\/nl\/#website\"},\"primaryImageOfPage\":{\"@id\":\"https:\/\/www.campingcotedeslegendes.com\/nl\/strand\/#primaryimage\"},\"image\":{\"@id\":\"https:\/\/www.campingcotedeslegendes.com\/nl\/strand\/#primaryimage\"},\"thumbnailUrl\":\"https:\/\/www.campingcotedeslegendes.com\/wp-content\/uploads\/2024\/10\/camping_cote_de_legendes_chalet_1_chambre_drone-scaled.webp\",\"datePublished\":\"2024-10-16T10:09:41+00:00\",\"dateModified\":\"2024-12-12T13:57:50+00:00\",\"description\":\"Passez un fabuleux s\u00e9jour dans notre camping en bord de mer \u00e0 Brignogan-Plages dans le Finist\u00e8re ! Profitez d\u2019un acc\u00e8s direct aux plages !\",\"breadcrumb\":{\"@id\":\"https:\/\/www.campingcotedeslegendes.com\/nl\/strand\/#breadcrumb\"},\"inLanguage\":\"nl-NL\",\"potentialAction\":[{\"@type\":\"ReadAction\",\"target\":[\"https:\/\/www.campingcotedeslegendes.com\/nl\/strand\/\"]}]},{\"@type\":\"ImageObject\",\"inLanguage\":\"nl-NL\",\"@id\":\"https:\/\/www.campingcotedeslegendes.com\/nl\/strand\/#primaryimage\",\"url\":\"https:\/\/www.campingcotedeslegendes.com\/wp-content\/uploads\/2024\/10\/camping_cote_de_legendes_chalet_1_chambre_drone-scaled.webp\",\"contentUrl\":\"https:\/\/www.campingcotedeslegendes.com\/wp-content\/uploads\/2024\/10\/camping_cote_de_legendes_chalet_1_chambre_drone-scaled.webp\",\"width\":2560,\"height\":1440},{\"@type\":\"BreadcrumbList\",\"@id\":\"https:\/\/www.campingcotedeslegendes.com\/nl\/strand\/#breadcrumb\",\"itemListElement\":[{\"@type\":\"ListItem\",\"position\":1,\"name\":\"Camping \u00e0 Brignogan-Plages\",\"item\":\"https:\/\/www.campingcotedeslegendes.com\/\"},{\"@type\":\"ListItem\",\"position\":2,\"name\":\"Acc\u00e8s direct aux plages du Finist\u00e8re nord\"}]},{\"@type\":\"WebSite\",\"@id\":\"https:\/\/www.campingcotedeslegendes.com\/nl\/#website\",\"url\":\"https:\/\/www.campingcotedeslegendes.com\/nl\/\",\"name\":\"Camping de la C\u00f4te des L\u00e9gendes\",\"description\":\"\",\"publisher\":{\"@id\":\"https:\/\/www.campingcotedeslegendes.com\/nl\/#organization\"},\"potentialAction\":[{\"@type\":\"SearchAction\",\"target\":{\"@type\":\"EntryPoint\",\"urlTemplate\":\"https:\/\/www.campingcotedeslegendes.com\/nl\/?s={search_term_string}\"},\"query-input\":{\"@type\":\"PropertyValueSpecification\",\"valueRequired\":true,\"valueName\":\"search_term_string\"}}],\"inLanguage\":\"nl-NL\"},{\"@type\":\"Organization\",\"@id\":\"https:\/\/www.campingcotedeslegendes.com\/nl\/#organization\",\"name\":\"Camping de la C\u00f4te des L\u00e9gendes\",\"url\":\"https:\/\/www.campingcotedeslegendes.com\/nl\/\",\"logo\":{\"@type\":\"ImageObject\",\"inLanguage\":\"nl-NL\",\"@id\":\"https:\/\/www.campingcotedeslegendes.com\/nl\/#\/schema\/logo\/image\/\",\"url\":\"https:\/\/www.campingcotedeslegendes.com\/wp-content\/uploads\/2024\/06\/logo-header.png\",\"contentUrl\":\"https:\/\/www.campingcotedeslegendes.com\/wp-content\/uploads\/2024\/06\/logo-header.png\",\"width\":209,\"height\":111,\"caption\":\"Camping de la C\u00f4te des L\u00e9gendes\"},\"image\":{\"@id\":\"https:\/\/www.campingcotedeslegendes.com\/nl\/#\/schema\/logo\/image\/\"},\"sameAs\":[\"https:\/\/www.facebook.com\/CampingCotedesLegendes\"]}]}<\/script>\n<!-- \/ Yoast SEO plugin. -->","yoast_head_json":{"title":"Camping bord de mer Brignogan-Plages | Acc\u00e8s direct aux plages du Finist\u00e8re","description":"Passez un fabuleux s\u00e9jour dans notre camping en bord de mer \u00e0 Brignogan-Plages dans le Finist\u00e8re ! Profitez d\u2019un acc\u00e8s direct aux plages !","robots":{"index":"index","follow":"follow","max-snippet":"max-snippet:-1","max-image-preview":"max-image-preview:large","max-video-preview":"max-video-preview:-1"},"canonical":"https:\/\/www.campingcotedeslegendes.com\/nl\/strand\/","og_locale":"nl_NL","og_type":"article","og_title":"Camping bord de mer Brignogan-Plages | Acc\u00e8s direct aux plages du Finist\u00e8re","og_description":"Passez un fabuleux s\u00e9jour dans notre camping en bord de mer \u00e0 Brignogan-Plages dans le Finist\u00e8re ! Profitez d\u2019un acc\u00e8s direct aux plages !","og_url":"https:\/\/www.campingcotedeslegendes.com\/nl\/strand\/","og_site_name":"cote-des-legendes","article_publisher":"https:\/\/www.facebook.com\/CampingCotedesLegendes","article_modified_time":"2024-12-12T13:57:50+00:00","og_image":[{"width":2560,"height":1440,"url":"https:\/\/www.campingcotedeslegendes.com\/wp-content\/uploads\/2024\/10\/camping_cote_de_legendes_chalet_1_chambre_drone-scaled.webp","type":"image\/webp"}],"twitter_card":"summary_large_image","twitter_misc":{"Geschatte leestijd":"4 minuten"},"schema":{"@context":"https:\/\/schema.org","@graph":[{"@type":"WebPage","@id":"https:\/\/www.campingcotedeslegendes.com\/nl\/strand\/","url":"https:\/\/www.campingcotedeslegendes.com\/nl\/strand\/","name":"Camping bord de mer Brignogan-Plages | Acc\u00e8s direct aux plages du Finist\u00e8re","isPartOf":{"@id":"https:\/\/www.campingcotedeslegendes.com\/nl\/#website"},"primaryImageOfPage":{"@id":"https:\/\/www.campingcotedeslegendes.com\/nl\/strand\/#primaryimage"},"image":{"@id":"https:\/\/www.campingcotedeslegendes.com\/nl\/strand\/#primaryimage"},"thumbnailUrl":"https:\/\/www.campingcotedeslegendes.com\/wp-content\/uploads\/2024\/10\/camping_cote_de_legendes_chalet_1_chambre_drone-scaled.webp","datePublished":"2024-10-16T10:09:41+00:00","dateModified":"2024-12-12T13:57:50+00:00","description":"Passez un fabuleux s\u00e9jour dans notre camping en bord de mer \u00e0 Brignogan-Plages dans le Finist\u00e8re ! Profitez d\u2019un acc\u00e8s direct aux plages !","breadcrumb":{"@id":"https:\/\/www.campingcotedeslegendes.com\/nl\/strand\/#breadcrumb"},"inLanguage":"nl-NL","potentialAction":[{"@type":"ReadAction","target":["https:\/\/www.campingcotedeslegendes.com\/nl\/strand\/"]}]},{"@type":"ImageObject","inLanguage":"nl-NL","@id":"https:\/\/www.campingcotedeslegendes.com\/nl\/strand\/#primaryimage","url":"https:\/\/www.campingcotedeslegendes.com\/wp-content\/uploads\/2024\/10\/camping_cote_de_legendes_chalet_1_chambre_drone-scaled.webp","contentUrl":"https:\/\/www.campingcotedeslegendes.com\/wp-content\/uploads\/2024\/10\/camping_cote_de_legendes_chalet_1_chambre_drone-scaled.webp","width":2560,"height":1440},{"@type":"BreadcrumbList","@id":"https:\/\/www.campingcotedeslegendes.com\/nl\/strand\/#breadcrumb","itemListElement":[{"@type":"ListItem","position":1,"name":"Camping \u00e0 Brignogan-Plages","item":"https:\/\/www.campingcotedeslegendes.com\/"},{"@type":"ListItem","position":2,"name":"Acc\u00e8s direct aux plages du Finist\u00e8re nord"}]},{"@type":"WebSite","@id":"https:\/\/www.campingcotedeslegendes.com\/nl\/#website","url":"https:\/\/www.campingcotedeslegendes.com\/nl\/","name":"Camping de la C\u00f4te des L\u00e9gendes","description":"","publisher":{"@id":"https:\/\/www.campingcotedeslegendes.com\/nl\/#organization"},"potentialAction":[{"@type":"SearchAction","target":{"@type":"EntryPoint","urlTemplate":"https:\/\/www.campingcotedeslegendes.com\/nl\/?s={search_term_string}"},"query-input":{"@type":"PropertyValueSpecification","valueRequired":true,"valueName":"search_term_string"}}],"inLanguage":"nl-NL"},{"@type":"Organization","@id":"https:\/\/www.campingcotedeslegendes.com\/nl\/#organization","name":"Camping de la C\u00f4te des L\u00e9gendes","url":"https:\/\/www.campingcotedeslegendes.com\/nl\/","logo":{"@type":"ImageObject","inLanguage":"nl-NL","@id":"https:\/\/www.campingcotedeslegendes.com\/nl\/#\/schema\/logo\/image\/","url":"https:\/\/www.campingcotedeslegendes.com\/wp-content\/uploads\/2024\/06\/logo-header.png","contentUrl":"https:\/\/www.campingcotedeslegendes.com\/wp-content\/uploads\/2024\/06\/logo-header.png","width":209,"height":111,"caption":"Camping de la C\u00f4te des L\u00e9gendes"},"image":{"@id":"https:\/\/www.campingcotedeslegendes.com\/nl\/#\/schema\/logo\/image\/"},"sameAs":["https:\/\/www.facebook.com\/CampingCotedesLegendes"]}]}},"_links":{"self":[{"href":"https:\/\/www.campingcotedeslegendes.com\/nl\/wp-json\/wp\/v2\/pages\/1520","targetHints":{"allow":["GET"]}}],"collection":[{"href":"https:\/\/www.campingcotedeslegendes.com\/nl\/wp-json\/wp\/v2\/pages"}],"about":[{"href":"https:\/\/www.campingcotedeslegendes.com\/nl\/wp-json\/wp\/v2\/types\/page"}],"author":[{"embeddable":true,"href":"https:\/\/www.campingcotedeslegendes.com\/nl\/wp-json\/wp\/v2\/users\/1"}],"replies":[{"embeddable":true,"href":"https:\/\/www.campingcotedeslegendes.com\/nl\/wp-json\/wp\/v2\/comments?post=1520"}],"version-history":[{"count":17,"href":"https:\/\/www.campingcotedeslegendes.com\/nl\/wp-json\/wp\/v2\/pages\/1520\/revisions"}],"predecessor-version":[{"id":3052,"href":"https:\/\/www.campingcotedeslegendes.com\/nl\/wp-json\/wp\/v2\/pages\/1520\/revisions\/3052"}],"wp:featuredmedia":[{"embeddable":true,"href":"https:\/\/www.campingcotedeslegendes.com\/nl\/wp-json\/wp\/v2\/media\/1638"}],"wp:attachment":[{"href":"https:\/\/www.campingcotedeslegendes.com\/nl\/wp-json\/wp\/v2\/media?parent=1520"}],"curies":[{"name":"wp","href":"https:\/\/api.w.org\/{rel}","templated":true}]}}