{"id":1515,"date":"2024-10-16T12:07:08","date_gmt":"2024-10-16T10:07:08","guid":{"rendered":"https:\/\/cdl.dev-shd.fr\/?page_id=1515"},"modified":"2024-12-12T13:28:22","modified_gmt":"2024-12-12T11:28:22","slug":"galerie-photos","status":"publish","type":"page","link":"https:\/\/www.campingcotedeslegendes.com\/en\/photo-gallery\/","title":{"rendered":"Photo gallery"},"content":{"rendered":"<div class='breakdance'><section class=\"bde-section-1515-100 bde-section\">\n  \n\t\n\n\n\n<div class=\"section-container\"><\/div>\n<\/section><section class=\"bde-section-1515-103 bde-section\">\n  \n\t\n\n\n\n<div class=\"section-container\"><div class=\"bde-div-1515-108 bde-div\">\n  \n\t\n\n\n\n<h1 class=\"bde-heading-1515-109 bde-heading\">\nPhoto Gallery of Camping C\u00f4te des L\u00e9gendes\n<\/h1><div class=\"bde-rich-text-1515-706 bde-rich-text breakdance-rich-text-styles\">\n<p>Discover the C\u00f4te des L\u00e9gendes campsite through our selection of photos. <br \/><br \/>They will give you an idea of the natural beauty of our site, our comfortable and unusual accommodation and the activities we offer. <br \/><br \/>Whether you're looking for a quiet getaway or an adventurous break, our campsite is the perfect place to enjoy your holiday.<\/p>\n<\/div><div class=\"bde-gallery-1515-714 bde-gallery\">\n\n\n\n\n\n\n\n\n\n\n\n\n\n<div class=\"ee-gallery ee-gallery--isotope ee-gallery--masonry ee-gallery--single ee-gallery--lightbox ee-gallery-- ee-gallery--caption- ee-gallery--caption-none ee-gallery--ratio\">\n                  \n      <a class=\"ee-gallery-item ee-gallery-item--image ee-gallery-item--single\" href=\"https:\/\/www.campingcotedeslegendes.com\/wp-content\/uploads\/2024\/10\/JARDIN-EXOTIQUE-2-scaled.jpg\"  data-sub-html=\"\" data-category=\"1\"                  data-lg-size=\"2560-1707\"\n\n      >\n        <figure class=\"ee-gallery-item-figure\">\n                        <img loading=\"lazy\" decoding=\"async\" class=\"breakdance-image-object\" src=\"https:\/\/www.campingcotedeslegendes.com\/wp-content\/uploads\/2024\/10\/JARDIN-EXOTIQUE-2-1024x683.jpg\" width=\"1024\" height=\"683\" srcset=\"https:\/\/www.campingcotedeslegendes.com\/wp-content\/uploads\/2024\/10\/JARDIN-EXOTIQUE-2-scaled.jpg 2560w, https:\/\/www.campingcotedeslegendes.com\/wp-content\/uploads\/2024\/10\/JARDIN-EXOTIQUE-2-300x200.jpg 300w, https:\/\/www.campingcotedeslegendes.com\/wp-content\/uploads\/2024\/10\/JARDIN-EXOTIQUE-2-1024x683.jpg 1024w, https:\/\/www.campingcotedeslegendes.com\/wp-content\/uploads\/2024\/10\/JARDIN-EXOTIQUE-2-768x512.jpg 768w, https:\/\/www.campingcotedeslegendes.com\/wp-content\/uploads\/2024\/10\/JARDIN-EXOTIQUE-2-1536x1024.jpg 1536w, https:\/\/www.campingcotedeslegendes.com\/wp-content\/uploads\/2024\/10\/JARDIN-EXOTIQUE-2-2048x1365.jpg 2048w, https:\/\/www.campingcotedeslegendes.com\/wp-content\/uploads\/2024\/10\/JARDIN-EXOTIQUE-2-18x12.jpg 18w\" sizes=\"auto, (max-width: 2560px) 100vw, 2560px\">\n          \n                      <figcaption class=\"ee-gallery-item-caption\">\n              default\n            <\/figcaption>\n                  <\/figure>\n      <\/a>\n\n                \n      <a class=\"ee-gallery-item ee-gallery-item--image ee-gallery-item--single\" href=\"https:\/\/www.campingcotedeslegendes.com\/wp-content\/uploads\/2024\/12\/DJI_0206-scaled.jpg\"  data-sub-html=\"\" data-category=\"1\"                  data-lg-size=\"2560-1707\"\n\n      >\n        <figure class=\"ee-gallery-item-figure\">\n                        <img loading=\"lazy\" decoding=\"async\" class=\"breakdance-image-object\" src=\"https:\/\/www.campingcotedeslegendes.com\/wp-content\/uploads\/2024\/12\/DJI_0206-1024x683.jpg\" width=\"1024\" height=\"683\" srcset=\"https:\/\/www.campingcotedeslegendes.com\/wp-content\/uploads\/2024\/12\/DJI_0206-scaled.jpg 2560w, https:\/\/www.campingcotedeslegendes.com\/wp-content\/uploads\/2024\/12\/DJI_0206-300x200.jpg 300w, https:\/\/www.campingcotedeslegendes.com\/wp-content\/uploads\/2024\/12\/DJI_0206-1024x683.jpg 1024w, https:\/\/www.campingcotedeslegendes.com\/wp-content\/uploads\/2024\/12\/DJI_0206-768x512.jpg 768w, https:\/\/www.campingcotedeslegendes.com\/wp-content\/uploads\/2024\/12\/DJI_0206-1536x1024.jpg 1536w, https:\/\/www.campingcotedeslegendes.com\/wp-content\/uploads\/2024\/12\/DJI_0206-2048x1365.jpg 2048w, https:\/\/www.campingcotedeslegendes.com\/wp-content\/uploads\/2024\/12\/DJI_0206-18x12.jpg 18w\" sizes=\"auto, (max-width: 2560px) 100vw, 2560px\">\n          \n                      <figcaption class=\"ee-gallery-item-caption\">\n              default\n            <\/figcaption>\n                  <\/figure>\n      <\/a>\n\n                \n      <a class=\"ee-gallery-item ee-gallery-item--image ee-gallery-item--single\" href=\"https:\/\/www.campingcotedeslegendes.com\/wp-content\/uploads\/2024\/10\/camping_cote_des_legendes_05-scaled.webp\"  data-sub-html=\"\" data-category=\"1\"                  data-lg-size=\"1707-2560\"\n\n      >\n        <figure class=\"ee-gallery-item-figure\">\n                        <img loading=\"lazy\" decoding=\"async\" class=\"breakdance-image-object\" src=\"https:\/\/www.campingcotedeslegendes.com\/wp-content\/uploads\/2024\/10\/camping_cote_des_legendes_05-683x1024.webp\" width=\"683\" height=\"1024\" srcset=\"https:\/\/www.campingcotedeslegendes.com\/wp-content\/uploads\/2024\/10\/camping_cote_des_legendes_05-scaled.webp 1707w, https:\/\/www.campingcotedeslegendes.com\/wp-content\/uploads\/2024\/10\/camping_cote_des_legendes_05-200x300.webp 200w, https:\/\/www.campingcotedeslegendes.com\/wp-content\/uploads\/2024\/10\/camping_cote_des_legendes_05-683x1024.webp 683w, https:\/\/www.campingcotedeslegendes.com\/wp-content\/uploads\/2024\/10\/camping_cote_des_legendes_05-768x1152.webp 768w, https:\/\/www.campingcotedeslegendes.com\/wp-content\/uploads\/2024\/10\/camping_cote_des_legendes_05-1024x1536.webp 1024w, https:\/\/www.campingcotedeslegendes.com\/wp-content\/uploads\/2024\/10\/camping_cote_des_legendes_05-1365x2048.webp 1365w\" sizes=\"auto, (max-width: 1707px) 100vw, 1707px\">\n          \n                  <\/figure>\n      <\/a>\n\n                \n      <a class=\"ee-gallery-item ee-gallery-item--image ee-gallery-item--single\" href=\"https:\/\/www.campingcotedeslegendes.com\/wp-content\/uploads\/2024\/12\/DJI_0747-scaled.jpg\"  data-sub-html=\"\" data-category=\"1\"                  data-lg-size=\"2560-1440\"\n\n      >\n        <figure class=\"ee-gallery-item-figure\">\n                        <img loading=\"lazy\" decoding=\"async\" class=\"breakdance-image-object\" src=\"https:\/\/www.campingcotedeslegendes.com\/wp-content\/uploads\/2024\/12\/DJI_0747-1024x576.jpg\" width=\"1024\" height=\"576\" srcset=\"https:\/\/www.campingcotedeslegendes.com\/wp-content\/uploads\/2024\/12\/DJI_0747-scaled.jpg 2560w, https:\/\/www.campingcotedeslegendes.com\/wp-content\/uploads\/2024\/12\/DJI_0747-300x169.jpg 300w, https:\/\/www.campingcotedeslegendes.com\/wp-content\/uploads\/2024\/12\/DJI_0747-1024x576.jpg 1024w, https:\/\/www.campingcotedeslegendes.com\/wp-content\/uploads\/2024\/12\/DJI_0747-768x432.jpg 768w, https:\/\/www.campingcotedeslegendes.com\/wp-content\/uploads\/2024\/12\/DJI_0747-1536x864.jpg 1536w, https:\/\/www.campingcotedeslegendes.com\/wp-content\/uploads\/2024\/12\/DJI_0747-2048x1152.jpg 2048w, https:\/\/www.campingcotedeslegendes.com\/wp-content\/uploads\/2024\/12\/DJI_0747-18x10.jpg 18w\" sizes=\"auto, (max-width: 2560px) 100vw, 2560px\">\n          \n                      <figcaption class=\"ee-gallery-item-caption\">\n              default\n            <\/figcaption>\n                  <\/figure>\n      <\/a>\n\n                \n      <a class=\"ee-gallery-item ee-gallery-item--image ee-gallery-item--single\" href=\"https:\/\/www.campingcotedeslegendes.com\/wp-content\/uploads\/2024\/12\/crtb-ad3164_BERTHIER-Emmanuel-scaled.jpg\"  data-sub-html=\"\" data-category=\"1\"                  data-lg-size=\"2560-1709\"\n\n      >\n        <figure class=\"ee-gallery-item-figure\">\n                        <img loading=\"lazy\" decoding=\"async\" class=\"breakdance-image-object\" src=\"https:\/\/www.campingcotedeslegendes.com\/wp-content\/uploads\/2024\/12\/crtb-ad3164_BERTHIER-Emmanuel-1024x684.jpg\" width=\"1024\" height=\"684\" srcset=\"https:\/\/www.campingcotedeslegendes.com\/wp-content\/uploads\/2024\/12\/crtb-ad3164_BERTHIER-Emmanuel-scaled.jpg 2560w, https:\/\/www.campingcotedeslegendes.com\/wp-content\/uploads\/2024\/12\/crtb-ad3164_BERTHIER-Emmanuel-300x200.jpg 300w, https:\/\/www.campingcotedeslegendes.com\/wp-content\/uploads\/2024\/12\/crtb-ad3164_BERTHIER-Emmanuel-1024x684.jpg 1024w, https:\/\/www.campingcotedeslegendes.com\/wp-content\/uploads\/2024\/12\/crtb-ad3164_BERTHIER-Emmanuel-768x513.jpg 768w, https:\/\/www.campingcotedeslegendes.com\/wp-content\/uploads\/2024\/12\/crtb-ad3164_BERTHIER-Emmanuel-1536x1025.jpg 1536w, https:\/\/www.campingcotedeslegendes.com\/wp-content\/uploads\/2024\/12\/crtb-ad3164_BERTHIER-Emmanuel-2048x1367.jpg 2048w, https:\/\/www.campingcotedeslegendes.com\/wp-content\/uploads\/2024\/12\/crtb-ad3164_BERTHIER-Emmanuel-18x12.jpg 18w\" sizes=\"auto, (max-width: 2560px) 100vw, 2560px\">\n          \n                      <figcaption class=\"ee-gallery-item-caption\">\n              France, Finist\u00e8re (29), Kerlouan, the beaches near Meneham\n            <\/figcaption>\n                  <\/figure>\n      <\/a>\n\n                \n      <a class=\"ee-gallery-item ee-gallery-item--image ee-gallery-item--single\" href=\"https:\/\/www.campingcotedeslegendes.com\/wp-content\/uploads\/2024\/12\/image.jpg\"  data-sub-html=\"\" data-category=\"1\"                  data-lg-size=\"955-560\"\n\n      >\n        <figure class=\"ee-gallery-item-figure\">\n                        <img loading=\"lazy\" decoding=\"async\" class=\"breakdance-image-object\" src=\"https:\/\/www.campingcotedeslegendes.com\/wp-content\/uploads\/2024\/12\/image.jpg\" width=\"955\" height=\"560\" srcset=\"https:\/\/www.campingcotedeslegendes.com\/wp-content\/uploads\/2024\/12\/image.jpg 955w, https:\/\/www.campingcotedeslegendes.com\/wp-content\/uploads\/2024\/12\/image-300x176.jpg 300w, https:\/\/www.campingcotedeslegendes.com\/wp-content\/uploads\/2024\/12\/image-768x450.jpg 768w, https:\/\/www.campingcotedeslegendes.com\/wp-content\/uploads\/2024\/12\/image-18x12.jpg 18w\" sizes=\"auto, (max-width: 955px) 100vw, 955px\">\n          \n                  <\/figure>\n      <\/a>\n\n                \n      <a class=\"ee-gallery-item ee-gallery-item--image ee-gallery-item--single\" href=\"https:\/\/www.campingcotedeslegendes.com\/wp-content\/uploads\/2024\/12\/crtb-ad3859_BERTHIER-Emmanuel-scaled.jpg\"  data-sub-html=\"Nos bonnes crepes\" data-category=\"1\"                  data-lg-size=\"2560-1709\"\n\n      >\n        <figure class=\"ee-gallery-item-figure\">\n                        <img loading=\"lazy\" decoding=\"async\" class=\"breakdance-image-object\" src=\"https:\/\/www.campingcotedeslegendes.com\/wp-content\/uploads\/2024\/12\/crtb-ad3859_BERTHIER-Emmanuel-1024x684.jpg\" width=\"1024\" height=\"684\" srcset=\"https:\/\/www.campingcotedeslegendes.com\/wp-content\/uploads\/2024\/12\/crtb-ad3859_BERTHIER-Emmanuel-scaled.jpg 2560w, https:\/\/www.campingcotedeslegendes.com\/wp-content\/uploads\/2024\/12\/crtb-ad3859_BERTHIER-Emmanuel-300x200.jpg 300w, https:\/\/www.campingcotedeslegendes.com\/wp-content\/uploads\/2024\/12\/crtb-ad3859_BERTHIER-Emmanuel-1024x684.jpg 1024w, https:\/\/www.campingcotedeslegendes.com\/wp-content\/uploads\/2024\/12\/crtb-ad3859_BERTHIER-Emmanuel-768x513.jpg 768w, https:\/\/www.campingcotedeslegendes.com\/wp-content\/uploads\/2024\/12\/crtb-ad3859_BERTHIER-Emmanuel-1536x1025.jpg 1536w, https:\/\/www.campingcotedeslegendes.com\/wp-content\/uploads\/2024\/12\/crtb-ad3859_BERTHIER-Emmanuel-2048x1367.jpg 2048w, https:\/\/www.campingcotedeslegendes.com\/wp-content\/uploads\/2024\/12\/crtb-ad3859_BERTHIER-Emmanuel-18x12.jpg 18w\" sizes=\"auto, (max-width: 2560px) 100vw, 2560px\">\n          \n                      <figcaption class=\"ee-gallery-item-caption\">\n              Nos bonnes crepes\n            <\/figcaption>\n                  <\/figure>\n      <\/a>\n\n                \n      <a class=\"ee-gallery-item ee-gallery-item--image ee-gallery-item--single\" href=\"https:\/\/www.campingcotedeslegendes.com\/wp-content\/uploads\/2024\/12\/crtb-ad4299_BERTHIER-Emmanuel-scaled.jpg\"  data-sub-html=\"\" data-category=\"1\"                  data-lg-size=\"2560-1709\"\n\n      >\n        <figure class=\"ee-gallery-item-figure\">\n                        <img loading=\"lazy\" decoding=\"async\" class=\"breakdance-image-object\" src=\"https:\/\/www.campingcotedeslegendes.com\/wp-content\/uploads\/2024\/12\/crtb-ad4299_BERTHIER-Emmanuel-1024x684.jpg\" width=\"1024\" height=\"684\" srcset=\"https:\/\/www.campingcotedeslegendes.com\/wp-content\/uploads\/2024\/12\/crtb-ad4299_BERTHIER-Emmanuel-scaled.jpg 2560w, https:\/\/www.campingcotedeslegendes.com\/wp-content\/uploads\/2024\/12\/crtb-ad4299_BERTHIER-Emmanuel-300x200.jpg 300w, https:\/\/www.campingcotedeslegendes.com\/wp-content\/uploads\/2024\/12\/crtb-ad4299_BERTHIER-Emmanuel-1024x684.jpg 1024w, https:\/\/www.campingcotedeslegendes.com\/wp-content\/uploads\/2024\/12\/crtb-ad4299_BERTHIER-Emmanuel-768x513.jpg 768w, https:\/\/www.campingcotedeslegendes.com\/wp-content\/uploads\/2024\/12\/crtb-ad4299_BERTHIER-Emmanuel-1536x1025.jpg 1536w, https:\/\/www.campingcotedeslegendes.com\/wp-content\/uploads\/2024\/12\/crtb-ad4299_BERTHIER-Emmanuel-2048x1367.jpg 2048w, https:\/\/www.campingcotedeslegendes.com\/wp-content\/uploads\/2024\/12\/crtb-ad4299_BERTHIER-Emmanuel-18x12.jpg 18w\" sizes=\"auto, (max-width: 2560px) 100vw, 2560px\">\n          \n                  <\/figure>\n      <\/a>\n\n                \n      <a class=\"ee-gallery-item ee-gallery-item--image ee-gallery-item--single\" href=\"https:\/\/www.campingcotedeslegendes.com\/wp-content\/uploads\/2024\/12\/acces-plage-scaled.jpg\"  data-sub-html=\"\" data-category=\"1\"                  data-lg-size=\"2560-1707\"\n\n      >\n        <figure class=\"ee-gallery-item-figure\">\n                        <img loading=\"lazy\" decoding=\"async\" class=\"breakdance-image-object\" src=\"https:\/\/www.campingcotedeslegendes.com\/wp-content\/uploads\/2024\/12\/acces-plage-1024x683.jpg\" width=\"1024\" height=\"683\" srcset=\"https:\/\/www.campingcotedeslegendes.com\/wp-content\/uploads\/2024\/12\/acces-plage-scaled.jpg 2560w, https:\/\/www.campingcotedeslegendes.com\/wp-content\/uploads\/2024\/12\/acces-plage-300x200.jpg 300w, https:\/\/www.campingcotedeslegendes.com\/wp-content\/uploads\/2024\/12\/acces-plage-1024x683.jpg 1024w, https:\/\/www.campingcotedeslegendes.com\/wp-content\/uploads\/2024\/12\/acces-plage-768x512.jpg 768w, https:\/\/www.campingcotedeslegendes.com\/wp-content\/uploads\/2024\/12\/acces-plage-1536x1024.jpg 1536w, https:\/\/www.campingcotedeslegendes.com\/wp-content\/uploads\/2024\/12\/acces-plage-2048x1365.jpg 2048w, https:\/\/www.campingcotedeslegendes.com\/wp-content\/uploads\/2024\/12\/acces-plage-18x12.jpg 18w\" sizes=\"auto, (max-width: 2560px) 100vw, 2560px\">\n          \n                  <\/figure>\n      <\/a>\n\n                \n      <a class=\"ee-gallery-item ee-gallery-item--image ee-gallery-item--single\" href=\"https:\/\/www.campingcotedeslegendes.com\/wp-content\/uploads\/2024\/12\/DRONE-1-scaled.jpg\"  data-sub-html=\"Camping bord de mer\" data-category=\"1\"                  data-lg-size=\"2560-1440\"\n\n      >\n        <figure class=\"ee-gallery-item-figure\">\n                        <img loading=\"lazy\" decoding=\"async\" class=\"breakdance-image-object\" src=\"https:\/\/www.campingcotedeslegendes.com\/wp-content\/uploads\/2024\/12\/DRONE-1-1024x576.jpg\" width=\"1024\" height=\"576\" srcset=\"https:\/\/www.campingcotedeslegendes.com\/wp-content\/uploads\/2024\/12\/DRONE-1-scaled.jpg 2560w, https:\/\/www.campingcotedeslegendes.com\/wp-content\/uploads\/2024\/12\/DRONE-1-300x169.jpg 300w, https:\/\/www.campingcotedeslegendes.com\/wp-content\/uploads\/2024\/12\/DRONE-1-1024x576.jpg 1024w, https:\/\/www.campingcotedeslegendes.com\/wp-content\/uploads\/2024\/12\/DRONE-1-768x432.jpg 768w, https:\/\/www.campingcotedeslegendes.com\/wp-content\/uploads\/2024\/12\/DRONE-1-1536x864.jpg 1536w, https:\/\/www.campingcotedeslegendes.com\/wp-content\/uploads\/2024\/12\/DRONE-1-2048x1152.jpg 2048w, https:\/\/www.campingcotedeslegendes.com\/wp-content\/uploads\/2024\/12\/DRONE-1-18x10.jpg 18w\" sizes=\"auto, (max-width: 2560px) 100vw, 2560px\">\n          \n                      <figcaption class=\"ee-gallery-item-caption\">\n              Camping bord de mer\n            <\/figcaption>\n                  <\/figure>\n      <\/a>\n\n                \n      <a class=\"ee-gallery-item ee-gallery-item--image ee-gallery-item--single\" href=\"https:\/\/www.campingcotedeslegendes.com\/wp-content\/uploads\/2024\/12\/fff.jpg\"  data-sub-html=\"\" data-category=\"1\"                  data-lg-size=\"2016-1512\"\n\n      >\n        <figure class=\"ee-gallery-item-figure\">\n                        <img loading=\"lazy\" decoding=\"async\" class=\"breakdance-image-object\" src=\"https:\/\/www.campingcotedeslegendes.com\/wp-content\/uploads\/2024\/12\/fff-1024x768.jpg\" width=\"1024\" height=\"768\" srcset=\"https:\/\/www.campingcotedeslegendes.com\/wp-content\/uploads\/2024\/12\/fff.jpg 2016w, https:\/\/www.campingcotedeslegendes.com\/wp-content\/uploads\/2024\/12\/fff-300x225.jpg 300w, https:\/\/www.campingcotedeslegendes.com\/wp-content\/uploads\/2024\/12\/fff-1024x768.jpg 1024w, https:\/\/www.campingcotedeslegendes.com\/wp-content\/uploads\/2024\/12\/fff-768x576.jpg 768w, https:\/\/www.campingcotedeslegendes.com\/wp-content\/uploads\/2024\/12\/fff-1536x1152.jpg 1536w, https:\/\/www.campingcotedeslegendes.com\/wp-content\/uploads\/2024\/12\/fff-16x12.jpg 16w\" sizes=\"auto, (max-width: 2016px) 100vw, 2016px\">\n          \n                  <\/figure>\n      <\/a>\n\n                \n      <a class=\"ee-gallery-item ee-gallery-item--image ee-gallery-item--single\" href=\"https:\/\/www.campingcotedeslegendes.com\/wp-content\/uploads\/2024\/12\/crtb-ad3218_LAMOUREUX-Alexandre-scaled.jpg\"  data-sub-html=\"\" data-category=\"1\"                  data-lg-size=\"2560-1707\"\n\n      >\n        <figure class=\"ee-gallery-item-figure\">\n                        <img loading=\"lazy\" decoding=\"async\" class=\"breakdance-image-object\" src=\"https:\/\/www.campingcotedeslegendes.com\/wp-content\/uploads\/2024\/12\/crtb-ad3218_LAMOUREUX-Alexandre-1024x683.jpg\" width=\"1024\" height=\"683\" srcset=\"https:\/\/www.campingcotedeslegendes.com\/wp-content\/uploads\/2024\/12\/crtb-ad3218_LAMOUREUX-Alexandre-scaled.jpg 2560w, https:\/\/www.campingcotedeslegendes.com\/wp-content\/uploads\/2024\/12\/crtb-ad3218_LAMOUREUX-Alexandre-300x200.jpg 300w, https:\/\/www.campingcotedeslegendes.com\/wp-content\/uploads\/2024\/12\/crtb-ad3218_LAMOUREUX-Alexandre-1024x683.jpg 1024w, https:\/\/www.campingcotedeslegendes.com\/wp-content\/uploads\/2024\/12\/crtb-ad3218_LAMOUREUX-Alexandre-768x512.jpg 768w, https:\/\/www.campingcotedeslegendes.com\/wp-content\/uploads\/2024\/12\/crtb-ad3218_LAMOUREUX-Alexandre-1536x1024.jpg 1536w, https:\/\/www.campingcotedeslegendes.com\/wp-content\/uploads\/2024\/12\/crtb-ad3218_LAMOUREUX-Alexandre-2048x1365.jpg 2048w, https:\/\/www.campingcotedeslegendes.com\/wp-content\/uploads\/2024\/12\/crtb-ad3218_LAMOUREUX-Alexandre-18x12.jpg 18w\" sizes=\"auto, (max-width: 2560px) 100vw, 2560px\">\n          \n                  <\/figure>\n      <\/a>\n\n                \n      <a class=\"ee-gallery-item ee-gallery-item--image ee-gallery-item--single\" href=\"https:\/\/www.campingcotedeslegendes.com\/wp-content\/uploads\/2024\/12\/telechargement.jpg\"  data-sub-html=\"\" data-category=\"1\"                  data-lg-size=\"275-183\"\n\n      >\n        <figure class=\"ee-gallery-item-figure\">\n                        <img loading=\"lazy\" decoding=\"async\" class=\"breakdance-image-object\" src=\"https:\/\/www.campingcotedeslegendes.com\/wp-content\/uploads\/2024\/12\/telechargement.jpg\" width=\"275\" height=\"183\" srcset=\"https:\/\/www.campingcotedeslegendes.com\/wp-content\/uploads\/2024\/12\/telechargement.jpg 275w, https:\/\/www.campingcotedeslegendes.com\/wp-content\/uploads\/2024\/12\/telechargement-18x12.jpg 18w\" sizes=\"auto, (max-width: 275px) 100vw, 275px\">\n          \n                  <\/figure>\n      <\/a>\n\n                \n      <a class=\"ee-gallery-item ee-gallery-item--image ee-gallery-item--single\" href=\"https:\/\/www.campingcotedeslegendes.com\/wp-content\/uploads\/2024\/12\/crtb-ae06987_Jake-McKenna-scaled.jpg\"  data-sub-html=\"\" data-category=\"1\"                  data-lg-size=\"2560-1710\"\n\n      >\n        <figure class=\"ee-gallery-item-figure\">\n                        <img loading=\"lazy\" decoding=\"async\" class=\"breakdance-image-object\" src=\"https:\/\/www.campingcotedeslegendes.com\/wp-content\/uploads\/2024\/12\/crtb-ae06987_Jake-McKenna-1024x684.jpg\" width=\"1024\" height=\"684\" srcset=\"https:\/\/www.campingcotedeslegendes.com\/wp-content\/uploads\/2024\/12\/crtb-ae06987_Jake-McKenna-scaled.jpg 2560w, https:\/\/www.campingcotedeslegendes.com\/wp-content\/uploads\/2024\/12\/crtb-ae06987_Jake-McKenna-300x200.jpg 300w, https:\/\/www.campingcotedeslegendes.com\/wp-content\/uploads\/2024\/12\/crtb-ae06987_Jake-McKenna-1024x684.jpg 1024w, https:\/\/www.campingcotedeslegendes.com\/wp-content\/uploads\/2024\/12\/crtb-ae06987_Jake-McKenna-768x513.jpg 768w, https:\/\/www.campingcotedeslegendes.com\/wp-content\/uploads\/2024\/12\/crtb-ae06987_Jake-McKenna-1536x1026.jpg 1536w, https:\/\/www.campingcotedeslegendes.com\/wp-content\/uploads\/2024\/12\/crtb-ae06987_Jake-McKenna-2048x1368.jpg 2048w, https:\/\/www.campingcotedeslegendes.com\/wp-content\/uploads\/2024\/12\/crtb-ae06987_Jake-McKenna-18x12.jpg 18w\" sizes=\"auto, (max-width: 2560px) 100vw, 2560px\">\n          \n                  <\/figure>\n      <\/a>\n\n                \n      <a class=\"ee-gallery-item ee-gallery-item--image ee-gallery-item--single\" href=\"https:\/\/www.campingcotedeslegendes.com\/wp-content\/uploads\/2024\/12\/crtb-ae07918_PORIEL-Thibault-scaled.jpg\"  data-sub-html=\"\" data-category=\"1\"                  data-lg-size=\"2560-1707\"\n\n      >\n        <figure class=\"ee-gallery-item-figure\">\n                        <img loading=\"lazy\" decoding=\"async\" class=\"breakdance-image-object\" src=\"https:\/\/www.campingcotedeslegendes.com\/wp-content\/uploads\/2024\/12\/crtb-ae07918_PORIEL-Thibault-1024x683.jpg\" width=\"1024\" height=\"683\" srcset=\"https:\/\/www.campingcotedeslegendes.com\/wp-content\/uploads\/2024\/12\/crtb-ae07918_PORIEL-Thibault-scaled.jpg 2560w, https:\/\/www.campingcotedeslegendes.com\/wp-content\/uploads\/2024\/12\/crtb-ae07918_PORIEL-Thibault-300x200.jpg 300w, https:\/\/www.campingcotedeslegendes.com\/wp-content\/uploads\/2024\/12\/crtb-ae07918_PORIEL-Thibault-1024x683.jpg 1024w, https:\/\/www.campingcotedeslegendes.com\/wp-content\/uploads\/2024\/12\/crtb-ae07918_PORIEL-Thibault-768x512.jpg 768w, https:\/\/www.campingcotedeslegendes.com\/wp-content\/uploads\/2024\/12\/crtb-ae07918_PORIEL-Thibault-1536x1024.jpg 1536w, https:\/\/www.campingcotedeslegendes.com\/wp-content\/uploads\/2024\/12\/crtb-ae07918_PORIEL-Thibault-2048x1365.jpg 2048w, https:\/\/www.campingcotedeslegendes.com\/wp-content\/uploads\/2024\/12\/crtb-ae07918_PORIEL-Thibault-18x12.jpg 18w\" sizes=\"auto, (max-width: 2560px) 100vw, 2560px\">\n          \n                  <\/figure>\n      <\/a>\n\n                \n      <a class=\"ee-gallery-item ee-gallery-item--image ee-gallery-item--single\" href=\"https:\/\/www.campingcotedeslegendes.com\/wp-content\/uploads\/2024\/12\/animation-2.jpg\"  data-sub-html=\"\" data-category=\"1\"                  data-lg-size=\"640-480\"\n\n      >\n        <figure class=\"ee-gallery-item-figure\">\n                        <img loading=\"lazy\" decoding=\"async\" class=\"breakdance-image-object\" src=\"https:\/\/www.campingcotedeslegendes.com\/wp-content\/uploads\/2024\/12\/animation-2.jpg\" width=\"640\" height=\"480\" srcset=\"https:\/\/www.campingcotedeslegendes.com\/wp-content\/uploads\/2024\/12\/animation-2.jpg 640w, https:\/\/www.campingcotedeslegendes.com\/wp-content\/uploads\/2024\/12\/animation-2-300x225.jpg 300w, https:\/\/www.campingcotedeslegendes.com\/wp-content\/uploads\/2024\/12\/animation-2-16x12.jpg 16w\" sizes=\"auto, (max-width: 640px) 100vw, 640px\">\n          \n                  <\/figure>\n      <\/a>\n\n                \n      <a class=\"ee-gallery-item ee-gallery-item--image ee-gallery-item--single\" href=\"https:\/\/www.campingcotedeslegendes.com\/wp-content\/uploads\/2024\/12\/crtb-ae07927_PORIEL-Thibault-scaled.jpg\"  data-sub-html=\"\" data-category=\"1\"                  data-lg-size=\"2048-2560\"\n\n      >\n        <figure class=\"ee-gallery-item-figure\">\n                        <img loading=\"lazy\" decoding=\"async\" class=\"breakdance-image-object\" src=\"https:\/\/www.campingcotedeslegendes.com\/wp-content\/uploads\/2024\/12\/crtb-ae07927_PORIEL-Thibault-819x1024.jpg\" width=\"819\" height=\"1024\" srcset=\"https:\/\/www.campingcotedeslegendes.com\/wp-content\/uploads\/2024\/12\/crtb-ae07927_PORIEL-Thibault-scaled.jpg 2048w, https:\/\/www.campingcotedeslegendes.com\/wp-content\/uploads\/2024\/12\/crtb-ae07927_PORIEL-Thibault-240x300.jpg 240w, https:\/\/www.campingcotedeslegendes.com\/wp-content\/uploads\/2024\/12\/crtb-ae07927_PORIEL-Thibault-819x1024.jpg 819w, https:\/\/www.campingcotedeslegendes.com\/wp-content\/uploads\/2024\/12\/crtb-ae07927_PORIEL-Thibault-768x960.jpg 768w, https:\/\/www.campingcotedeslegendes.com\/wp-content\/uploads\/2024\/12\/crtb-ae07927_PORIEL-Thibault-1229x1536.jpg 1229w, https:\/\/www.campingcotedeslegendes.com\/wp-content\/uploads\/2024\/12\/crtb-ae07927_PORIEL-Thibault-1639x2048.jpg 1639w, https:\/\/www.campingcotedeslegendes.com\/wp-content\/uploads\/2024\/12\/crtb-ae07927_PORIEL-Thibault-10x12.jpg 10w\" sizes=\"auto, (max-width: 2048px) 100vw, 2048px\">\n          \n                  <\/figure>\n      <\/a>\n\n                \n      <a class=\"ee-gallery-item ee-gallery-item--image ee-gallery-item--single\" href=\"https:\/\/www.campingcotedeslegendes.com\/wp-content\/uploads\/2024\/12\/crtb-ae06765_Brock-Betty.jpg\"  data-sub-html=\"\" data-category=\"1\"                  data-lg-size=\"8192-5464\"\n\n      >\n        <figure class=\"ee-gallery-item-figure\">\n                        <img loading=\"lazy\" decoding=\"async\" class=\"breakdance-image-object\" src=\"https:\/\/www.campingcotedeslegendes.com\/wp-content\/uploads\/2024\/12\/crtb-ae06765_Brock-Betty-1024x683.jpg\" width=\"1024\" height=\"683\" srcset=\"https:\/\/www.campingcotedeslegendes.com\/wp-content\/uploads\/2024\/12\/crtb-ae06765_Brock-Betty.jpg 8192w, https:\/\/www.campingcotedeslegendes.com\/wp-content\/uploads\/2024\/12\/crtb-ae06765_Brock-Betty-300x200.jpg 300w, https:\/\/www.campingcotedeslegendes.com\/wp-content\/uploads\/2024\/12\/crtb-ae06765_Brock-Betty-1024x683.jpg 1024w, https:\/\/www.campingcotedeslegendes.com\/wp-content\/uploads\/2024\/12\/crtb-ae06765_Brock-Betty-768x512.jpg 768w, https:\/\/www.campingcotedeslegendes.com\/wp-content\/uploads\/2024\/12\/crtb-ae06765_Brock-Betty-1536x1025.jpg 1536w, https:\/\/www.campingcotedeslegendes.com\/wp-content\/uploads\/2024\/12\/crtb-ae06765_Brock-Betty-18x12.jpg 18w\" sizes=\"auto, (max-width: 8192px) 100vw, 8192px\">\n          \n                  <\/figure>\n      <\/a>\n\n                \n      <a class=\"ee-gallery-item ee-gallery-item--image ee-gallery-item--single\" href=\"https:\/\/www.campingcotedeslegendes.com\/wp-content\/uploads\/2024\/12\/crtb-ae06071_BERTHIER-Emmanuel-scaled.jpg\"  data-sub-html=\"\" data-category=\"1\"                  data-lg-size=\"2560-1707\"\n\n      >\n        <figure class=\"ee-gallery-item-figure\">\n                        <img loading=\"lazy\" decoding=\"async\" class=\"breakdance-image-object\" src=\"https:\/\/www.campingcotedeslegendes.com\/wp-content\/uploads\/2024\/12\/crtb-ae06071_BERTHIER-Emmanuel-1024x683.jpg\" width=\"1024\" height=\"683\" srcset=\"https:\/\/www.campingcotedeslegendes.com\/wp-content\/uploads\/2024\/12\/crtb-ae06071_BERTHIER-Emmanuel-scaled.jpg 2560w, https:\/\/www.campingcotedeslegendes.com\/wp-content\/uploads\/2024\/12\/crtb-ae06071_BERTHIER-Emmanuel-300x200.jpg 300w, https:\/\/www.campingcotedeslegendes.com\/wp-content\/uploads\/2024\/12\/crtb-ae06071_BERTHIER-Emmanuel-1024x683.jpg 1024w, https:\/\/www.campingcotedeslegendes.com\/wp-content\/uploads\/2024\/12\/crtb-ae06071_BERTHIER-Emmanuel-768x512.jpg 768w, https:\/\/www.campingcotedeslegendes.com\/wp-content\/uploads\/2024\/12\/crtb-ae06071_BERTHIER-Emmanuel-1536x1024.jpg 1536w, https:\/\/www.campingcotedeslegendes.com\/wp-content\/uploads\/2024\/12\/crtb-ae06071_BERTHIER-Emmanuel-2048x1366.jpg 2048w, https:\/\/www.campingcotedeslegendes.com\/wp-content\/uploads\/2024\/12\/crtb-ae06071_BERTHIER-Emmanuel-18x12.jpg 18w\" sizes=\"auto, (max-width: 2560px) 100vw, 2560px\">\n          \n                  <\/figure>\n      <\/a>\n\n                \n      <a class=\"ee-gallery-item ee-gallery-item--image ee-gallery-item--single\" href=\"https:\/\/www.campingcotedeslegendes.com\/wp-content\/uploads\/2024\/12\/velo.jpg\"  data-sub-html=\"\" data-category=\"1\"                  data-lg-size=\"2016-1512\"\n\n      >\n        <figure class=\"ee-gallery-item-figure\">\n                        <img loading=\"lazy\" decoding=\"async\" class=\"breakdance-image-object\" src=\"https:\/\/www.campingcotedeslegendes.com\/wp-content\/uploads\/2024\/12\/velo-1024x768.jpg\" width=\"1024\" height=\"768\" srcset=\"https:\/\/www.campingcotedeslegendes.com\/wp-content\/uploads\/2024\/12\/velo.jpg 2016w, https:\/\/www.campingcotedeslegendes.com\/wp-content\/uploads\/2024\/12\/velo-300x225.jpg 300w, https:\/\/www.campingcotedeslegendes.com\/wp-content\/uploads\/2024\/12\/velo-1024x768.jpg 1024w, https:\/\/www.campingcotedeslegendes.com\/wp-content\/uploads\/2024\/12\/velo-768x576.jpg 768w, https:\/\/www.campingcotedeslegendes.com\/wp-content\/uploads\/2024\/12\/velo-1536x1152.jpg 1536w, https:\/\/www.campingcotedeslegendes.com\/wp-content\/uploads\/2024\/12\/velo-16x12.jpg 16w\" sizes=\"auto, (max-width: 2016px) 100vw, 2016px\">\n          \n                  <\/figure>\n      <\/a>\n\n                \n      <a class=\"ee-gallery-item ee-gallery-item--image ee-gallery-item--single\" href=\"https:\/\/www.campingcotedeslegendes.com\/wp-content\/uploads\/2024\/12\/terrain-ce-foot.jpg\"  data-sub-html=\"\" data-category=\"1\"                  data-lg-size=\"2016-1512\"\n\n      >\n        <figure class=\"ee-gallery-item-figure\">\n                        <img loading=\"lazy\" decoding=\"async\" class=\"breakdance-image-object\" src=\"https:\/\/www.campingcotedeslegendes.com\/wp-content\/uploads\/2024\/12\/terrain-ce-foot-1024x768.jpg\" width=\"1024\" height=\"768\" srcset=\"https:\/\/www.campingcotedeslegendes.com\/wp-content\/uploads\/2024\/12\/terrain-ce-foot.jpg 2016w, https:\/\/www.campingcotedeslegendes.com\/wp-content\/uploads\/2024\/12\/terrain-ce-foot-300x225.jpg 300w, https:\/\/www.campingcotedeslegendes.com\/wp-content\/uploads\/2024\/12\/terrain-ce-foot-1024x768.jpg 1024w, https:\/\/www.campingcotedeslegendes.com\/wp-content\/uploads\/2024\/12\/terrain-ce-foot-768x576.jpg 768w, https:\/\/www.campingcotedeslegendes.com\/wp-content\/uploads\/2024\/12\/terrain-ce-foot-1536x1152.jpg 1536w, https:\/\/www.campingcotedeslegendes.com\/wp-content\/uploads\/2024\/12\/terrain-ce-foot-16x12.jpg 16w\" sizes=\"auto, (max-width: 2016px) 100vw, 2016px\">\n          \n                  <\/figure>\n      <\/a>\n\n                \n      <a class=\"ee-gallery-item ee-gallery-item--image ee-gallery-item--single\" href=\"https:\/\/www.campingcotedeslegendes.com\/wp-content\/uploads\/2024\/10\/468768192_1119167086877608_8865723744325059541_n.jpg\"  data-sub-html=\"\" data-category=\"1\"                  data-lg-size=\"810-540\"\n\n      >\n        <figure class=\"ee-gallery-item-figure\">\n                        <img loading=\"lazy\" decoding=\"async\" class=\"breakdance-image-object\" src=\"https:\/\/www.campingcotedeslegendes.com\/wp-content\/uploads\/2024\/10\/468768192_1119167086877608_8865723744325059541_n.jpg\" width=\"810\" height=\"540\" srcset=\"https:\/\/www.campingcotedeslegendes.com\/wp-content\/uploads\/2024\/10\/468768192_1119167086877608_8865723744325059541_n.jpg 810w, https:\/\/www.campingcotedeslegendes.com\/wp-content\/uploads\/2024\/10\/468768192_1119167086877608_8865723744325059541_n-300x200.jpg 300w, https:\/\/www.campingcotedeslegendes.com\/wp-content\/uploads\/2024\/10\/468768192_1119167086877608_8865723744325059541_n-768x512.jpg 768w, https:\/\/www.campingcotedeslegendes.com\/wp-content\/uploads\/2024\/10\/468768192_1119167086877608_8865723744325059541_n-18x12.jpg 18w\" sizes=\"auto, (max-width: 810px) 100vw, 810px\">\n          \n                  <\/figure>\n      <\/a>\n\n                \n      <a class=\"ee-gallery-item ee-gallery-item--image ee-gallery-item--single\" href=\"https:\/\/www.campingcotedeslegendes.com\/wp-content\/uploads\/2024\/10\/opaline-phare-de-lile-vierge-plouguerneau-credit-paul-malo.webp\"  data-sub-html=\"\" data-category=\"1\"                  data-lg-size=\"1920-1280\"\n\n      >\n        <figure class=\"ee-gallery-item-figure\">\n                        <img loading=\"lazy\" decoding=\"async\" class=\"breakdance-image-object\" src=\"https:\/\/www.campingcotedeslegendes.com\/wp-content\/uploads\/2024\/10\/opaline-phare-de-lile-vierge-plouguerneau-credit-paul-malo-1024x683.webp\" width=\"1024\" height=\"683\" srcset=\"https:\/\/www.campingcotedeslegendes.com\/wp-content\/uploads\/2024\/10\/opaline-phare-de-lile-vierge-plouguerneau-credit-paul-malo.webp 1920w, https:\/\/www.campingcotedeslegendes.com\/wp-content\/uploads\/2024\/10\/opaline-phare-de-lile-vierge-plouguerneau-credit-paul-malo-300x200.webp 300w, https:\/\/www.campingcotedeslegendes.com\/wp-content\/uploads\/2024\/10\/opaline-phare-de-lile-vierge-plouguerneau-credit-paul-malo-1024x683.webp 1024w, https:\/\/www.campingcotedeslegendes.com\/wp-content\/uploads\/2024\/10\/opaline-phare-de-lile-vierge-plouguerneau-credit-paul-malo-768x512.webp 768w, https:\/\/www.campingcotedeslegendes.com\/wp-content\/uploads\/2024\/10\/opaline-phare-de-lile-vierge-plouguerneau-credit-paul-malo-1536x1024.webp 1536w, https:\/\/www.campingcotedeslegendes.com\/wp-content\/uploads\/2024\/10\/opaline-phare-de-lile-vierge-plouguerneau-credit-paul-malo-18x12.webp 18w\" sizes=\"auto, (max-width: 1920px) 100vw, 1920px\">\n          \n                  <\/figure>\n      <\/a>\n\n                \n      <a class=\"ee-gallery-item ee-gallery-item--image ee-gallery-item--single\" href=\"https:\/\/www.campingcotedeslegendes.com\/wp-content\/uploads\/2024\/10\/crtb-ad3139_LAMOUREUX-Alexandre-scaled.jpg\"  data-sub-html=\"\" data-category=\"1\"                  data-lg-size=\"2560-1707\"\n\n      >\n        <figure class=\"ee-gallery-item-figure\">\n                        <img loading=\"lazy\" decoding=\"async\" class=\"breakdance-image-object\" src=\"https:\/\/www.campingcotedeslegendes.com\/wp-content\/uploads\/2024\/10\/crtb-ad3139_LAMOUREUX-Alexandre-1024x683.jpg\" width=\"1024\" height=\"683\" srcset=\"https:\/\/www.campingcotedeslegendes.com\/wp-content\/uploads\/2024\/10\/crtb-ad3139_LAMOUREUX-Alexandre-scaled.jpg 2560w, https:\/\/www.campingcotedeslegendes.com\/wp-content\/uploads\/2024\/10\/crtb-ad3139_LAMOUREUX-Alexandre-300x200.jpg 300w, https:\/\/www.campingcotedeslegendes.com\/wp-content\/uploads\/2024\/10\/crtb-ad3139_LAMOUREUX-Alexandre-1024x683.jpg 1024w, https:\/\/www.campingcotedeslegendes.com\/wp-content\/uploads\/2024\/10\/crtb-ad3139_LAMOUREUX-Alexandre-768x512.jpg 768w, https:\/\/www.campingcotedeslegendes.com\/wp-content\/uploads\/2024\/10\/crtb-ad3139_LAMOUREUX-Alexandre-1536x1024.jpg 1536w, https:\/\/www.campingcotedeslegendes.com\/wp-content\/uploads\/2024\/10\/crtb-ad3139_LAMOUREUX-Alexandre-2048x1365.jpg 2048w, https:\/\/www.campingcotedeslegendes.com\/wp-content\/uploads\/2024\/10\/crtb-ad3139_LAMOUREUX-Alexandre-18x12.jpg 18w\" sizes=\"auto, (max-width: 2560px) 100vw, 2560px\">\n          \n                  <\/figure>\n      <\/a>\n\n                \n      <a class=\"ee-gallery-item ee-gallery-item--image ee-gallery-item--single\" href=\"https:\/\/www.campingcotedeslegendes.com\/wp-content\/uploads\/2024\/12\/crtb-ae06072_BERTHIER-Emmanuel-scaled.jpg\"  data-sub-html=\"\" data-category=\"1\"                  data-lg-size=\"2560-1707\"\n\n      >\n        <figure class=\"ee-gallery-item-figure\">\n                        <img loading=\"lazy\" decoding=\"async\" class=\"breakdance-image-object\" src=\"https:\/\/www.campingcotedeslegendes.com\/wp-content\/uploads\/2024\/12\/crtb-ae06072_BERTHIER-Emmanuel-1024x683.jpg\" width=\"1024\" height=\"683\" srcset=\"https:\/\/www.campingcotedeslegendes.com\/wp-content\/uploads\/2024\/12\/crtb-ae06072_BERTHIER-Emmanuel-scaled.jpg 2560w, https:\/\/www.campingcotedeslegendes.com\/wp-content\/uploads\/2024\/12\/crtb-ae06072_BERTHIER-Emmanuel-300x200.jpg 300w, https:\/\/www.campingcotedeslegendes.com\/wp-content\/uploads\/2024\/12\/crtb-ae06072_BERTHIER-Emmanuel-1024x683.jpg 1024w, https:\/\/www.campingcotedeslegendes.com\/wp-content\/uploads\/2024\/12\/crtb-ae06072_BERTHIER-Emmanuel-768x512.jpg 768w, https:\/\/www.campingcotedeslegendes.com\/wp-content\/uploads\/2024\/12\/crtb-ae06072_BERTHIER-Emmanuel-1536x1024.jpg 1536w, https:\/\/www.campingcotedeslegendes.com\/wp-content\/uploads\/2024\/12\/crtb-ae06072_BERTHIER-Emmanuel-2048x1365.jpg 2048w, https:\/\/www.campingcotedeslegendes.com\/wp-content\/uploads\/2024\/12\/crtb-ae06072_BERTHIER-Emmanuel-18x12.jpg 18w\" sizes=\"auto, (max-width: 2560px) 100vw, 2560px\">\n          \n                  <\/figure>\n      <\/a>\n\n                \n      <a class=\"ee-gallery-item ee-gallery-item--image ee-gallery-item--single\" href=\"https:\/\/www.campingcotedeslegendes.com\/wp-content\/uploads\/2024\/12\/crtb-ae07948_PORIEL-Thibault-scaled.jpg\"  data-sub-html=\"\" data-category=\"1\"                  data-lg-size=\"2048-2560\"\n\n      >\n        <figure class=\"ee-gallery-item-figure\">\n                        <img loading=\"lazy\" decoding=\"async\" class=\"breakdance-image-object\" src=\"https:\/\/www.campingcotedeslegendes.com\/wp-content\/uploads\/2024\/12\/crtb-ae07948_PORIEL-Thibault-819x1024.jpg\" width=\"819\" height=\"1024\" srcset=\"https:\/\/www.campingcotedeslegendes.com\/wp-content\/uploads\/2024\/12\/crtb-ae07948_PORIEL-Thibault-scaled.jpg 2048w, https:\/\/www.campingcotedeslegendes.com\/wp-content\/uploads\/2024\/12\/crtb-ae07948_PORIEL-Thibault-240x300.jpg 240w, https:\/\/www.campingcotedeslegendes.com\/wp-content\/uploads\/2024\/12\/crtb-ae07948_PORIEL-Thibault-819x1024.jpg 819w, https:\/\/www.campingcotedeslegendes.com\/wp-content\/uploads\/2024\/12\/crtb-ae07948_PORIEL-Thibault-768x960.jpg 768w, https:\/\/www.campingcotedeslegendes.com\/wp-content\/uploads\/2024\/12\/crtb-ae07948_PORIEL-Thibault-1229x1536.jpg 1229w, https:\/\/www.campingcotedeslegendes.com\/wp-content\/uploads\/2024\/12\/crtb-ae07948_PORIEL-Thibault-1638x2048.jpg 1638w, https:\/\/www.campingcotedeslegendes.com\/wp-content\/uploads\/2024\/12\/crtb-ae07948_PORIEL-Thibault-10x12.jpg 10w\" sizes=\"auto, (max-width: 2048px) 100vw, 2048px\">\n          \n                  <\/figure>\n      <\/a>\n\n                \n      <a class=\"ee-gallery-item ee-gallery-item--image ee-gallery-item--single\" href=\"https:\/\/www.campingcotedeslegendes.com\/wp-content\/uploads\/2024\/12\/crtb-ae05837_Globusliebe-scaled.jpg\"  data-sub-html=\"Miam Miam\" data-category=\"1\"                  data-lg-size=\"2560-1707\"\n\n      >\n        <figure class=\"ee-gallery-item-figure\">\n                        <img loading=\"lazy\" decoding=\"async\" class=\"breakdance-image-object\" src=\"https:\/\/www.campingcotedeslegendes.com\/wp-content\/uploads\/2024\/12\/crtb-ae05837_Globusliebe-1024x683.jpg\" width=\"1024\" height=\"683\" srcset=\"https:\/\/www.campingcotedeslegendes.com\/wp-content\/uploads\/2024\/12\/crtb-ae05837_Globusliebe-scaled.jpg 2560w, https:\/\/www.campingcotedeslegendes.com\/wp-content\/uploads\/2024\/12\/crtb-ae05837_Globusliebe-300x200.jpg 300w, https:\/\/www.campingcotedeslegendes.com\/wp-content\/uploads\/2024\/12\/crtb-ae05837_Globusliebe-1024x683.jpg 1024w, https:\/\/www.campingcotedeslegendes.com\/wp-content\/uploads\/2024\/12\/crtb-ae05837_Globusliebe-768x512.jpg 768w, https:\/\/www.campingcotedeslegendes.com\/wp-content\/uploads\/2024\/12\/crtb-ae05837_Globusliebe-1536x1024.jpg 1536w, https:\/\/www.campingcotedeslegendes.com\/wp-content\/uploads\/2024\/12\/crtb-ae05837_Globusliebe-2048x1365.jpg 2048w, https:\/\/www.campingcotedeslegendes.com\/wp-content\/uploads\/2024\/12\/crtb-ae05837_Globusliebe-18x12.jpg 18w\" sizes=\"auto, (max-width: 2560px) 100vw, 2560px\">\n          \n                      <figcaption class=\"ee-gallery-item-caption\">\n              Miam Miam\n            <\/figcaption>\n                  <\/figure>\n      <\/a>\n\n                \n      <a class=\"ee-gallery-item ee-gallery-item--image ee-gallery-item--single\" href=\"https:\/\/www.campingcotedeslegendes.com\/wp-content\/uploads\/2024\/12\/crtb-ae06539_DEQUIN-Nicolas-scaled.jpg\"  data-sub-html=\"\" data-category=\"1\"                  data-lg-size=\"2560-1707\"\n\n      >\n        <figure class=\"ee-gallery-item-figure\">\n                        <img loading=\"lazy\" decoding=\"async\" class=\"breakdance-image-object\" src=\"https:\/\/www.campingcotedeslegendes.com\/wp-content\/uploads\/2024\/12\/crtb-ae06539_DEQUIN-Nicolas-1024x683.jpg\" width=\"1024\" height=\"683\" srcset=\"https:\/\/www.campingcotedeslegendes.com\/wp-content\/uploads\/2024\/12\/crtb-ae06539_DEQUIN-Nicolas-scaled.jpg 2560w, https:\/\/www.campingcotedeslegendes.com\/wp-content\/uploads\/2024\/12\/crtb-ae06539_DEQUIN-Nicolas-300x200.jpg 300w, https:\/\/www.campingcotedeslegendes.com\/wp-content\/uploads\/2024\/12\/crtb-ae06539_DEQUIN-Nicolas-1024x683.jpg 1024w, https:\/\/www.campingcotedeslegendes.com\/wp-content\/uploads\/2024\/12\/crtb-ae06539_DEQUIN-Nicolas-768x512.jpg 768w, https:\/\/www.campingcotedeslegendes.com\/wp-content\/uploads\/2024\/12\/crtb-ae06539_DEQUIN-Nicolas-1536x1024.jpg 1536w, https:\/\/www.campingcotedeslegendes.com\/wp-content\/uploads\/2024\/12\/crtb-ae06539_DEQUIN-Nicolas-2048x1365.jpg 2048w, https:\/\/www.campingcotedeslegendes.com\/wp-content\/uploads\/2024\/12\/crtb-ae06539_DEQUIN-Nicolas-18x12.jpg 18w\" sizes=\"auto, (max-width: 2560px) 100vw, 2560px\">\n          \n                  <\/figure>\n      <\/a>\n\n                \n      <a class=\"ee-gallery-item ee-gallery-item--image ee-gallery-item--single\" href=\"https:\/\/www.campingcotedeslegendes.com\/wp-content\/uploads\/2024\/12\/crtb-ae05836_Globusliebe-scaled.jpg\"  data-sub-html=\"y\u00e9r\u00ead m\u00e2t\" data-category=\"1\"                  data-lg-size=\"2048-2560\"\n\n      >\n        <figure class=\"ee-gallery-item-figure\">\n                        <img loading=\"lazy\" decoding=\"async\" class=\"breakdance-image-object\" src=\"https:\/\/www.campingcotedeslegendes.com\/wp-content\/uploads\/2024\/12\/crtb-ae05836_Globusliebe-819x1024.jpg\" width=\"819\" height=\"1024\" srcset=\"https:\/\/www.campingcotedeslegendes.com\/wp-content\/uploads\/2024\/12\/crtb-ae05836_Globusliebe-scaled.jpg 2048w, https:\/\/www.campingcotedeslegendes.com\/wp-content\/uploads\/2024\/12\/crtb-ae05836_Globusliebe-240x300.jpg 240w, https:\/\/www.campingcotedeslegendes.com\/wp-content\/uploads\/2024\/12\/crtb-ae05836_Globusliebe-819x1024.jpg 819w, https:\/\/www.campingcotedeslegendes.com\/wp-content\/uploads\/2024\/12\/crtb-ae05836_Globusliebe-768x960.jpg 768w, https:\/\/www.campingcotedeslegendes.com\/wp-content\/uploads\/2024\/12\/crtb-ae05836_Globusliebe-1229x1536.jpg 1229w, https:\/\/www.campingcotedeslegendes.com\/wp-content\/uploads\/2024\/12\/crtb-ae05836_Globusliebe-1638x2048.jpg 1638w, https:\/\/www.campingcotedeslegendes.com\/wp-content\/uploads\/2024\/12\/crtb-ae05836_Globusliebe-10x12.jpg 10w\" sizes=\"auto, (max-width: 2048px) 100vw, 2048px\">\n          \n                      <figcaption class=\"ee-gallery-item-caption\">\n              y\u00e9r\u00ead m\u00e2t\n            <\/figcaption>\n                  <\/figure>\n      <\/a>\n\n                \n      <a class=\"ee-gallery-item ee-gallery-item--image ee-gallery-item--single\" href=\"https:\/\/www.campingcotedeslegendes.com\/wp-content\/uploads\/2024\/12\/crtb-ae06069_BERTHIER-Emmanuel-scaled.jpg\"  data-sub-html=\"\" data-category=\"1\"                  data-lg-size=\"2560-1707\"\n\n      >\n        <figure class=\"ee-gallery-item-figure\">\n                        <img loading=\"lazy\" decoding=\"async\" class=\"breakdance-image-object\" src=\"https:\/\/www.campingcotedeslegendes.com\/wp-content\/uploads\/2024\/12\/crtb-ae06069_BERTHIER-Emmanuel-1024x683.jpg\" width=\"1024\" height=\"683\" srcset=\"https:\/\/www.campingcotedeslegendes.com\/wp-content\/uploads\/2024\/12\/crtb-ae06069_BERTHIER-Emmanuel-scaled.jpg 2560w, https:\/\/www.campingcotedeslegendes.com\/wp-content\/uploads\/2024\/12\/crtb-ae06069_BERTHIER-Emmanuel-300x200.jpg 300w, https:\/\/www.campingcotedeslegendes.com\/wp-content\/uploads\/2024\/12\/crtb-ae06069_BERTHIER-Emmanuel-1024x683.jpg 1024w, https:\/\/www.campingcotedeslegendes.com\/wp-content\/uploads\/2024\/12\/crtb-ae06069_BERTHIER-Emmanuel-768x512.jpg 768w, https:\/\/www.campingcotedeslegendes.com\/wp-content\/uploads\/2024\/12\/crtb-ae06069_BERTHIER-Emmanuel-1536x1024.jpg 1536w, https:\/\/www.campingcotedeslegendes.com\/wp-content\/uploads\/2024\/12\/crtb-ae06069_BERTHIER-Emmanuel-2048x1365.jpg 2048w, https:\/\/www.campingcotedeslegendes.com\/wp-content\/uploads\/2024\/12\/crtb-ae06069_BERTHIER-Emmanuel-18x12.jpg 18w\" sizes=\"auto, (max-width: 2560px) 100vw, 2560px\">\n          \n                  <\/figure>\n      <\/a>\n\n                \n      <a class=\"ee-gallery-item ee-gallery-item--image ee-gallery-item--single\" href=\"https:\/\/www.campingcotedeslegendes.com\/wp-content\/uploads\/2024\/12\/jeux.jpg\"  data-sub-html=\"\" data-category=\"1\"                  data-lg-size=\"2016-1512\"\n\n      >\n        <figure class=\"ee-gallery-item-figure\">\n                        <img loading=\"lazy\" decoding=\"async\" class=\"breakdance-image-object\" src=\"https:\/\/www.campingcotedeslegendes.com\/wp-content\/uploads\/2024\/12\/jeux-1024x768.jpg\" width=\"1024\" height=\"768\" srcset=\"https:\/\/www.campingcotedeslegendes.com\/wp-content\/uploads\/2024\/12\/jeux.jpg 2016w, https:\/\/www.campingcotedeslegendes.com\/wp-content\/uploads\/2024\/12\/jeux-300x225.jpg 300w, https:\/\/www.campingcotedeslegendes.com\/wp-content\/uploads\/2024\/12\/jeux-1024x768.jpg 1024w, https:\/\/www.campingcotedeslegendes.com\/wp-content\/uploads\/2024\/12\/jeux-768x576.jpg 768w, https:\/\/www.campingcotedeslegendes.com\/wp-content\/uploads\/2024\/12\/jeux-1536x1152.jpg 1536w, https:\/\/www.campingcotedeslegendes.com\/wp-content\/uploads\/2024\/12\/jeux-16x12.jpg 16w\" sizes=\"auto, (max-width: 2016px) 100vw, 2016px\">\n          \n                  <\/figure>\n      <\/a>\n\n                \n      <a class=\"ee-gallery-item ee-gallery-item--image ee-gallery-item--single\" href=\"https:\/\/www.campingcotedeslegendes.com\/wp-content\/uploads\/2024\/12\/DJI_0753-scaled.jpg\"  data-sub-html=\"\" data-category=\"1\"                  data-lg-size=\"2560-2048\"\n\n      >\n        <figure class=\"ee-gallery-item-figure\">\n                        <img loading=\"lazy\" decoding=\"async\" class=\"breakdance-image-object\" src=\"https:\/\/www.campingcotedeslegendes.com\/wp-content\/uploads\/2024\/12\/DJI_0753-1024x819.jpg\" width=\"1024\" height=\"819\" srcset=\"https:\/\/www.campingcotedeslegendes.com\/wp-content\/uploads\/2024\/12\/DJI_0753-scaled.jpg 2560w, https:\/\/www.campingcotedeslegendes.com\/wp-content\/uploads\/2024\/12\/DJI_0753-300x240.jpg 300w, https:\/\/www.campingcotedeslegendes.com\/wp-content\/uploads\/2024\/12\/DJI_0753-1024x819.jpg 1024w, https:\/\/www.campingcotedeslegendes.com\/wp-content\/uploads\/2024\/12\/DJI_0753-768x614.jpg 768w, https:\/\/www.campingcotedeslegendes.com\/wp-content\/uploads\/2024\/12\/DJI_0753-1536x1229.jpg 1536w, https:\/\/www.campingcotedeslegendes.com\/wp-content\/uploads\/2024\/12\/DJI_0753-2048x1639.jpg 2048w, https:\/\/www.campingcotedeslegendes.com\/wp-content\/uploads\/2024\/12\/DJI_0753-15x12.jpg 15w\" sizes=\"auto, (max-width: 2560px) 100vw, 2560px\">\n          \n                      <figcaption class=\"ee-gallery-item-caption\">\n              default\n            <\/figcaption>\n                  <\/figure>\n      <\/a>\n\n                \n      <a class=\"ee-gallery-item ee-gallery-item--image ee-gallery-item--single\" href=\"https:\/\/www.campingcotedeslegendes.com\/wp-content\/uploads\/2024\/10\/86-1-scaled.jpg\"  data-sub-html=\"\" data-category=\"1\"                  data-lg-size=\"2560-1920\"\n\n      >\n        <figure class=\"ee-gallery-item-figure\">\n                        <img loading=\"lazy\" decoding=\"async\" class=\"breakdance-image-object\" src=\"https:\/\/www.campingcotedeslegendes.com\/wp-content\/uploads\/2024\/10\/86-1-1024x768.jpg\" width=\"1024\" height=\"768\" srcset=\"https:\/\/www.campingcotedeslegendes.com\/wp-content\/uploads\/2024\/10\/86-1-scaled.jpg 2560w, https:\/\/www.campingcotedeslegendes.com\/wp-content\/uploads\/2024\/10\/86-1-300x225.jpg 300w, https:\/\/www.campingcotedeslegendes.com\/wp-content\/uploads\/2024\/10\/86-1-1024x768.jpg 1024w, https:\/\/www.campingcotedeslegendes.com\/wp-content\/uploads\/2024\/10\/86-1-768x576.jpg 768w, https:\/\/www.campingcotedeslegendes.com\/wp-content\/uploads\/2024\/10\/86-1-1536x1152.jpg 1536w, https:\/\/www.campingcotedeslegendes.com\/wp-content\/uploads\/2024\/10\/86-1-2048x1536.jpg 2048w, https:\/\/www.campingcotedeslegendes.com\/wp-content\/uploads\/2024\/10\/86-1-16x12.jpg 16w\" sizes=\"auto, (max-width: 2560px) 100vw, 2560px\">\n          \n                  <\/figure>\n      <\/a>\n\n                \n      <a class=\"ee-gallery-item ee-gallery-item--image ee-gallery-item--single\" href=\"https:\/\/www.campingcotedeslegendes.com\/wp-content\/uploads\/2024\/10\/67-EMPLACEMENT-scaled.jpg\"  data-sub-html=\"\" data-category=\"1\"                  data-lg-size=\"2560-1920\"\n\n      >\n        <figure class=\"ee-gallery-item-figure\">\n                        <img loading=\"lazy\" decoding=\"async\" class=\"breakdance-image-object\" src=\"https:\/\/www.campingcotedeslegendes.com\/wp-content\/uploads\/2024\/10\/67-EMPLACEMENT-1024x768.jpg\" width=\"1024\" height=\"768\" srcset=\"https:\/\/www.campingcotedeslegendes.com\/wp-content\/uploads\/2024\/10\/67-EMPLACEMENT-scaled.jpg 2560w, https:\/\/www.campingcotedeslegendes.com\/wp-content\/uploads\/2024\/10\/67-EMPLACEMENT-300x225.jpg 300w, https:\/\/www.campingcotedeslegendes.com\/wp-content\/uploads\/2024\/10\/67-EMPLACEMENT-1024x768.jpg 1024w, https:\/\/www.campingcotedeslegendes.com\/wp-content\/uploads\/2024\/10\/67-EMPLACEMENT-768x576.jpg 768w, https:\/\/www.campingcotedeslegendes.com\/wp-content\/uploads\/2024\/10\/67-EMPLACEMENT-1536x1152.jpg 1536w, https:\/\/www.campingcotedeslegendes.com\/wp-content\/uploads\/2024\/10\/67-EMPLACEMENT-2048x1536.jpg 2048w, https:\/\/www.campingcotedeslegendes.com\/wp-content\/uploads\/2024\/10\/67-EMPLACEMENT-16x12.jpg 16w\" sizes=\"auto, (max-width: 2560px) 100vw, 2560px\">\n          \n                  <\/figure>\n      <\/a>\n\n                \n      <a class=\"ee-gallery-item ee-gallery-item--image ee-gallery-item--single\" href=\"https:\/\/www.campingcotedeslegendes.com\/wp-content\/uploads\/2024\/06\/camping-pres-de-la-mer-bretagne.jpg\"  data-sub-html=\"\" data-category=\"1\"                  data-lg-size=\"900-552\"\n\n      >\n        <figure class=\"ee-gallery-item-figure\">\n                        <img loading=\"lazy\" decoding=\"async\" class=\"breakdance-image-object\" src=\"https:\/\/www.campingcotedeslegendes.com\/wp-content\/uploads\/2024\/06\/camping-pres-de-la-mer-bretagne.jpg\" width=\"900\" height=\"552\" srcset=\"https:\/\/www.campingcotedeslegendes.com\/wp-content\/uploads\/2024\/06\/camping-pres-de-la-mer-bretagne.jpg 900w, https:\/\/www.campingcotedeslegendes.com\/wp-content\/uploads\/2024\/06\/camping-pres-de-la-mer-bretagne-300x184.jpg 300w, https:\/\/www.campingcotedeslegendes.com\/wp-content\/uploads\/2024\/06\/camping-pres-de-la-mer-bretagne-768x471.jpg 768w, https:\/\/www.campingcotedeslegendes.com\/wp-content\/uploads\/2024\/06\/camping-pres-de-la-mer-bretagne-18x12.jpg 18w\" sizes=\"auto, (max-width: 900px) 100vw, 900px\">\n          \n                  <\/figure>\n      <\/a>\n\n                \n      <a class=\"ee-gallery-item ee-gallery-item--image ee-gallery-item--single\" href=\"https:\/\/www.campingcotedeslegendes.com\/wp-content\/uploads\/2024\/06\/79-scaled.jpg\"  data-sub-html=\"\" data-category=\"1\"                  data-lg-size=\"2560-1920\"\n\n      >\n        <figure class=\"ee-gallery-item-figure\">\n                        <img loading=\"lazy\" decoding=\"async\" class=\"breakdance-image-object\" src=\"https:\/\/www.campingcotedeslegendes.com\/wp-content\/uploads\/2024\/06\/79-1024x768.jpg\" width=\"1024\" height=\"768\" srcset=\"https:\/\/www.campingcotedeslegendes.com\/wp-content\/uploads\/2024\/06\/79-scaled.jpg 2560w, https:\/\/www.campingcotedeslegendes.com\/wp-content\/uploads\/2024\/06\/79-300x225.jpg 300w, https:\/\/www.campingcotedeslegendes.com\/wp-content\/uploads\/2024\/06\/79-1024x768.jpg 1024w, https:\/\/www.campingcotedeslegendes.com\/wp-content\/uploads\/2024\/06\/79-768x576.jpg 768w, https:\/\/www.campingcotedeslegendes.com\/wp-content\/uploads\/2024\/06\/79-1536x1152.jpg 1536w, https:\/\/www.campingcotedeslegendes.com\/wp-content\/uploads\/2024\/06\/79-2048x1536.jpg 2048w, https:\/\/www.campingcotedeslegendes.com\/wp-content\/uploads\/2024\/06\/79-16x12.jpg 16w\" sizes=\"auto, (max-width: 2560px) 100vw, 2560px\">\n          \n                  <\/figure>\n      <\/a>\n\n                \n      <a class=\"ee-gallery-item ee-gallery-item--image ee-gallery-item--single\" href=\"https:\/\/www.campingcotedeslegendes.com\/wp-content\/uploads\/2024\/06\/76-2-scaled.jpg\"  data-sub-html=\"\" data-category=\"1\"                  data-lg-size=\"1920-2560\"\n\n      >\n        <figure class=\"ee-gallery-item-figure\">\n                        <img loading=\"lazy\" decoding=\"async\" class=\"breakdance-image-object\" src=\"https:\/\/www.campingcotedeslegendes.com\/wp-content\/uploads\/2024\/06\/76-2-768x1024.jpg\" width=\"768\" height=\"1024\" srcset=\"https:\/\/www.campingcotedeslegendes.com\/wp-content\/uploads\/2024\/06\/76-2-scaled.jpg 1920w, https:\/\/www.campingcotedeslegendes.com\/wp-content\/uploads\/2024\/06\/76-2-225x300.jpg 225w, https:\/\/www.campingcotedeslegendes.com\/wp-content\/uploads\/2024\/06\/76-2-768x1024.jpg 768w, https:\/\/www.campingcotedeslegendes.com\/wp-content\/uploads\/2024\/06\/76-2-1152x1536.jpg 1152w, https:\/\/www.campingcotedeslegendes.com\/wp-content\/uploads\/2024\/06\/76-2-1536x2048.jpg 1536w, https:\/\/www.campingcotedeslegendes.com\/wp-content\/uploads\/2024\/06\/76-2-9x12.jpg 9w\" sizes=\"auto, (max-width: 1920px) 100vw, 1920px\">\n          \n                  <\/figure>\n      <\/a>\n\n                \n      <a class=\"ee-gallery-item ee-gallery-item--image ee-gallery-item--single\" href=\"https:\/\/www.campingcotedeslegendes.com\/wp-content\/uploads\/2024\/06\/DRONE-3-scaled.jpg\"  data-sub-html=\"\" data-category=\"1\"                  data-lg-size=\"2560-1440\"\n\n      >\n        <figure class=\"ee-gallery-item-figure\">\n                        <img loading=\"lazy\" decoding=\"async\" class=\"breakdance-image-object\" src=\"https:\/\/www.campingcotedeslegendes.com\/wp-content\/uploads\/2024\/06\/DRONE-3-1024x576.jpg\" width=\"1024\" height=\"576\" srcset=\"https:\/\/www.campingcotedeslegendes.com\/wp-content\/uploads\/2024\/06\/DRONE-3-scaled.jpg 2560w, https:\/\/www.campingcotedeslegendes.com\/wp-content\/uploads\/2024\/06\/DRONE-3-300x169.jpg 300w, https:\/\/www.campingcotedeslegendes.com\/wp-content\/uploads\/2024\/06\/DRONE-3-1024x576.jpg 1024w, https:\/\/www.campingcotedeslegendes.com\/wp-content\/uploads\/2024\/06\/DRONE-3-768x432.jpg 768w, https:\/\/www.campingcotedeslegendes.com\/wp-content\/uploads\/2024\/06\/DRONE-3-1536x864.jpg 1536w, https:\/\/www.campingcotedeslegendes.com\/wp-content\/uploads\/2024\/06\/DRONE-3-2048x1152.jpg 2048w, https:\/\/www.campingcotedeslegendes.com\/wp-content\/uploads\/2024\/06\/DRONE-3-18x10.jpg 18w\" sizes=\"auto, (max-width: 2560px) 100vw, 2560px\">\n          \n                      <figcaption class=\"ee-gallery-item-caption\">\n              default\n            <\/figcaption>\n                  <\/figure>\n      <\/a>\n\n                \n      <a class=\"ee-gallery-item ee-gallery-item--image ee-gallery-item--single\" href=\"https:\/\/www.campingcotedeslegendes.com\/wp-content\/uploads\/2024\/10\/CHALET-VUE-MER-1-CHAMBRE-4-scaled.jpg\"  data-sub-html=\"\" data-category=\"1\"                  data-lg-size=\"2560-1707\"\n\n      >\n        <figure class=\"ee-gallery-item-figure\">\n                        <img loading=\"lazy\" decoding=\"async\" class=\"breakdance-image-object\" src=\"https:\/\/www.campingcotedeslegendes.com\/wp-content\/uploads\/2024\/10\/CHALET-VUE-MER-1-CHAMBRE-4-1024x683.jpg\" width=\"1024\" height=\"683\" srcset=\"https:\/\/www.campingcotedeslegendes.com\/wp-content\/uploads\/2024\/10\/CHALET-VUE-MER-1-CHAMBRE-4-scaled.jpg 2560w, https:\/\/www.campingcotedeslegendes.com\/wp-content\/uploads\/2024\/10\/CHALET-VUE-MER-1-CHAMBRE-4-300x200.jpg 300w, https:\/\/www.campingcotedeslegendes.com\/wp-content\/uploads\/2024\/10\/CHALET-VUE-MER-1-CHAMBRE-4-1024x683.jpg 1024w, https:\/\/www.campingcotedeslegendes.com\/wp-content\/uploads\/2024\/10\/CHALET-VUE-MER-1-CHAMBRE-4-768x512.jpg 768w, https:\/\/www.campingcotedeslegendes.com\/wp-content\/uploads\/2024\/10\/CHALET-VUE-MER-1-CHAMBRE-4-1536x1024.jpg 1536w, https:\/\/www.campingcotedeslegendes.com\/wp-content\/uploads\/2024\/10\/CHALET-VUE-MER-1-CHAMBRE-4-2048x1365.jpg 2048w, https:\/\/www.campingcotedeslegendes.com\/wp-content\/uploads\/2024\/10\/CHALET-VUE-MER-1-CHAMBRE-4-18x12.jpg 18w\" sizes=\"auto, (max-width: 2560px) 100vw, 2560px\">\n          \n                  <\/figure>\n      <\/a>\n\n                \n      <a class=\"ee-gallery-item ee-gallery-item--image ee-gallery-item--single\" href=\"https:\/\/www.campingcotedeslegendes.com\/wp-content\/uploads\/2024\/10\/EXOTIQUE-3-CH-8-scaled.jpg\"  data-sub-html=\"\" data-category=\"1\"                  data-lg-size=\"2560-1707\"\n\n      >\n        <figure class=\"ee-gallery-item-figure\">\n                        <img loading=\"lazy\" decoding=\"async\" class=\"breakdance-image-object\" src=\"https:\/\/www.campingcotedeslegendes.com\/wp-content\/uploads\/2024\/10\/EXOTIQUE-3-CH-8-1024x683.jpg\" width=\"1024\" height=\"683\" srcset=\"https:\/\/www.campingcotedeslegendes.com\/wp-content\/uploads\/2024\/10\/EXOTIQUE-3-CH-8-scaled.jpg 2560w, https:\/\/www.campingcotedeslegendes.com\/wp-content\/uploads\/2024\/10\/EXOTIQUE-3-CH-8-300x200.jpg 300w, https:\/\/www.campingcotedeslegendes.com\/wp-content\/uploads\/2024\/10\/EXOTIQUE-3-CH-8-1024x683.jpg 1024w, https:\/\/www.campingcotedeslegendes.com\/wp-content\/uploads\/2024\/10\/EXOTIQUE-3-CH-8-768x512.jpg 768w, https:\/\/www.campingcotedeslegendes.com\/wp-content\/uploads\/2024\/10\/EXOTIQUE-3-CH-8-1536x1024.jpg 1536w, https:\/\/www.campingcotedeslegendes.com\/wp-content\/uploads\/2024\/10\/EXOTIQUE-3-CH-8-2048x1365.jpg 2048w, https:\/\/www.campingcotedeslegendes.com\/wp-content\/uploads\/2024\/10\/EXOTIQUE-3-CH-8-18x12.jpg 18w\" sizes=\"auto, (max-width: 2560px) 100vw, 2560px\">\n          \n                  <\/figure>\n      <\/a>\n\n                \n      <a class=\"ee-gallery-item ee-gallery-item--image ee-gallery-item--single\" href=\"https:\/\/www.campingcotedeslegendes.com\/wp-content\/uploads\/2024\/10\/EXOTIQUE-3-CH-7.jpg\"  data-sub-html=\"\" data-category=\"1\"                  data-lg-size=\"800-533\"\n\n      >\n        <figure class=\"ee-gallery-item-figure\">\n                        <img loading=\"lazy\" decoding=\"async\" class=\"breakdance-image-object\" src=\"https:\/\/www.campingcotedeslegendes.com\/wp-content\/uploads\/2024\/10\/EXOTIQUE-3-CH-7.jpg\" width=\"800\" height=\"533\" srcset=\"https:\/\/www.campingcotedeslegendes.com\/wp-content\/uploads\/2024\/10\/EXOTIQUE-3-CH-7.jpg 800w, https:\/\/www.campingcotedeslegendes.com\/wp-content\/uploads\/2024\/10\/EXOTIQUE-3-CH-7-300x200.jpg 300w, https:\/\/www.campingcotedeslegendes.com\/wp-content\/uploads\/2024\/10\/EXOTIQUE-3-CH-7-768x512.jpg 768w, https:\/\/www.campingcotedeslegendes.com\/wp-content\/uploads\/2024\/10\/EXOTIQUE-3-CH-7-18x12.jpg 18w\" sizes=\"auto, (max-width: 800px) 100vw, 800px\">\n          \n                  <\/figure>\n      <\/a>\n\n                \n      <a class=\"ee-gallery-item ee-gallery-item--image ee-gallery-item--single\" href=\"https:\/\/www.campingcotedeslegendes.com\/wp-content\/uploads\/2024\/10\/EXOTIQUE-3-CH-6.jpg\"  data-sub-html=\"\" data-category=\"1\"                  data-lg-size=\"533-800\"\n\n      >\n        <figure class=\"ee-gallery-item-figure\">\n                        <img loading=\"lazy\" decoding=\"async\" class=\"breakdance-image-object\" src=\"https:\/\/www.campingcotedeslegendes.com\/wp-content\/uploads\/2024\/10\/EXOTIQUE-3-CH-6.jpg\" width=\"533\" height=\"800\" srcset=\"https:\/\/www.campingcotedeslegendes.com\/wp-content\/uploads\/2024\/10\/EXOTIQUE-3-CH-6.jpg 533w, https:\/\/www.campingcotedeslegendes.com\/wp-content\/uploads\/2024\/10\/EXOTIQUE-3-CH-6-200x300.jpg 200w, https:\/\/www.campingcotedeslegendes.com\/wp-content\/uploads\/2024\/10\/EXOTIQUE-3-CH-6-8x12.jpg 8w\" sizes=\"auto, (max-width: 533px) 100vw, 533px\">\n          \n                  <\/figure>\n      <\/a>\n\n                \n      <a class=\"ee-gallery-item ee-gallery-item--image ee-gallery-item--single\" href=\"https:\/\/www.campingcotedeslegendes.com\/wp-content\/uploads\/2024\/10\/EXOTIQUE-3-CH-4-scaled.jpg\"  data-sub-html=\"\" data-category=\"1\"                  data-lg-size=\"2560-1707\"\n\n      >\n        <figure class=\"ee-gallery-item-figure\">\n                        <img loading=\"lazy\" decoding=\"async\" class=\"breakdance-image-object\" src=\"https:\/\/www.campingcotedeslegendes.com\/wp-content\/uploads\/2024\/10\/EXOTIQUE-3-CH-4-1024x683.jpg\" width=\"1024\" height=\"683\" srcset=\"https:\/\/www.campingcotedeslegendes.com\/wp-content\/uploads\/2024\/10\/EXOTIQUE-3-CH-4-scaled.jpg 2560w, https:\/\/www.campingcotedeslegendes.com\/wp-content\/uploads\/2024\/10\/EXOTIQUE-3-CH-4-300x200.jpg 300w, https:\/\/www.campingcotedeslegendes.com\/wp-content\/uploads\/2024\/10\/EXOTIQUE-3-CH-4-1024x683.jpg 1024w, https:\/\/www.campingcotedeslegendes.com\/wp-content\/uploads\/2024\/10\/EXOTIQUE-3-CH-4-768x512.jpg 768w, https:\/\/www.campingcotedeslegendes.com\/wp-content\/uploads\/2024\/10\/EXOTIQUE-3-CH-4-1536x1024.jpg 1536w, https:\/\/www.campingcotedeslegendes.com\/wp-content\/uploads\/2024\/10\/EXOTIQUE-3-CH-4-2048x1365.jpg 2048w, https:\/\/www.campingcotedeslegendes.com\/wp-content\/uploads\/2024\/10\/EXOTIQUE-3-CH-4-18x12.jpg 18w\" sizes=\"auto, (max-width: 2560px) 100vw, 2560px\">\n          \n                  <\/figure>\n      <\/a>\n\n                \n      <a class=\"ee-gallery-item ee-gallery-item--image ee-gallery-item--single\" href=\"https:\/\/www.campingcotedeslegendes.com\/wp-content\/uploads\/2024\/10\/EXOTIQUE-2-CH-1-scaled.jpg\"  data-sub-html=\"\" data-category=\"1\"                  data-lg-size=\"2560-1707\"\n\n      >\n        <figure class=\"ee-gallery-item-figure\">\n                        <img loading=\"lazy\" decoding=\"async\" class=\"breakdance-image-object\" src=\"https:\/\/www.campingcotedeslegendes.com\/wp-content\/uploads\/2024\/10\/EXOTIQUE-2-CH-1-1024x683.jpg\" width=\"1024\" height=\"683\" srcset=\"https:\/\/www.campingcotedeslegendes.com\/wp-content\/uploads\/2024\/10\/EXOTIQUE-2-CH-1-scaled.jpg 2560w, https:\/\/www.campingcotedeslegendes.com\/wp-content\/uploads\/2024\/10\/EXOTIQUE-2-CH-1-300x200.jpg 300w, https:\/\/www.campingcotedeslegendes.com\/wp-content\/uploads\/2024\/10\/EXOTIQUE-2-CH-1-1024x683.jpg 1024w, https:\/\/www.campingcotedeslegendes.com\/wp-content\/uploads\/2024\/10\/EXOTIQUE-2-CH-1-768x512.jpg 768w, https:\/\/www.campingcotedeslegendes.com\/wp-content\/uploads\/2024\/10\/EXOTIQUE-2-CH-1-1536x1024.jpg 1536w, https:\/\/www.campingcotedeslegendes.com\/wp-content\/uploads\/2024\/10\/EXOTIQUE-2-CH-1-2048x1365.jpg 2048w, https:\/\/www.campingcotedeslegendes.com\/wp-content\/uploads\/2024\/10\/EXOTIQUE-2-CH-1-18x12.jpg 18w\" sizes=\"auto, (max-width: 2560px) 100vw, 2560px\">\n          \n                  <\/figure>\n      <\/a>\n\n                \n      <a class=\"ee-gallery-item ee-gallery-item--image ee-gallery-item--single\" href=\"https:\/\/www.campingcotedeslegendes.com\/wp-content\/uploads\/2024\/10\/EXOTIQUE-2-CH-11-scaled.jpg\"  data-sub-html=\"\" data-category=\"1\"                  data-lg-size=\"1707-2560\"\n\n      >\n        <figure class=\"ee-gallery-item-figure\">\n                        <img loading=\"lazy\" decoding=\"async\" class=\"breakdance-image-object\" src=\"https:\/\/www.campingcotedeslegendes.com\/wp-content\/uploads\/2024\/10\/EXOTIQUE-2-CH-11-683x1024.jpg\" width=\"683\" height=\"1024\" srcset=\"https:\/\/www.campingcotedeslegendes.com\/wp-content\/uploads\/2024\/10\/EXOTIQUE-2-CH-11-scaled.jpg 1707w, https:\/\/www.campingcotedeslegendes.com\/wp-content\/uploads\/2024\/10\/EXOTIQUE-2-CH-11-200x300.jpg 200w, https:\/\/www.campingcotedeslegendes.com\/wp-content\/uploads\/2024\/10\/EXOTIQUE-2-CH-11-683x1024.jpg 683w, https:\/\/www.campingcotedeslegendes.com\/wp-content\/uploads\/2024\/10\/EXOTIQUE-2-CH-11-768x1152.jpg 768w, https:\/\/www.campingcotedeslegendes.com\/wp-content\/uploads\/2024\/10\/EXOTIQUE-2-CH-11-1024x1536.jpg 1024w, https:\/\/www.campingcotedeslegendes.com\/wp-content\/uploads\/2024\/10\/EXOTIQUE-2-CH-11-1365x2048.jpg 1365w, https:\/\/www.campingcotedeslegendes.com\/wp-content\/uploads\/2024\/10\/EXOTIQUE-2-CH-11-8x12.jpg 8w\" sizes=\"auto, (max-width: 1707px) 100vw, 1707px\">\n          \n                  <\/figure>\n      <\/a>\n\n                \n      <a class=\"ee-gallery-item ee-gallery-item--image ee-gallery-item--single\" href=\"https:\/\/www.campingcotedeslegendes.com\/wp-content\/uploads\/2024\/10\/EXOTIQUE-SPA-3-CH-2-scaled.jpg\"  data-sub-html=\"\" data-category=\"1\"                  data-lg-size=\"2560-1707\"\n\n      >\n        <figure class=\"ee-gallery-item-figure\">\n                        <img loading=\"lazy\" decoding=\"async\" class=\"breakdance-image-object\" src=\"https:\/\/www.campingcotedeslegendes.com\/wp-content\/uploads\/2024\/10\/EXOTIQUE-SPA-3-CH-2-1024x683.jpg\" width=\"1024\" height=\"683\" srcset=\"https:\/\/www.campingcotedeslegendes.com\/wp-content\/uploads\/2024\/10\/EXOTIQUE-SPA-3-CH-2-scaled.jpg 2560w, https:\/\/www.campingcotedeslegendes.com\/wp-content\/uploads\/2024\/10\/EXOTIQUE-SPA-3-CH-2-300x200.jpg 300w, https:\/\/www.campingcotedeslegendes.com\/wp-content\/uploads\/2024\/10\/EXOTIQUE-SPA-3-CH-2-1024x683.jpg 1024w, https:\/\/www.campingcotedeslegendes.com\/wp-content\/uploads\/2024\/10\/EXOTIQUE-SPA-3-CH-2-768x512.jpg 768w, https:\/\/www.campingcotedeslegendes.com\/wp-content\/uploads\/2024\/10\/EXOTIQUE-SPA-3-CH-2-1536x1024.jpg 1536w, https:\/\/www.campingcotedeslegendes.com\/wp-content\/uploads\/2024\/10\/EXOTIQUE-SPA-3-CH-2-2048x1365.jpg 2048w, https:\/\/www.campingcotedeslegendes.com\/wp-content\/uploads\/2024\/10\/EXOTIQUE-SPA-3-CH-2-18x12.jpg 18w\" sizes=\"auto, (max-width: 2560px) 100vw, 2560px\">\n          \n                      <figcaption class=\"ee-gallery-item-caption\">\n              default\n            <\/figcaption>\n                  <\/figure>\n      <\/a>\n\n                \n      <a class=\"ee-gallery-item ee-gallery-item--image ee-gallery-item--single\" href=\"https:\/\/www.campingcotedeslegendes.com\/wp-content\/uploads\/2024\/10\/MIK_3439-1-scaled.jpg\"  data-sub-html=\"\" data-category=\"1\"                  data-lg-size=\"2560-1707\"\n\n      >\n        <figure class=\"ee-gallery-item-figure\">\n                        <img loading=\"lazy\" decoding=\"async\" class=\"breakdance-image-object\" src=\"https:\/\/www.campingcotedeslegendes.com\/wp-content\/uploads\/2024\/10\/MIK_3439-1-1024x683.jpg\" width=\"1024\" height=\"683\" srcset=\"https:\/\/www.campingcotedeslegendes.com\/wp-content\/uploads\/2024\/10\/MIK_3439-1-scaled.jpg 2560w, https:\/\/www.campingcotedeslegendes.com\/wp-content\/uploads\/2024\/10\/MIK_3439-1-300x200.jpg 300w, https:\/\/www.campingcotedeslegendes.com\/wp-content\/uploads\/2024\/10\/MIK_3439-1-1024x683.jpg 1024w, https:\/\/www.campingcotedeslegendes.com\/wp-content\/uploads\/2024\/10\/MIK_3439-1-768x512.jpg 768w, https:\/\/www.campingcotedeslegendes.com\/wp-content\/uploads\/2024\/10\/MIK_3439-1-1536x1024.jpg 1536w, https:\/\/www.campingcotedeslegendes.com\/wp-content\/uploads\/2024\/10\/MIK_3439-1-2048x1365.jpg 2048w, https:\/\/www.campingcotedeslegendes.com\/wp-content\/uploads\/2024\/10\/MIK_3439-1-18x12.jpg 18w\" sizes=\"auto, (max-width: 2560px) 100vw, 2560px\">\n          \n                  <\/figure>\n      <\/a>\n\n                \n      <a class=\"ee-gallery-item ee-gallery-item--image ee-gallery-item--single\" href=\"https:\/\/www.campingcotedeslegendes.com\/wp-content\/uploads\/2024\/10\/MIK_3432-scaled.jpg\"  data-sub-html=\"\" data-category=\"1\"                  data-lg-size=\"2560-1707\"\n\n      >\n        <figure class=\"ee-gallery-item-figure\">\n                        <img loading=\"lazy\" decoding=\"async\" class=\"breakdance-image-object\" src=\"https:\/\/www.campingcotedeslegendes.com\/wp-content\/uploads\/2024\/10\/MIK_3432-1024x683.jpg\" width=\"1024\" height=\"683\" srcset=\"https:\/\/www.campingcotedeslegendes.com\/wp-content\/uploads\/2024\/10\/MIK_3432-scaled.jpg 2560w, https:\/\/www.campingcotedeslegendes.com\/wp-content\/uploads\/2024\/10\/MIK_3432-300x200.jpg 300w, https:\/\/www.campingcotedeslegendes.com\/wp-content\/uploads\/2024\/10\/MIK_3432-1024x683.jpg 1024w, https:\/\/www.campingcotedeslegendes.com\/wp-content\/uploads\/2024\/10\/MIK_3432-768x512.jpg 768w, https:\/\/www.campingcotedeslegendes.com\/wp-content\/uploads\/2024\/10\/MIK_3432-1536x1024.jpg 1536w, https:\/\/www.campingcotedeslegendes.com\/wp-content\/uploads\/2024\/10\/MIK_3432-2048x1365.jpg 2048w, https:\/\/www.campingcotedeslegendes.com\/wp-content\/uploads\/2024\/10\/MIK_3432-18x12.jpg 18w\" sizes=\"auto, (max-width: 2560px) 100vw, 2560px\">\n          \n                  <\/figure>\n      <\/a>\n\n                \n      <a class=\"ee-gallery-item ee-gallery-item--image ee-gallery-item--single\" href=\"https:\/\/www.campingcotedeslegendes.com\/wp-content\/uploads\/2024\/10\/MIK_3497-scaled.jpg\"  data-sub-html=\"\" data-category=\"1\"                  data-lg-size=\"1707-2560\"\n\n      >\n        <figure class=\"ee-gallery-item-figure\">\n                        <img loading=\"lazy\" decoding=\"async\" class=\"breakdance-image-object\" src=\"https:\/\/www.campingcotedeslegendes.com\/wp-content\/uploads\/2024\/10\/MIK_3497-683x1024.jpg\" width=\"683\" height=\"1024\" srcset=\"https:\/\/www.campingcotedeslegendes.com\/wp-content\/uploads\/2024\/10\/MIK_3497-scaled.jpg 1707w, https:\/\/www.campingcotedeslegendes.com\/wp-content\/uploads\/2024\/10\/MIK_3497-200x300.jpg 200w, https:\/\/www.campingcotedeslegendes.com\/wp-content\/uploads\/2024\/10\/MIK_3497-683x1024.jpg 683w, https:\/\/www.campingcotedeslegendes.com\/wp-content\/uploads\/2024\/10\/MIK_3497-768x1152.jpg 768w, https:\/\/www.campingcotedeslegendes.com\/wp-content\/uploads\/2024\/10\/MIK_3497-1024x1536.jpg 1024w, https:\/\/www.campingcotedeslegendes.com\/wp-content\/uploads\/2024\/10\/MIK_3497-1365x2048.jpg 1365w, https:\/\/www.campingcotedeslegendes.com\/wp-content\/uploads\/2024\/10\/MIK_3497-8x12.jpg 8w\" sizes=\"auto, (max-width: 1707px) 100vw, 1707px\">\n          \n                  <\/figure>\n      <\/a>\n\n                \n      <a class=\"ee-gallery-item ee-gallery-item--image ee-gallery-item--single\" href=\"https:\/\/www.campingcotedeslegendes.com\/wp-content\/uploads\/2024\/10\/DUNES-2-CH-2.jpg\"  data-sub-html=\"\" data-category=\"1\"                  data-lg-size=\"800-1199\"\n\n      >\n        <figure class=\"ee-gallery-item-figure\">\n                        <img loading=\"lazy\" decoding=\"async\" class=\"breakdance-image-object\" src=\"https:\/\/www.campingcotedeslegendes.com\/wp-content\/uploads\/2024\/10\/DUNES-2-CH-2-683x1024.jpg\" width=\"683\" height=\"1024\" srcset=\"https:\/\/www.campingcotedeslegendes.com\/wp-content\/uploads\/2024\/10\/DUNES-2-CH-2.jpg 800w, https:\/\/www.campingcotedeslegendes.com\/wp-content\/uploads\/2024\/10\/DUNES-2-CH-2-200x300.jpg 200w, https:\/\/www.campingcotedeslegendes.com\/wp-content\/uploads\/2024\/10\/DUNES-2-CH-2-683x1024.jpg 683w, https:\/\/www.campingcotedeslegendes.com\/wp-content\/uploads\/2024\/10\/DUNES-2-CH-2-768x1151.jpg 768w, https:\/\/www.campingcotedeslegendes.com\/wp-content\/uploads\/2024\/10\/DUNES-2-CH-2-8x12.jpg 8w\" sizes=\"auto, (max-width: 800px) 100vw, 800px\">\n          \n                  <\/figure>\n      <\/a>\n\n                \n      <a class=\"ee-gallery-item ee-gallery-item--image ee-gallery-item--single\" href=\"https:\/\/www.campingcotedeslegendes.com\/wp-content\/uploads\/2024\/10\/MIK_3474-scaled.jpg\"  data-sub-html=\"\" data-category=\"1\"                  data-lg-size=\"2560-1707\"\n\n      >\n        <figure class=\"ee-gallery-item-figure\">\n                        <img loading=\"lazy\" decoding=\"async\" class=\"breakdance-image-object\" src=\"https:\/\/www.campingcotedeslegendes.com\/wp-content\/uploads\/2024\/10\/MIK_3474-1024x683.jpg\" width=\"1024\" height=\"683\" srcset=\"https:\/\/www.campingcotedeslegendes.com\/wp-content\/uploads\/2024\/10\/MIK_3474-scaled.jpg 2560w, https:\/\/www.campingcotedeslegendes.com\/wp-content\/uploads\/2024\/10\/MIK_3474-300x200.jpg 300w, https:\/\/www.campingcotedeslegendes.com\/wp-content\/uploads\/2024\/10\/MIK_3474-1024x683.jpg 1024w, https:\/\/www.campingcotedeslegendes.com\/wp-content\/uploads\/2024\/10\/MIK_3474-768x512.jpg 768w, https:\/\/www.campingcotedeslegendes.com\/wp-content\/uploads\/2024\/10\/MIK_3474-1536x1024.jpg 1536w, https:\/\/www.campingcotedeslegendes.com\/wp-content\/uploads\/2024\/10\/MIK_3474-2048x1365.jpg 2048w, https:\/\/www.campingcotedeslegendes.com\/wp-content\/uploads\/2024\/10\/MIK_3474-18x12.jpg 18w\" sizes=\"auto, (max-width: 2560px) 100vw, 2560px\">\n          \n                  <\/figure>\n      <\/a>\n\n                \n      <a class=\"ee-gallery-item ee-gallery-item--image ee-gallery-item--single\" href=\"https:\/\/www.campingcotedeslegendes.com\/wp-content\/uploads\/2024\/10\/MIK_3478-scaled.jpg\"  data-sub-html=\"\" data-category=\"1\"                  data-lg-size=\"2560-1707\"\n\n      >\n        <figure class=\"ee-gallery-item-figure\">\n                        <img loading=\"lazy\" decoding=\"async\" class=\"breakdance-image-object\" src=\"https:\/\/www.campingcotedeslegendes.com\/wp-content\/uploads\/2024\/10\/MIK_3478-1024x683.jpg\" width=\"1024\" height=\"683\" srcset=\"https:\/\/www.campingcotedeslegendes.com\/wp-content\/uploads\/2024\/10\/MIK_3478-scaled.jpg 2560w, https:\/\/www.campingcotedeslegendes.com\/wp-content\/uploads\/2024\/10\/MIK_3478-300x200.jpg 300w, https:\/\/www.campingcotedeslegendes.com\/wp-content\/uploads\/2024\/10\/MIK_3478-1024x683.jpg 1024w, https:\/\/www.campingcotedeslegendes.com\/wp-content\/uploads\/2024\/10\/MIK_3478-768x512.jpg 768w, https:\/\/www.campingcotedeslegendes.com\/wp-content\/uploads\/2024\/10\/MIK_3478-1536x1024.jpg 1536w, https:\/\/www.campingcotedeslegendes.com\/wp-content\/uploads\/2024\/10\/MIK_3478-2048x1365.jpg 2048w, https:\/\/www.campingcotedeslegendes.com\/wp-content\/uploads\/2024\/10\/MIK_3478-18x12.jpg 18w\" sizes=\"auto, (max-width: 2560px) 100vw, 2560px\">\n          \n                  <\/figure>\n      <\/a>\n\n                \n      <a class=\"ee-gallery-item ee-gallery-item--image ee-gallery-item--single\" href=\"https:\/\/www.campingcotedeslegendes.com\/wp-content\/uploads\/2024\/10\/MIK_3448-scaled.jpg\"  data-sub-html=\"\" data-category=\"1\"                  data-lg-size=\"1707-2560\"\n\n      >\n        <figure class=\"ee-gallery-item-figure\">\n                        <img loading=\"lazy\" decoding=\"async\" class=\"breakdance-image-object\" src=\"https:\/\/www.campingcotedeslegendes.com\/wp-content\/uploads\/2024\/10\/MIK_3448-683x1024.jpg\" width=\"683\" height=\"1024\" srcset=\"https:\/\/www.campingcotedeslegendes.com\/wp-content\/uploads\/2024\/10\/MIK_3448-scaled.jpg 1707w, https:\/\/www.campingcotedeslegendes.com\/wp-content\/uploads\/2024\/10\/MIK_3448-200x300.jpg 200w, https:\/\/www.campingcotedeslegendes.com\/wp-content\/uploads\/2024\/10\/MIK_3448-683x1024.jpg 683w, https:\/\/www.campingcotedeslegendes.com\/wp-content\/uploads\/2024\/10\/MIK_3448-768x1152.jpg 768w, https:\/\/www.campingcotedeslegendes.com\/wp-content\/uploads\/2024\/10\/MIK_3448-1024x1536.jpg 1024w, https:\/\/www.campingcotedeslegendes.com\/wp-content\/uploads\/2024\/10\/MIK_3448-1365x2048.jpg 1365w, https:\/\/www.campingcotedeslegendes.com\/wp-content\/uploads\/2024\/10\/MIK_3448-8x12.jpg 8w\" sizes=\"auto, (max-width: 1707px) 100vw, 1707px\">\n          \n                  <\/figure>\n      <\/a>\n\n                \n      <a class=\"ee-gallery-item ee-gallery-item--image ee-gallery-item--single\" href=\"https:\/\/www.campingcotedeslegendes.com\/wp-content\/uploads\/2024\/10\/image00003-scaled.jpeg\"  data-sub-html=\"\" data-category=\"1\"                  data-lg-size=\"1920-2560\"\n\n      >\n        <figure class=\"ee-gallery-item-figure\">\n                        <img loading=\"lazy\" decoding=\"async\" class=\"breakdance-image-object\" src=\"https:\/\/www.campingcotedeslegendes.com\/wp-content\/uploads\/2024\/10\/image00003-768x1024.jpeg\" width=\"768\" height=\"1024\" srcset=\"https:\/\/www.campingcotedeslegendes.com\/wp-content\/uploads\/2024\/10\/image00003-scaled.jpeg 1920w, https:\/\/www.campingcotedeslegendes.com\/wp-content\/uploads\/2024\/10\/image00003-225x300.jpeg 225w, https:\/\/www.campingcotedeslegendes.com\/wp-content\/uploads\/2024\/10\/image00003-768x1024.jpeg 768w, https:\/\/www.campingcotedeslegendes.com\/wp-content\/uploads\/2024\/10\/image00003-1152x1536.jpeg 1152w, https:\/\/www.campingcotedeslegendes.com\/wp-content\/uploads\/2024\/10\/image00003-1536x2048.jpeg 1536w, https:\/\/www.campingcotedeslegendes.com\/wp-content\/uploads\/2024\/10\/image00003-9x12.jpeg 9w\" sizes=\"auto, (max-width: 1920px) 100vw, 1920px\">\n          \n                  <\/figure>\n      <\/a>\n\n                \n      <a class=\"ee-gallery-item ee-gallery-item--image ee-gallery-item--single\" href=\"https:\/\/www.campingcotedeslegendes.com\/wp-content\/uploads\/2024\/10\/20240810_163205-scaled.jpg\"  data-sub-html=\"\" data-category=\"1\"                  data-lg-size=\"1920-2560\"\n\n      >\n        <figure class=\"ee-gallery-item-figure\">\n                        <img loading=\"lazy\" decoding=\"async\" class=\"breakdance-image-object\" src=\"https:\/\/www.campingcotedeslegendes.com\/wp-content\/uploads\/2024\/10\/20240810_163205-768x1024.jpg\" width=\"768\" height=\"1024\" srcset=\"https:\/\/www.campingcotedeslegendes.com\/wp-content\/uploads\/2024\/10\/20240810_163205-scaled.jpg 1920w, https:\/\/www.campingcotedeslegendes.com\/wp-content\/uploads\/2024\/10\/20240810_163205-225x300.jpg 225w, https:\/\/www.campingcotedeslegendes.com\/wp-content\/uploads\/2024\/10\/20240810_163205-768x1024.jpg 768w, https:\/\/www.campingcotedeslegendes.com\/wp-content\/uploads\/2024\/10\/20240810_163205-1152x1536.jpg 1152w, https:\/\/www.campingcotedeslegendes.com\/wp-content\/uploads\/2024\/10\/20240810_163205-1536x2048.jpg 1536w, https:\/\/www.campingcotedeslegendes.com\/wp-content\/uploads\/2024\/10\/20240810_163205-9x12.jpg 9w\" sizes=\"auto, (max-width: 1920px) 100vw, 1920px\">\n          \n                  <\/figure>\n      <\/a>\n\n                \n      <a class=\"ee-gallery-item ee-gallery-item--image ee-gallery-item--single\" href=\"https:\/\/www.campingcotedeslegendes.com\/wp-content\/uploads\/2024\/12\/image00067-scaled.jpeg\"  data-sub-html=\"\" data-category=\"1\"                  data-lg-size=\"2560-1305\"\n\n      >\n        <figure class=\"ee-gallery-item-figure\">\n                        <img loading=\"lazy\" decoding=\"async\" class=\"breakdance-image-object\" src=\"https:\/\/www.campingcotedeslegendes.com\/wp-content\/uploads\/2024\/12\/image00067-1024x522.jpeg\" width=\"1024\" height=\"522\" srcset=\"https:\/\/www.campingcotedeslegendes.com\/wp-content\/uploads\/2024\/12\/image00067-scaled.jpeg 2560w, https:\/\/www.campingcotedeslegendes.com\/wp-content\/uploads\/2024\/12\/image00067-300x153.jpeg 300w, https:\/\/www.campingcotedeslegendes.com\/wp-content\/uploads\/2024\/12\/image00067-1024x522.jpeg 1024w, https:\/\/www.campingcotedeslegendes.com\/wp-content\/uploads\/2024\/12\/image00067-768x392.jpeg 768w, https:\/\/www.campingcotedeslegendes.com\/wp-content\/uploads\/2024\/12\/image00067-1536x783.jpeg 1536w, https:\/\/www.campingcotedeslegendes.com\/wp-content\/uploads\/2024\/12\/image00067-2048x1044.jpeg 2048w, https:\/\/www.campingcotedeslegendes.com\/wp-content\/uploads\/2024\/12\/image00067-18x9.jpeg 18w\" sizes=\"auto, (max-width: 2560px) 100vw, 2560px\">\n          \n                  <\/figure>\n      <\/a>\n\n                \n      <a class=\"ee-gallery-item ee-gallery-item--image ee-gallery-item--single\" href=\"https:\/\/www.campingcotedeslegendes.com\/wp-content\/uploads\/2024\/12\/DJI_0088-scaled.jpg\"  data-sub-html=\"\" data-category=\"1\"                  data-lg-size=\"2560-1440\"\n\n      >\n        <figure class=\"ee-gallery-item-figure\">\n                        <img loading=\"lazy\" decoding=\"async\" class=\"breakdance-image-object\" src=\"https:\/\/www.campingcotedeslegendes.com\/wp-content\/uploads\/2024\/12\/DJI_0088-1024x576.jpg\" width=\"1024\" height=\"576\" srcset=\"https:\/\/www.campingcotedeslegendes.com\/wp-content\/uploads\/2024\/12\/DJI_0088-scaled.jpg 2560w, https:\/\/www.campingcotedeslegendes.com\/wp-content\/uploads\/2024\/12\/DJI_0088-300x169.jpg 300w, https:\/\/www.campingcotedeslegendes.com\/wp-content\/uploads\/2024\/12\/DJI_0088-1024x576.jpg 1024w, https:\/\/www.campingcotedeslegendes.com\/wp-content\/uploads\/2024\/12\/DJI_0088-768x432.jpg 768w, https:\/\/www.campingcotedeslegendes.com\/wp-content\/uploads\/2024\/12\/DJI_0088-1536x864.jpg 1536w, https:\/\/www.campingcotedeslegendes.com\/wp-content\/uploads\/2024\/12\/DJI_0088-2048x1152.jpg 2048w, https:\/\/www.campingcotedeslegendes.com\/wp-content\/uploads\/2024\/12\/DJI_0088-18x10.jpg 18w\" sizes=\"auto, (max-width: 2560px) 100vw, 2560px\">\n          \n                      <figcaption class=\"ee-gallery-item-caption\">\n              default\n            <\/figcaption>\n                  <\/figure>\n      <\/a>\n\n                \n      <a class=\"ee-gallery-item ee-gallery-item--image ee-gallery-item--single\" href=\"https:\/\/www.campingcotedeslegendes.com\/wp-content\/uploads\/2024\/12\/ABR03598-scaled.jpg\"  data-sub-html=\"\" data-category=\"1\"                  data-lg-size=\"2560-1707\"\n\n      >\n        <figure class=\"ee-gallery-item-figure\">\n                        <img loading=\"lazy\" decoding=\"async\" class=\"breakdance-image-object\" src=\"https:\/\/www.campingcotedeslegendes.com\/wp-content\/uploads\/2024\/12\/ABR03598-1024x683.jpg\" width=\"1024\" height=\"683\" srcset=\"https:\/\/www.campingcotedeslegendes.com\/wp-content\/uploads\/2024\/12\/ABR03598-scaled.jpg 2560w, https:\/\/www.campingcotedeslegendes.com\/wp-content\/uploads\/2024\/12\/ABR03598-300x200.jpg 300w, https:\/\/www.campingcotedeslegendes.com\/wp-content\/uploads\/2024\/12\/ABR03598-1024x683.jpg 1024w, https:\/\/www.campingcotedeslegendes.com\/wp-content\/uploads\/2024\/12\/ABR03598-768x512.jpg 768w, https:\/\/www.campingcotedeslegendes.com\/wp-content\/uploads\/2024\/12\/ABR03598-1536x1024.jpg 1536w, https:\/\/www.campingcotedeslegendes.com\/wp-content\/uploads\/2024\/12\/ABR03598-2048x1365.jpg 2048w, https:\/\/www.campingcotedeslegendes.com\/wp-content\/uploads\/2024\/12\/ABR03598-18x12.jpg 18w\" sizes=\"auto, (max-width: 2560px) 100vw, 2560px\">\n          \n                  <\/figure>\n      <\/a>\n\n                \n      <a class=\"ee-gallery-item ee-gallery-item--image ee-gallery-item--single\" href=\"https:\/\/www.campingcotedeslegendes.com\/wp-content\/uploads\/2024\/12\/DJI_0198-scaled.jpg\"  data-sub-html=\"\" data-category=\"1\"                  data-lg-size=\"2560-1707\"\n\n      >\n        <figure class=\"ee-gallery-item-figure\">\n                        <img loading=\"lazy\" decoding=\"async\" class=\"breakdance-image-object\" src=\"https:\/\/www.campingcotedeslegendes.com\/wp-content\/uploads\/2024\/12\/DJI_0198-1024x683.jpg\" width=\"1024\" height=\"683\" srcset=\"https:\/\/www.campingcotedeslegendes.com\/wp-content\/uploads\/2024\/12\/DJI_0198-scaled.jpg 2560w, https:\/\/www.campingcotedeslegendes.com\/wp-content\/uploads\/2024\/12\/DJI_0198-300x200.jpg 300w, https:\/\/www.campingcotedeslegendes.com\/wp-content\/uploads\/2024\/12\/DJI_0198-1024x683.jpg 1024w, https:\/\/www.campingcotedeslegendes.com\/wp-content\/uploads\/2024\/12\/DJI_0198-768x512.jpg 768w, https:\/\/www.campingcotedeslegendes.com\/wp-content\/uploads\/2024\/12\/DJI_0198-1536x1024.jpg 1536w, https:\/\/www.campingcotedeslegendes.com\/wp-content\/uploads\/2024\/12\/DJI_0198-2048x1365.jpg 2048w, https:\/\/www.campingcotedeslegendes.com\/wp-content\/uploads\/2024\/12\/DJI_0198-18x12.jpg 18w\" sizes=\"auto, (max-width: 2560px) 100vw, 2560px\">\n          \n                      <figcaption class=\"ee-gallery-item-caption\">\n              default\n            <\/figcaption>\n                  <\/figure>\n      <\/a>\n\n                \n      <a class=\"ee-gallery-item ee-gallery-item--image ee-gallery-item--single\" href=\"https:\/\/www.campingcotedeslegendes.com\/wp-content\/uploads\/2024\/12\/image00012-scaled.jpeg\"  data-sub-html=\"\" data-category=\"1\"                  data-lg-size=\"2560-1920\"\n\n      >\n        <figure class=\"ee-gallery-item-figure\">\n                        <img loading=\"lazy\" decoding=\"async\" class=\"breakdance-image-object\" src=\"https:\/\/www.campingcotedeslegendes.com\/wp-content\/uploads\/2024\/12\/image00012-1024x768.jpeg\" width=\"1024\" height=\"768\" srcset=\"https:\/\/www.campingcotedeslegendes.com\/wp-content\/uploads\/2024\/12\/image00012-scaled.jpeg 2560w, https:\/\/www.campingcotedeslegendes.com\/wp-content\/uploads\/2024\/12\/image00012-300x225.jpeg 300w, https:\/\/www.campingcotedeslegendes.com\/wp-content\/uploads\/2024\/12\/image00012-1024x768.jpeg 1024w, https:\/\/www.campingcotedeslegendes.com\/wp-content\/uploads\/2024\/12\/image00012-768x576.jpeg 768w, https:\/\/www.campingcotedeslegendes.com\/wp-content\/uploads\/2024\/12\/image00012-1536x1152.jpeg 1536w, https:\/\/www.campingcotedeslegendes.com\/wp-content\/uploads\/2024\/12\/image00012-2048x1536.jpeg 2048w, https:\/\/www.campingcotedeslegendes.com\/wp-content\/uploads\/2024\/12\/image00012-16x12.jpeg 16w\" sizes=\"auto, (max-width: 2560px) 100vw, 2560px\">\n          \n                  <\/figure>\n      <\/a>\n\n                \n      <a class=\"ee-gallery-item ee-gallery-item--image ee-gallery-item--single\" href=\"https:\/\/www.campingcotedeslegendes.com\/wp-content\/uploads\/2024\/12\/exot-dim.jpg\"  data-sub-html=\"\" data-category=\"1\"                  data-lg-size=\"1221-800\"\n\n      >\n        <figure class=\"ee-gallery-item-figure\">\n                        <img loading=\"lazy\" decoding=\"async\" class=\"breakdance-image-object\" src=\"https:\/\/www.campingcotedeslegendes.com\/wp-content\/uploads\/2024\/12\/exot-dim-1024x671.jpg\" width=\"1024\" height=\"671\" srcset=\"https:\/\/www.campingcotedeslegendes.com\/wp-content\/uploads\/2024\/12\/exot-dim.jpg 1221w, https:\/\/www.campingcotedeslegendes.com\/wp-content\/uploads\/2024\/12\/exot-dim-300x197.jpg 300w, https:\/\/www.campingcotedeslegendes.com\/wp-content\/uploads\/2024\/12\/exot-dim-1024x671.jpg 1024w, https:\/\/www.campingcotedeslegendes.com\/wp-content\/uploads\/2024\/12\/exot-dim-768x503.jpg 768w, https:\/\/www.campingcotedeslegendes.com\/wp-content\/uploads\/2024\/12\/exot-dim-18x12.jpg 18w\" sizes=\"auto, (max-width: 1221px) 100vw, 1221px\">\n          \n                  <\/figure>\n      <\/a>\n\n                \n      <a class=\"ee-gallery-item ee-gallery-item--image ee-gallery-item--single\" href=\"https:\/\/www.campingcotedeslegendes.com\/wp-content\/uploads\/2024\/12\/Meneham264-16\u00a9OTCDL-E.-Berthier.jpg\"  data-sub-html=\"\" data-category=\"1\"                  data-lg-size=\"1920-1278\"\n\n      >\n        <figure class=\"ee-gallery-item-figure\">\n                        <img loading=\"lazy\" decoding=\"async\" class=\"breakdance-image-object\" src=\"https:\/\/www.campingcotedeslegendes.com\/wp-content\/uploads\/2024\/12\/Meneham264-16\u00a9OTCDL-E.-Berthier-1024x682.jpg\" width=\"1024\" height=\"682\" srcset=\"https:\/\/www.campingcotedeslegendes.com\/wp-content\/uploads\/2024\/12\/Meneham264-16\u00a9OTCDL-E.-Berthier.jpg 1920w, https:\/\/www.campingcotedeslegendes.com\/wp-content\/uploads\/2024\/12\/Meneham264-16\u00a9OTCDL-E.-Berthier-300x200.jpg 300w, https:\/\/www.campingcotedeslegendes.com\/wp-content\/uploads\/2024\/12\/Meneham264-16\u00a9OTCDL-E.-Berthier-1024x682.jpg 1024w, https:\/\/www.campingcotedeslegendes.com\/wp-content\/uploads\/2024\/12\/Meneham264-16\u00a9OTCDL-E.-Berthier-768x511.jpg 768w, https:\/\/www.campingcotedeslegendes.com\/wp-content\/uploads\/2024\/12\/Meneham264-16\u00a9OTCDL-E.-Berthier-1536x1022.jpg 1536w, https:\/\/www.campingcotedeslegendes.com\/wp-content\/uploads\/2024\/12\/Meneham264-16\u00a9OTCDL-E.-Berthier-18x12.jpg 18w\" sizes=\"auto, (max-width: 1920px) 100vw, 1920px\">\n          \n                  <\/figure>\n      <\/a>\n\n                \n      <a class=\"ee-gallery-item ee-gallery-item--image ee-gallery-item--single\" href=\"https:\/\/www.campingcotedeslegendes.com\/wp-content\/uploads\/2024\/12\/Meneham-10-scaled.jpg\"  data-sub-html=\"\" data-category=\"1\"                  data-lg-size=\"2560-1919\"\n\n      >\n        <figure class=\"ee-gallery-item-figure\">\n                        <img loading=\"lazy\" decoding=\"async\" class=\"breakdance-image-object\" src=\"https:\/\/www.campingcotedeslegendes.com\/wp-content\/uploads\/2024\/12\/Meneham-10-1024x768.jpg\" width=\"1024\" height=\"768\" srcset=\"https:\/\/www.campingcotedeslegendes.com\/wp-content\/uploads\/2024\/12\/Meneham-10-scaled.jpg 2560w, https:\/\/www.campingcotedeslegendes.com\/wp-content\/uploads\/2024\/12\/Meneham-10-300x225.jpg 300w, https:\/\/www.campingcotedeslegendes.com\/wp-content\/uploads\/2024\/12\/Meneham-10-1024x768.jpg 1024w, https:\/\/www.campingcotedeslegendes.com\/wp-content\/uploads\/2024\/12\/Meneham-10-768x576.jpg 768w, https:\/\/www.campingcotedeslegendes.com\/wp-content\/uploads\/2024\/12\/Meneham-10-1536x1151.jpg 1536w, https:\/\/www.campingcotedeslegendes.com\/wp-content\/uploads\/2024\/12\/Meneham-10-2048x1535.jpg 2048w, https:\/\/www.campingcotedeslegendes.com\/wp-content\/uploads\/2024\/12\/Meneham-10-16x12.jpg 16w\" sizes=\"auto, (max-width: 2560px) 100vw, 2560px\">\n          \n                      <figcaption class=\"ee-gallery-item-caption\">\n              photo de Meneham, Menez Ham en breton. site historique de Bretagne. . Corps de garde.\n            <\/figcaption>\n                  <\/figure>\n      <\/a>\n\n                \n      <a class=\"ee-gallery-item ee-gallery-item--image ee-gallery-item--single\" href=\"https:\/\/www.campingcotedeslegendes.com\/wp-content\/uploads\/2024\/12\/Kerlouan165-16\u00a9OTCDL-E.-Berthier.jpg\"  data-sub-html=\"\" data-category=\"1\"                  data-lg-size=\"1920-1282\"\n\n      >\n        <figure class=\"ee-gallery-item-figure\">\n                        <img loading=\"lazy\" decoding=\"async\" class=\"breakdance-image-object\" src=\"https:\/\/www.campingcotedeslegendes.com\/wp-content\/uploads\/2024\/12\/Kerlouan165-16\u00a9OTCDL-E.-Berthier-1024x684.jpg\" width=\"1024\" height=\"684\" srcset=\"https:\/\/www.campingcotedeslegendes.com\/wp-content\/uploads\/2024\/12\/Kerlouan165-16\u00a9OTCDL-E.-Berthier.jpg 1920w, https:\/\/www.campingcotedeslegendes.com\/wp-content\/uploads\/2024\/12\/Kerlouan165-16\u00a9OTCDL-E.-Berthier-300x200.jpg 300w, https:\/\/www.campingcotedeslegendes.com\/wp-content\/uploads\/2024\/12\/Kerlouan165-16\u00a9OTCDL-E.-Berthier-1024x684.jpg 1024w, https:\/\/www.campingcotedeslegendes.com\/wp-content\/uploads\/2024\/12\/Kerlouan165-16\u00a9OTCDL-E.-Berthier-768x513.jpg 768w, https:\/\/www.campingcotedeslegendes.com\/wp-content\/uploads\/2024\/12\/Kerlouan165-16\u00a9OTCDL-E.-Berthier-1536x1026.jpg 1536w, https:\/\/www.campingcotedeslegendes.com\/wp-content\/uploads\/2024\/12\/Kerlouan165-16\u00a9OTCDL-E.-Berthier-18x12.jpg 18w\" sizes=\"auto, (max-width: 1920px) 100vw, 1920px\">\n          \n                  <\/figure>\n      <\/a>\n\n                \n      <a class=\"ee-gallery-item ee-gallery-item--image ee-gallery-item--single\" href=\"https:\/\/www.campingcotedeslegendes.com\/wp-content\/uploads\/2024\/12\/Kerlouan162-16\u00a9OTCDL-E.-Berthier.jpg\"  data-sub-html=\"\" data-category=\"1\"                  data-lg-size=\"1920-1282\"\n\n      >\n        <figure class=\"ee-gallery-item-figure\">\n                        <img loading=\"lazy\" decoding=\"async\" class=\"breakdance-image-object\" src=\"https:\/\/www.campingcotedeslegendes.com\/wp-content\/uploads\/2024\/12\/Kerlouan162-16\u00a9OTCDL-E.-Berthier-1024x684.jpg\" width=\"1024\" height=\"684\" srcset=\"https:\/\/www.campingcotedeslegendes.com\/wp-content\/uploads\/2024\/12\/Kerlouan162-16\u00a9OTCDL-E.-Berthier.jpg 1920w, https:\/\/www.campingcotedeslegendes.com\/wp-content\/uploads\/2024\/12\/Kerlouan162-16\u00a9OTCDL-E.-Berthier-300x200.jpg 300w, https:\/\/www.campingcotedeslegendes.com\/wp-content\/uploads\/2024\/12\/Kerlouan162-16\u00a9OTCDL-E.-Berthier-1024x684.jpg 1024w, https:\/\/www.campingcotedeslegendes.com\/wp-content\/uploads\/2024\/12\/Kerlouan162-16\u00a9OTCDL-E.-Berthier-768x513.jpg 768w, https:\/\/www.campingcotedeslegendes.com\/wp-content\/uploads\/2024\/12\/Kerlouan162-16\u00a9OTCDL-E.-Berthier-1536x1026.jpg 1536w, https:\/\/www.campingcotedeslegendes.com\/wp-content\/uploads\/2024\/12\/Kerlouan162-16\u00a9OTCDL-E.-Berthier-18x12.jpg 18w\" sizes=\"auto, (max-width: 1920px) 100vw, 1920px\">\n          \n                  <\/figure>\n      <\/a>\n\n                \n      <a class=\"ee-gallery-item ee-gallery-item--image ee-gallery-item--single\" href=\"https:\/\/www.campingcotedeslegendes.com\/wp-content\/uploads\/2024\/12\/Brignogan260-16\u00a9OTCDL-E.-Berthier.jpg\"  data-sub-html=\"\" data-category=\"1\"                  data-lg-size=\"1920-1282\"\n\n      >\n        <figure class=\"ee-gallery-item-figure\">\n                        <img loading=\"lazy\" decoding=\"async\" class=\"breakdance-image-object\" src=\"https:\/\/www.campingcotedeslegendes.com\/wp-content\/uploads\/2024\/12\/Brignogan260-16\u00a9OTCDL-E.-Berthier-1024x684.jpg\" width=\"1024\" height=\"684\" srcset=\"https:\/\/www.campingcotedeslegendes.com\/wp-content\/uploads\/2024\/12\/Brignogan260-16\u00a9OTCDL-E.-Berthier.jpg 1920w, https:\/\/www.campingcotedeslegendes.com\/wp-content\/uploads\/2024\/12\/Brignogan260-16\u00a9OTCDL-E.-Berthier-300x200.jpg 300w, https:\/\/www.campingcotedeslegendes.com\/wp-content\/uploads\/2024\/12\/Brignogan260-16\u00a9OTCDL-E.-Berthier-1024x684.jpg 1024w, https:\/\/www.campingcotedeslegendes.com\/wp-content\/uploads\/2024\/12\/Brignogan260-16\u00a9OTCDL-E.-Berthier-768x513.jpg 768w, https:\/\/www.campingcotedeslegendes.com\/wp-content\/uploads\/2024\/12\/Brignogan260-16\u00a9OTCDL-E.-Berthier-1536x1026.jpg 1536w, https:\/\/www.campingcotedeslegendes.com\/wp-content\/uploads\/2024\/12\/Brignogan260-16\u00a9OTCDL-E.-Berthier-18x12.jpg 18w\" sizes=\"auto, (max-width: 1920px) 100vw, 1920px\">\n          \n                  <\/figure>\n      <\/a>\n\n                \n      <a class=\"ee-gallery-item ee-gallery-item--image ee-gallery-item--single\" href=\"https:\/\/www.campingcotedeslegendes.com\/wp-content\/uploads\/2024\/12\/DJI_0745-scaled.jpg\"  data-sub-html=\"\" data-category=\"1\"                  data-lg-size=\"2560-1440\"\n\n      >\n        <figure class=\"ee-gallery-item-figure\">\n                        <img loading=\"lazy\" decoding=\"async\" class=\"breakdance-image-object\" src=\"https:\/\/www.campingcotedeslegendes.com\/wp-content\/uploads\/2024\/12\/DJI_0745-1024x576.jpg\" width=\"1024\" height=\"576\" srcset=\"https:\/\/www.campingcotedeslegendes.com\/wp-content\/uploads\/2024\/12\/DJI_0745-scaled.jpg 2560w, https:\/\/www.campingcotedeslegendes.com\/wp-content\/uploads\/2024\/12\/DJI_0745-300x169.jpg 300w, https:\/\/www.campingcotedeslegendes.com\/wp-content\/uploads\/2024\/12\/DJI_0745-1024x576.jpg 1024w, https:\/\/www.campingcotedeslegendes.com\/wp-content\/uploads\/2024\/12\/DJI_0745-768x432.jpg 768w, https:\/\/www.campingcotedeslegendes.com\/wp-content\/uploads\/2024\/12\/DJI_0745-1536x864.jpg 1536w, https:\/\/www.campingcotedeslegendes.com\/wp-content\/uploads\/2024\/12\/DJI_0745-2048x1152.jpg 2048w, https:\/\/www.campingcotedeslegendes.com\/wp-content\/uploads\/2024\/12\/DJI_0745-18x10.jpg 18w\" sizes=\"auto, (max-width: 2560px) 100vw, 2560px\">\n          \n                      <figcaption class=\"ee-gallery-item-caption\">\n              default\n            <\/figcaption>\n                  <\/figure>\n      <\/a>\n\n                \n      <a class=\"ee-gallery-item ee-gallery-item--image ee-gallery-item--single\" href=\"https:\/\/www.campingcotedeslegendes.com\/wp-content\/uploads\/2024\/10\/reve-de-mer-kayak-scaled.webp\"  data-sub-html=\"\" data-category=\"1\"                  data-lg-size=\"2560-1461\"\n\n      >\n        <figure class=\"ee-gallery-item-figure\">\n                        <img loading=\"lazy\" decoding=\"async\" class=\"breakdance-image-object\" src=\"https:\/\/www.campingcotedeslegendes.com\/wp-content\/uploads\/2024\/10\/reve-de-mer-kayak-1024x584.webp\" width=\"1024\" height=\"584\" srcset=\"https:\/\/www.campingcotedeslegendes.com\/wp-content\/uploads\/2024\/10\/reve-de-mer-kayak-scaled.webp 2560w, https:\/\/www.campingcotedeslegendes.com\/wp-content\/uploads\/2024\/10\/reve-de-mer-kayak-300x171.webp 300w, https:\/\/www.campingcotedeslegendes.com\/wp-content\/uploads\/2024\/10\/reve-de-mer-kayak-1024x584.webp 1024w, https:\/\/www.campingcotedeslegendes.com\/wp-content\/uploads\/2024\/10\/reve-de-mer-kayak-768x438.webp 768w, https:\/\/www.campingcotedeslegendes.com\/wp-content\/uploads\/2024\/10\/reve-de-mer-kayak-1536x876.webp 1536w, https:\/\/www.campingcotedeslegendes.com\/wp-content\/uploads\/2024\/10\/reve-de-mer-kayak-2048x1168.webp 2048w, https:\/\/www.campingcotedeslegendes.com\/wp-content\/uploads\/2024\/10\/reve-de-mer-kayak-18x10.webp 18w\" sizes=\"auto, (max-width: 2560px) 100vw, 2560px\">\n          \n                  <\/figure>\n      <\/a>\n\n                \n      <a class=\"ee-gallery-item ee-gallery-item--image ee-gallery-item--single\" href=\"https:\/\/www.campingcotedeslegendes.com\/wp-content\/uploads\/2024\/10\/plage-pontusval-scaled.webp\"  data-sub-html=\"\" data-category=\"1\"                  data-lg-size=\"2560-1708\"\n\n      >\n        <figure class=\"ee-gallery-item-figure\">\n                        <img loading=\"lazy\" decoding=\"async\" class=\"breakdance-image-object\" src=\"https:\/\/www.campingcotedeslegendes.com\/wp-content\/uploads\/2024\/10\/plage-pontusval-1024x683.webp\" width=\"1024\" height=\"683\" srcset=\"https:\/\/www.campingcotedeslegendes.com\/wp-content\/uploads\/2024\/10\/plage-pontusval-scaled.webp 2560w, https:\/\/www.campingcotedeslegendes.com\/wp-content\/uploads\/2024\/10\/plage-pontusval-300x200.webp 300w, https:\/\/www.campingcotedeslegendes.com\/wp-content\/uploads\/2024\/10\/plage-pontusval-1024x683.webp 1024w, https:\/\/www.campingcotedeslegendes.com\/wp-content\/uploads\/2024\/10\/plage-pontusval-768x513.webp 768w, https:\/\/www.campingcotedeslegendes.com\/wp-content\/uploads\/2024\/10\/plage-pontusval-1536x1025.webp 1536w, https:\/\/www.campingcotedeslegendes.com\/wp-content\/uploads\/2024\/10\/plage-pontusval-2048x1367.webp 2048w, https:\/\/www.campingcotedeslegendes.com\/wp-content\/uploads\/2024\/10\/plage-pontusval-18x12.webp 18w\" sizes=\"auto, (max-width: 2560px) 100vw, 2560px\">\n          \n                  <\/figure>\n      <\/a>\n\n                \n      <a class=\"ee-gallery-item ee-gallery-item--image ee-gallery-item--single\" href=\"https:\/\/www.campingcotedeslegendes.com\/wp-content\/uploads\/2024\/10\/activites-nautique-kayak-scaled.webp\"  data-sub-html=\"\" data-category=\"1\"                  data-lg-size=\"2560-1707\"\n\n      >\n        <figure class=\"ee-gallery-item-figure\">\n                        <img loading=\"lazy\" decoding=\"async\" class=\"breakdance-image-object\" src=\"https:\/\/www.campingcotedeslegendes.com\/wp-content\/uploads\/2024\/10\/activites-nautique-kayak-1024x683.webp\" width=\"1024\" height=\"683\" srcset=\"https:\/\/www.campingcotedeslegendes.com\/wp-content\/uploads\/2024\/10\/activites-nautique-kayak-scaled.webp 2560w, https:\/\/www.campingcotedeslegendes.com\/wp-content\/uploads\/2024\/10\/activites-nautique-kayak-300x200.webp 300w, https:\/\/www.campingcotedeslegendes.com\/wp-content\/uploads\/2024\/10\/activites-nautique-kayak-1024x683.webp 1024w, https:\/\/www.campingcotedeslegendes.com\/wp-content\/uploads\/2024\/10\/activites-nautique-kayak-768x512.webp 768w, https:\/\/www.campingcotedeslegendes.com\/wp-content\/uploads\/2024\/10\/activites-nautique-kayak-1536x1024.webp 1536w, https:\/\/www.campingcotedeslegendes.com\/wp-content\/uploads\/2024\/10\/activites-nautique-kayak-2048x1365.webp 2048w, https:\/\/www.campingcotedeslegendes.com\/wp-content\/uploads\/2024\/10\/activites-nautique-kayak-18x12.webp 18w\" sizes=\"auto, (max-width: 2560px) 100vw, 2560px\">\n          \n                  <\/figure>\n      <\/a>\n\n                \n      <a class=\"ee-gallery-item ee-gallery-item--image ee-gallery-item--single\" href=\"https:\/\/www.campingcotedeslegendes.com\/wp-content\/uploads\/2024\/10\/activites-peche-a-pied-scaled.webp\"  data-sub-html=\"\" data-category=\"1\"                  data-lg-size=\"2560-1709\"\n\n      >\n        <figure class=\"ee-gallery-item-figure\">\n                        <img loading=\"lazy\" decoding=\"async\" class=\"breakdance-image-object\" src=\"https:\/\/www.campingcotedeslegendes.com\/wp-content\/uploads\/2024\/10\/activites-peche-a-pied-1024x684.webp\" width=\"1024\" height=\"684\" srcset=\"https:\/\/www.campingcotedeslegendes.com\/wp-content\/uploads\/2024\/10\/activites-peche-a-pied-scaled.webp 2560w, https:\/\/www.campingcotedeslegendes.com\/wp-content\/uploads\/2024\/10\/activites-peche-a-pied-300x200.webp 300w, https:\/\/www.campingcotedeslegendes.com\/wp-content\/uploads\/2024\/10\/activites-peche-a-pied-1024x684.webp 1024w, https:\/\/www.campingcotedeslegendes.com\/wp-content\/uploads\/2024\/10\/activites-peche-a-pied-768x513.webp 768w, https:\/\/www.campingcotedeslegendes.com\/wp-content\/uploads\/2024\/10\/activites-peche-a-pied-1536x1025.webp 1536w, https:\/\/www.campingcotedeslegendes.com\/wp-content\/uploads\/2024\/10\/activites-peche-a-pied-2048x1367.webp 2048w, https:\/\/www.campingcotedeslegendes.com\/wp-content\/uploads\/2024\/10\/activites-peche-a-pied-18x12.webp 18w\" sizes=\"auto, (max-width: 2560px) 100vw, 2560px\">\n          \n                  <\/figure>\n      <\/a>\n\n                \n      <a class=\"ee-gallery-item ee-gallery-item--image ee-gallery-item--single\" href=\"https:\/\/www.campingcotedeslegendes.com\/wp-content\/uploads\/2024\/10\/camping_cote_des_legendes-chapelle-pol_02-scaled.webp\"  data-sub-html=\"\" data-category=\"1\"                  data-lg-size=\"2560-1701\"\n\n      >\n        <figure class=\"ee-gallery-item-figure\">\n                        <img loading=\"lazy\" decoding=\"async\" class=\"breakdance-image-object\" src=\"https:\/\/www.campingcotedeslegendes.com\/wp-content\/uploads\/2024\/10\/camping_cote_des_legendes-chapelle-pol_02-1024x680.webp\" width=\"1024\" height=\"680\" srcset=\"https:\/\/www.campingcotedeslegendes.com\/wp-content\/uploads\/2024\/10\/camping_cote_des_legendes-chapelle-pol_02-scaled.webp 2560w, https:\/\/www.campingcotedeslegendes.com\/wp-content\/uploads\/2024\/10\/camping_cote_des_legendes-chapelle-pol_02-300x199.webp 300w, https:\/\/www.campingcotedeslegendes.com\/wp-content\/uploads\/2024\/10\/camping_cote_des_legendes-chapelle-pol_02-1024x680.webp 1024w, https:\/\/www.campingcotedeslegendes.com\/wp-content\/uploads\/2024\/10\/camping_cote_des_legendes-chapelle-pol_02-768x510.webp 768w, https:\/\/www.campingcotedeslegendes.com\/wp-content\/uploads\/2024\/10\/camping_cote_des_legendes-chapelle-pol_02-1536x1020.webp 1536w, https:\/\/www.campingcotedeslegendes.com\/wp-content\/uploads\/2024\/10\/camping_cote_des_legendes-chapelle-pol_02-2048x1361.webp 2048w, https:\/\/www.campingcotedeslegendes.com\/wp-content\/uploads\/2024\/10\/camping_cote_des_legendes-chapelle-pol_02-18x12.webp 18w\" sizes=\"auto, (max-width: 2560px) 100vw, 2560px\">\n          \n                  <\/figure>\n      <\/a>\n\n                \n      <a class=\"ee-gallery-item ee-gallery-item--image ee-gallery-item--single\" href=\"https:\/\/www.campingcotedeslegendes.com\/wp-content\/uploads\/2024\/10\/camping_cote_des_legendes-roscoff-scaled.webp\"  data-sub-html=\"\" data-category=\"1\"                  data-lg-size=\"2560-1568\"\n\n      >\n        <figure class=\"ee-gallery-item-figure\">\n                        <img loading=\"lazy\" decoding=\"async\" class=\"breakdance-image-object\" src=\"https:\/\/www.campingcotedeslegendes.com\/wp-content\/uploads\/2024\/10\/camping_cote_des_legendes-roscoff-1024x627.webp\" width=\"1024\" height=\"627\" srcset=\"https:\/\/www.campingcotedeslegendes.com\/wp-content\/uploads\/2024\/10\/camping_cote_des_legendes-roscoff-scaled.webp 2560w, https:\/\/www.campingcotedeslegendes.com\/wp-content\/uploads\/2024\/10\/camping_cote_des_legendes-roscoff-300x184.webp 300w, https:\/\/www.campingcotedeslegendes.com\/wp-content\/uploads\/2024\/10\/camping_cote_des_legendes-roscoff-1024x627.webp 1024w, https:\/\/www.campingcotedeslegendes.com\/wp-content\/uploads\/2024\/10\/camping_cote_des_legendes-roscoff-768x470.webp 768w, https:\/\/www.campingcotedeslegendes.com\/wp-content\/uploads\/2024\/10\/camping_cote_des_legendes-roscoff-1536x941.webp 1536w, https:\/\/www.campingcotedeslegendes.com\/wp-content\/uploads\/2024\/10\/camping_cote_des_legendes-roscoff-2048x1255.webp 2048w, https:\/\/www.campingcotedeslegendes.com\/wp-content\/uploads\/2024\/10\/camping_cote_des_legendes-roscoff-18x12.webp 18w\" sizes=\"auto, (max-width: 2560px) 100vw, 2560px\">\n          \n                  <\/figure>\n      <\/a>\n\n                \n      <a class=\"ee-gallery-item ee-gallery-item--image ee-gallery-item--single\" href=\"https:\/\/www.campingcotedeslegendes.com\/wp-content\/uploads\/2024\/10\/camping_cote_des_legendes-roscoff_02.webp\"  data-sub-html=\"\" data-category=\"1\"                  data-lg-size=\"8542-5695\"\n\n      >\n        <figure class=\"ee-gallery-item-figure\">\n                        <img loading=\"lazy\" decoding=\"async\" class=\"breakdance-image-object\" src=\"https:\/\/www.campingcotedeslegendes.com\/wp-content\/uploads\/2024\/10\/camping_cote_des_legendes-roscoff_02-1024x683.webp\" width=\"1024\" height=\"683\" srcset=\"https:\/\/www.campingcotedeslegendes.com\/wp-content\/uploads\/2024\/10\/camping_cote_des_legendes-roscoff_02.webp 8542w, https:\/\/www.campingcotedeslegendes.com\/wp-content\/uploads\/2024\/10\/camping_cote_des_legendes-roscoff_02-300x200.webp 300w, https:\/\/www.campingcotedeslegendes.com\/wp-content\/uploads\/2024\/10\/camping_cote_des_legendes-roscoff_02-1024x683.webp 1024w, https:\/\/www.campingcotedeslegendes.com\/wp-content\/uploads\/2024\/10\/camping_cote_des_legendes-roscoff_02-768x512.webp 768w, https:\/\/www.campingcotedeslegendes.com\/wp-content\/uploads\/2024\/10\/camping_cote_des_legendes-roscoff_02-18x12.webp 18w\" sizes=\"auto, (max-width: 8542px) 100vw, 8542px\">\n          \n                  <\/figure>\n      <\/a>\n\n                \n      <a class=\"ee-gallery-item ee-gallery-item--image ee-gallery-item--single\" href=\"https:\/\/www.campingcotedeslegendes.com\/wp-content\/uploads\/2024\/10\/camping_cote_des_legendes-oceanopolis-scaled.webp\"  data-sub-html=\"\" data-category=\"1\"                  data-lg-size=\"2560-1707\"\n\n      >\n        <figure class=\"ee-gallery-item-figure\">\n                        <img loading=\"lazy\" decoding=\"async\" class=\"breakdance-image-object\" src=\"https:\/\/www.campingcotedeslegendes.com\/wp-content\/uploads\/2024\/10\/camping_cote_des_legendes-oceanopolis-1024x683.webp\" width=\"1024\" height=\"683\" srcset=\"https:\/\/www.campingcotedeslegendes.com\/wp-content\/uploads\/2024\/10\/camping_cote_des_legendes-oceanopolis-scaled.webp 2560w, https:\/\/www.campingcotedeslegendes.com\/wp-content\/uploads\/2024\/10\/camping_cote_des_legendes-oceanopolis-300x200.webp 300w, https:\/\/www.campingcotedeslegendes.com\/wp-content\/uploads\/2024\/10\/camping_cote_des_legendes-oceanopolis-1024x683.webp 1024w, https:\/\/www.campingcotedeslegendes.com\/wp-content\/uploads\/2024\/10\/camping_cote_des_legendes-oceanopolis-768x512.webp 768w, https:\/\/www.campingcotedeslegendes.com\/wp-content\/uploads\/2024\/10\/camping_cote_des_legendes-oceanopolis-1536x1024.webp 1536w, https:\/\/www.campingcotedeslegendes.com\/wp-content\/uploads\/2024\/10\/camping_cote_des_legendes-oceanopolis-2048x1365.webp 2048w, https:\/\/www.campingcotedeslegendes.com\/wp-content\/uploads\/2024\/10\/camping_cote_des_legendes-oceanopolis-18x12.webp 18w\" sizes=\"auto, (max-width: 2560px) 100vw, 2560px\">\n          \n                  <\/figure>\n      <\/a>\n\n                \n      <a class=\"ee-gallery-item ee-gallery-item--image ee-gallery-item--single\" href=\"https:\/\/www.campingcotedeslegendes.com\/wp-content\/uploads\/2024\/10\/camping_cote_des_legendes-oceanopolis_02-scaled.webp\"  data-sub-html=\"\" data-category=\"1\"                  data-lg-size=\"2560-1486\"\n\n      >\n        <figure class=\"ee-gallery-item-figure\">\n                        <img loading=\"lazy\" decoding=\"async\" class=\"breakdance-image-object\" src=\"https:\/\/www.campingcotedeslegendes.com\/wp-content\/uploads\/2024\/10\/camping_cote_des_legendes-oceanopolis_02-1024x594.webp\" width=\"1024\" height=\"594\" srcset=\"https:\/\/www.campingcotedeslegendes.com\/wp-content\/uploads\/2024\/10\/camping_cote_des_legendes-oceanopolis_02-scaled.webp 2560w, https:\/\/www.campingcotedeslegendes.com\/wp-content\/uploads\/2024\/10\/camping_cote_des_legendes-oceanopolis_02-300x174.webp 300w, https:\/\/www.campingcotedeslegendes.com\/wp-content\/uploads\/2024\/10\/camping_cote_des_legendes-oceanopolis_02-1024x594.webp 1024w, https:\/\/www.campingcotedeslegendes.com\/wp-content\/uploads\/2024\/10\/camping_cote_des_legendes-oceanopolis_02-768x446.webp 768w, https:\/\/www.campingcotedeslegendes.com\/wp-content\/uploads\/2024\/10\/camping_cote_des_legendes-oceanopolis_02-1536x892.webp 1536w, https:\/\/www.campingcotedeslegendes.com\/wp-content\/uploads\/2024\/10\/camping_cote_des_legendes-oceanopolis_02-2048x1189.webp 2048w, https:\/\/www.campingcotedeslegendes.com\/wp-content\/uploads\/2024\/10\/camping_cote_des_legendes-oceanopolis_02-18x10.webp 18w\" sizes=\"auto, (max-width: 2560px) 100vw, 2560px\">\n          \n                  <\/figure>\n      <\/a>\n\n                \n      <a class=\"ee-gallery-item ee-gallery-item--image ee-gallery-item--single\" href=\"https:\/\/www.campingcotedeslegendes.com\/wp-content\/uploads\/2024\/10\/camping_cote_des_legendes-ile-bratz_02-scaled.webp\"  data-sub-html=\"\" data-category=\"1\"                  data-lg-size=\"2560-1920\"\n\n      >\n        <figure class=\"ee-gallery-item-figure\">\n                        <img loading=\"lazy\" decoding=\"async\" class=\"breakdance-image-object\" src=\"https:\/\/www.campingcotedeslegendes.com\/wp-content\/uploads\/2024\/10\/camping_cote_des_legendes-ile-bratz_02-1024x768.webp\" width=\"1024\" height=\"768\" srcset=\"https:\/\/www.campingcotedeslegendes.com\/wp-content\/uploads\/2024\/10\/camping_cote_des_legendes-ile-bratz_02-scaled.webp 2560w, https:\/\/www.campingcotedeslegendes.com\/wp-content\/uploads\/2024\/10\/camping_cote_des_legendes-ile-bratz_02-300x225.webp 300w, https:\/\/www.campingcotedeslegendes.com\/wp-content\/uploads\/2024\/10\/camping_cote_des_legendes-ile-bratz_02-1024x768.webp 1024w, https:\/\/www.campingcotedeslegendes.com\/wp-content\/uploads\/2024\/10\/camping_cote_des_legendes-ile-bratz_02-768x576.webp 768w, https:\/\/www.campingcotedeslegendes.com\/wp-content\/uploads\/2024\/10\/camping_cote_des_legendes-ile-bratz_02-1536x1152.webp 1536w, https:\/\/www.campingcotedeslegendes.com\/wp-content\/uploads\/2024\/10\/camping_cote_des_legendes-ile-bratz_02-2048x1536.webp 2048w, https:\/\/www.campingcotedeslegendes.com\/wp-content\/uploads\/2024\/10\/camping_cote_des_legendes-ile-bratz_02-16x12.webp 16w\" sizes=\"auto, (max-width: 2560px) 100vw, 2560px\">\n          \n                  <\/figure>\n      <\/a>\n\n                \n      <a class=\"ee-gallery-item ee-gallery-item--image ee-gallery-item--single\" href=\"https:\/\/www.campingcotedeslegendes.com\/wp-content\/uploads\/2024\/10\/camping_cote_des_legendes-ile-bratz-scaled.webp\"  data-sub-html=\"\" data-category=\"1\"                  data-lg-size=\"2560-1707\"\n\n      >\n        <figure class=\"ee-gallery-item-figure\">\n                        <img loading=\"lazy\" decoding=\"async\" class=\"breakdance-image-object\" src=\"https:\/\/www.campingcotedeslegendes.com\/wp-content\/uploads\/2024\/10\/camping_cote_des_legendes-ile-bratz-1024x683.webp\" width=\"1024\" height=\"683\" srcset=\"https:\/\/www.campingcotedeslegendes.com\/wp-content\/uploads\/2024\/10\/camping_cote_des_legendes-ile-bratz-scaled.webp 2560w, https:\/\/www.campingcotedeslegendes.com\/wp-content\/uploads\/2024\/10\/camping_cote_des_legendes-ile-bratz-300x200.webp 300w, https:\/\/www.campingcotedeslegendes.com\/wp-content\/uploads\/2024\/10\/camping_cote_des_legendes-ile-bratz-1024x683.webp 1024w, https:\/\/www.campingcotedeslegendes.com\/wp-content\/uploads\/2024\/10\/camping_cote_des_legendes-ile-bratz-768x512.webp 768w, https:\/\/www.campingcotedeslegendes.com\/wp-content\/uploads\/2024\/10\/camping_cote_des_legendes-ile-bratz-1536x1024.webp 1536w, https:\/\/www.campingcotedeslegendes.com\/wp-content\/uploads\/2024\/10\/camping_cote_des_legendes-ile-bratz-2048x1365.webp 2048w, https:\/\/www.campingcotedeslegendes.com\/wp-content\/uploads\/2024\/10\/camping_cote_des_legendes-ile-bratz-18x12.webp 18w\" sizes=\"auto, (max-width: 2560px) 100vw, 2560px\">\n          \n                  <\/figure>\n      <\/a>\n\n                \n      <a class=\"ee-gallery-item ee-gallery-item--image ee-gallery-item--single\" href=\"https:\/\/www.campingcotedeslegendes.com\/wp-content\/uploads\/2024\/10\/camping_cote_des_legendes-carantec_02-scaled.webp\"  data-sub-html=\"\" data-category=\"1\"                  data-lg-size=\"2560-1197\"\n\n      >\n        <figure class=\"ee-gallery-item-figure\">\n                        <img loading=\"lazy\" decoding=\"async\" class=\"breakdance-image-object\" src=\"https:\/\/www.campingcotedeslegendes.com\/wp-content\/uploads\/2024\/10\/camping_cote_des_legendes-carantec_02-1024x479.webp\" width=\"1024\" height=\"479\" srcset=\"https:\/\/www.campingcotedeslegendes.com\/wp-content\/uploads\/2024\/10\/camping_cote_des_legendes-carantec_02-scaled.webp 2560w, https:\/\/www.campingcotedeslegendes.com\/wp-content\/uploads\/2024\/10\/camping_cote_des_legendes-carantec_02-300x140.webp 300w, https:\/\/www.campingcotedeslegendes.com\/wp-content\/uploads\/2024\/10\/camping_cote_des_legendes-carantec_02-1024x479.webp 1024w, https:\/\/www.campingcotedeslegendes.com\/wp-content\/uploads\/2024\/10\/camping_cote_des_legendes-carantec_02-768x359.webp 768w, https:\/\/www.campingcotedeslegendes.com\/wp-content\/uploads\/2024\/10\/camping_cote_des_legendes-carantec_02-1536x718.webp 1536w, https:\/\/www.campingcotedeslegendes.com\/wp-content\/uploads\/2024\/10\/camping_cote_des_legendes-carantec_02-2048x958.webp 2048w, https:\/\/www.campingcotedeslegendes.com\/wp-content\/uploads\/2024\/10\/camping_cote_des_legendes-carantec_02-18x8.webp 18w\" sizes=\"auto, (max-width: 2560px) 100vw, 2560px\">\n          \n                  <\/figure>\n      <\/a>\n\n                \n      <a class=\"ee-gallery-item ee-gallery-item--image ee-gallery-item--single\" href=\"https:\/\/www.campingcotedeslegendes.com\/wp-content\/uploads\/2024\/10\/camping_cote_des_legendes-crozon_02-scaled.webp\"  data-sub-html=\"\" data-category=\"1\"                  data-lg-size=\"2560-1706\"\n\n      >\n        <figure class=\"ee-gallery-item-figure\">\n                        <img loading=\"lazy\" decoding=\"async\" class=\"breakdance-image-object\" src=\"https:\/\/www.campingcotedeslegendes.com\/wp-content\/uploads\/2024\/10\/camping_cote_des_legendes-crozon_02-1024x683.webp\" width=\"1024\" height=\"683\" srcset=\"https:\/\/www.campingcotedeslegendes.com\/wp-content\/uploads\/2024\/10\/camping_cote_des_legendes-crozon_02-scaled.webp 2560w, https:\/\/www.campingcotedeslegendes.com\/wp-content\/uploads\/2024\/10\/camping_cote_des_legendes-crozon_02-300x200.webp 300w, https:\/\/www.campingcotedeslegendes.com\/wp-content\/uploads\/2024\/10\/camping_cote_des_legendes-crozon_02-1024x683.webp 1024w, https:\/\/www.campingcotedeslegendes.com\/wp-content\/uploads\/2024\/10\/camping_cote_des_legendes-crozon_02-768x512.webp 768w, https:\/\/www.campingcotedeslegendes.com\/wp-content\/uploads\/2024\/10\/camping_cote_des_legendes-crozon_02-1536x1024.webp 1536w, https:\/\/www.campingcotedeslegendes.com\/wp-content\/uploads\/2024\/10\/camping_cote_des_legendes-crozon_02-2048x1365.webp 2048w, https:\/\/www.campingcotedeslegendes.com\/wp-content\/uploads\/2024\/10\/camping_cote_des_legendes-crozon_02-18x12.webp 18w\" sizes=\"auto, (max-width: 2560px) 100vw, 2560px\">\n          \n                  <\/figure>\n      <\/a>\n\n                \n      <a class=\"ee-gallery-item ee-gallery-item--image ee-gallery-item--single\" href=\"https:\/\/www.campingcotedeslegendes.com\/wp-content\/uploads\/2024\/12\/crtb-ad3139_LAMOUREUX-Alexandre-scaled.jpg\"  data-sub-html=\"\" data-category=\"1\"                  data-lg-size=\"2560-1707\"\n\n      >\n        <figure class=\"ee-gallery-item-figure\">\n                        <img loading=\"lazy\" decoding=\"async\" class=\"breakdance-image-object\" src=\"https:\/\/www.campingcotedeslegendes.com\/wp-content\/uploads\/2024\/12\/crtb-ad3139_LAMOUREUX-Alexandre-1024x683.jpg\" width=\"1024\" height=\"683\" srcset=\"https:\/\/www.campingcotedeslegendes.com\/wp-content\/uploads\/2024\/12\/crtb-ad3139_LAMOUREUX-Alexandre-scaled.jpg 2560w, https:\/\/www.campingcotedeslegendes.com\/wp-content\/uploads\/2024\/12\/crtb-ad3139_LAMOUREUX-Alexandre-300x200.jpg 300w, https:\/\/www.campingcotedeslegendes.com\/wp-content\/uploads\/2024\/12\/crtb-ad3139_LAMOUREUX-Alexandre-1024x683.jpg 1024w, https:\/\/www.campingcotedeslegendes.com\/wp-content\/uploads\/2024\/12\/crtb-ad3139_LAMOUREUX-Alexandre-768x512.jpg 768w, https:\/\/www.campingcotedeslegendes.com\/wp-content\/uploads\/2024\/12\/crtb-ad3139_LAMOUREUX-Alexandre-1536x1024.jpg 1536w, https:\/\/www.campingcotedeslegendes.com\/wp-content\/uploads\/2024\/12\/crtb-ad3139_LAMOUREUX-Alexandre-2048x1365.jpg 2048w, https:\/\/www.campingcotedeslegendes.com\/wp-content\/uploads\/2024\/12\/crtb-ad3139_LAMOUREUX-Alexandre-18x12.jpg 18w\" sizes=\"auto, (max-width: 2560px) 100vw, 2560px\">\n          \n                  <\/figure>\n      <\/a>\n\n                \n      <a class=\"ee-gallery-item ee-gallery-item--image ee-gallery-item--single\" href=\"https:\/\/www.campingcotedeslegendes.com\/wp-content\/uploads\/2024\/12\/crtb-ad7830_LAMOUREUX-Alexandre-scaled.jpg\"  data-sub-html=\"\" data-category=\"1\"                  data-lg-size=\"2560-1707\"\n\n      >\n        <figure class=\"ee-gallery-item-figure\">\n                        <img loading=\"lazy\" decoding=\"async\" class=\"breakdance-image-object\" src=\"https:\/\/www.campingcotedeslegendes.com\/wp-content\/uploads\/2024\/12\/crtb-ad7830_LAMOUREUX-Alexandre-1024x683.jpg\" width=\"1024\" height=\"683\" srcset=\"https:\/\/www.campingcotedeslegendes.com\/wp-content\/uploads\/2024\/12\/crtb-ad7830_LAMOUREUX-Alexandre-scaled.jpg 2560w, https:\/\/www.campingcotedeslegendes.com\/wp-content\/uploads\/2024\/12\/crtb-ad7830_LAMOUREUX-Alexandre-300x200.jpg 300w, https:\/\/www.campingcotedeslegendes.com\/wp-content\/uploads\/2024\/12\/crtb-ad7830_LAMOUREUX-Alexandre-1024x683.jpg 1024w, https:\/\/www.campingcotedeslegendes.com\/wp-content\/uploads\/2024\/12\/crtb-ad7830_LAMOUREUX-Alexandre-768x512.jpg 768w, https:\/\/www.campingcotedeslegendes.com\/wp-content\/uploads\/2024\/12\/crtb-ad7830_LAMOUREUX-Alexandre-1536x1024.jpg 1536w, https:\/\/www.campingcotedeslegendes.com\/wp-content\/uploads\/2024\/12\/crtb-ad7830_LAMOUREUX-Alexandre-2048x1365.jpg 2048w, https:\/\/www.campingcotedeslegendes.com\/wp-content\/uploads\/2024\/12\/crtb-ad7830_LAMOUREUX-Alexandre-18x12.jpg 18w\" sizes=\"auto, (max-width: 2560px) 100vw, 2560px\">\n          \n                  <\/figure>\n      <\/a>\n\n                \n      <a class=\"ee-gallery-item ee-gallery-item--image ee-gallery-item--single\" href=\"https:\/\/www.campingcotedeslegendes.com\/wp-content\/uploads\/2024\/12\/crtb-ad9751_BERTHIER-Emmanuel-_-EV4-scaled.jpg\"  data-sub-html=\"\" data-category=\"1\"                  data-lg-size=\"2560-1707\"\n\n      >\n        <figure class=\"ee-gallery-item-figure\">\n                        <img loading=\"lazy\" decoding=\"async\" class=\"breakdance-image-object\" src=\"https:\/\/www.campingcotedeslegendes.com\/wp-content\/uploads\/2024\/12\/crtb-ad9751_BERTHIER-Emmanuel-_-EV4-1024x683.jpg\" width=\"1024\" height=\"683\" srcset=\"https:\/\/www.campingcotedeslegendes.com\/wp-content\/uploads\/2024\/12\/crtb-ad9751_BERTHIER-Emmanuel-_-EV4-scaled.jpg 2560w, https:\/\/www.campingcotedeslegendes.com\/wp-content\/uploads\/2024\/12\/crtb-ad9751_BERTHIER-Emmanuel-_-EV4-300x200.jpg 300w, https:\/\/www.campingcotedeslegendes.com\/wp-content\/uploads\/2024\/12\/crtb-ad9751_BERTHIER-Emmanuel-_-EV4-1024x683.jpg 1024w, https:\/\/www.campingcotedeslegendes.com\/wp-content\/uploads\/2024\/12\/crtb-ad9751_BERTHIER-Emmanuel-_-EV4-768x512.jpg 768w, https:\/\/www.campingcotedeslegendes.com\/wp-content\/uploads\/2024\/12\/crtb-ad9751_BERTHIER-Emmanuel-_-EV4-1536x1024.jpg 1536w, https:\/\/www.campingcotedeslegendes.com\/wp-content\/uploads\/2024\/12\/crtb-ad9751_BERTHIER-Emmanuel-_-EV4-2048x1365.jpg 2048w, https:\/\/www.campingcotedeslegendes.com\/wp-content\/uploads\/2024\/12\/crtb-ad9751_BERTHIER-Emmanuel-_-EV4-18x12.jpg 18w\" sizes=\"auto, (max-width: 2560px) 100vw, 2560px\">\n          \n                  <\/figure>\n      <\/a>\n\n                \n      <a class=\"ee-gallery-item ee-gallery-item--image ee-gallery-item--single\" href=\"https:\/\/www.campingcotedeslegendes.com\/wp-content\/uploads\/2024\/12\/crtb-ad9778_BERTHIER-Emmanuel-_-EV4-scaled.jpg\"  data-sub-html=\"\" data-category=\"1\"                  data-lg-size=\"2560-1707\"\n\n      >\n        <figure class=\"ee-gallery-item-figure\">\n                        <img loading=\"lazy\" decoding=\"async\" class=\"breakdance-image-object\" src=\"https:\/\/www.campingcotedeslegendes.com\/wp-content\/uploads\/2024\/12\/crtb-ad9778_BERTHIER-Emmanuel-_-EV4-1024x683.jpg\" width=\"1024\" height=\"683\" srcset=\"https:\/\/www.campingcotedeslegendes.com\/wp-content\/uploads\/2024\/12\/crtb-ad9778_BERTHIER-Emmanuel-_-EV4-scaled.jpg 2560w, https:\/\/www.campingcotedeslegendes.com\/wp-content\/uploads\/2024\/12\/crtb-ad9778_BERTHIER-Emmanuel-_-EV4-300x200.jpg 300w, https:\/\/www.campingcotedeslegendes.com\/wp-content\/uploads\/2024\/12\/crtb-ad9778_BERTHIER-Emmanuel-_-EV4-1024x683.jpg 1024w, https:\/\/www.campingcotedeslegendes.com\/wp-content\/uploads\/2024\/12\/crtb-ad9778_BERTHIER-Emmanuel-_-EV4-768x512.jpg 768w, https:\/\/www.campingcotedeslegendes.com\/wp-content\/uploads\/2024\/12\/crtb-ad9778_BERTHIER-Emmanuel-_-EV4-1536x1024.jpg 1536w, https:\/\/www.campingcotedeslegendes.com\/wp-content\/uploads\/2024\/12\/crtb-ad9778_BERTHIER-Emmanuel-_-EV4-2048x1365.jpg 2048w, https:\/\/www.campingcotedeslegendes.com\/wp-content\/uploads\/2024\/12\/crtb-ad9778_BERTHIER-Emmanuel-_-EV4-18x12.jpg 18w\" sizes=\"auto, (max-width: 2560px) 100vw, 2560px\">\n          \n                  <\/figure>\n      <\/a>\n\n                \n      <a class=\"ee-gallery-item ee-gallery-item--image ee-gallery-item--single\" href=\"https:\/\/www.campingcotedeslegendes.com\/wp-content\/uploads\/2024\/12\/crtb-ae02537_VERNEUIL-Teddy-LEZBROZ-scaled.jpg\"  data-sub-html=\"\" data-category=\"1\"                  data-lg-size=\"1920-2560\"\n\n      >\n        <figure class=\"ee-gallery-item-figure\">\n                        <img loading=\"lazy\" decoding=\"async\" class=\"breakdance-image-object\" src=\"https:\/\/www.campingcotedeslegendes.com\/wp-content\/uploads\/2024\/12\/crtb-ae02537_VERNEUIL-Teddy-LEZBROZ-768x1024.jpg\" width=\"768\" height=\"1024\" srcset=\"https:\/\/www.campingcotedeslegendes.com\/wp-content\/uploads\/2024\/12\/crtb-ae02537_VERNEUIL-Teddy-LEZBROZ-scaled.jpg 1920w, https:\/\/www.campingcotedeslegendes.com\/wp-content\/uploads\/2024\/12\/crtb-ae02537_VERNEUIL-Teddy-LEZBROZ-225x300.jpg 225w, https:\/\/www.campingcotedeslegendes.com\/wp-content\/uploads\/2024\/12\/crtb-ae02537_VERNEUIL-Teddy-LEZBROZ-768x1024.jpg 768w, https:\/\/www.campingcotedeslegendes.com\/wp-content\/uploads\/2024\/12\/crtb-ae02537_VERNEUIL-Teddy-LEZBROZ-1152x1536.jpg 1152w, https:\/\/www.campingcotedeslegendes.com\/wp-content\/uploads\/2024\/12\/crtb-ae02537_VERNEUIL-Teddy-LEZBROZ-1536x2048.jpg 1536w, https:\/\/www.campingcotedeslegendes.com\/wp-content\/uploads\/2024\/12\/crtb-ae02537_VERNEUIL-Teddy-LEZBROZ-9x12.jpg 9w\" sizes=\"auto, (max-width: 1920px) 100vw, 1920px\">\n          \n                  <\/figure>\n      <\/a>\n\n                \n      <a class=\"ee-gallery-item ee-gallery-item--image ee-gallery-item--single\" href=\"https:\/\/www.campingcotedeslegendes.com\/wp-content\/uploads\/2024\/12\/crtb-ae04210_LAMOUREUX-Alexandre-scaled.jpg\"  data-sub-html=\"\" data-category=\"1\"                  data-lg-size=\"2560-1707\"\n\n      >\n        <figure class=\"ee-gallery-item-figure\">\n                        <img loading=\"lazy\" decoding=\"async\" class=\"breakdance-image-object\" src=\"https:\/\/www.campingcotedeslegendes.com\/wp-content\/uploads\/2024\/12\/crtb-ae04210_LAMOUREUX-Alexandre-1024x683.jpg\" width=\"1024\" height=\"683\" srcset=\"https:\/\/www.campingcotedeslegendes.com\/wp-content\/uploads\/2024\/12\/crtb-ae04210_LAMOUREUX-Alexandre-scaled.jpg 2560w, https:\/\/www.campingcotedeslegendes.com\/wp-content\/uploads\/2024\/12\/crtb-ae04210_LAMOUREUX-Alexandre-300x200.jpg 300w, https:\/\/www.campingcotedeslegendes.com\/wp-content\/uploads\/2024\/12\/crtb-ae04210_LAMOUREUX-Alexandre-1024x683.jpg 1024w, https:\/\/www.campingcotedeslegendes.com\/wp-content\/uploads\/2024\/12\/crtb-ae04210_LAMOUREUX-Alexandre-768x512.jpg 768w, https:\/\/www.campingcotedeslegendes.com\/wp-content\/uploads\/2024\/12\/crtb-ae04210_LAMOUREUX-Alexandre-1536x1024.jpg 1536w, https:\/\/www.campingcotedeslegendes.com\/wp-content\/uploads\/2024\/12\/crtb-ae04210_LAMOUREUX-Alexandre-2048x1365.jpg 2048w, https:\/\/www.campingcotedeslegendes.com\/wp-content\/uploads\/2024\/12\/crtb-ae04210_LAMOUREUX-Alexandre-18x12.jpg 18w\" sizes=\"auto, (max-width: 2560px) 100vw, 2560px\">\n          \n                  <\/figure>\n      <\/a>\n\n                \n      <a class=\"ee-gallery-item ee-gallery-item--image ee-gallery-item--single\" href=\"https:\/\/www.campingcotedeslegendes.com\/wp-content\/uploads\/2024\/12\/crtb-ae04214_LAMOUREUX-Alexandre-scaled.jpg\"  data-sub-html=\"\" data-category=\"1\"                  data-lg-size=\"2560-1707\"\n\n      >\n        <figure class=\"ee-gallery-item-figure\">\n                        <img loading=\"lazy\" decoding=\"async\" class=\"breakdance-image-object\" src=\"https:\/\/www.campingcotedeslegendes.com\/wp-content\/uploads\/2024\/12\/crtb-ae04214_LAMOUREUX-Alexandre-1024x683.jpg\" width=\"1024\" height=\"683\" srcset=\"https:\/\/www.campingcotedeslegendes.com\/wp-content\/uploads\/2024\/12\/crtb-ae04214_LAMOUREUX-Alexandre-scaled.jpg 2560w, https:\/\/www.campingcotedeslegendes.com\/wp-content\/uploads\/2024\/12\/crtb-ae04214_LAMOUREUX-Alexandre-300x200.jpg 300w, https:\/\/www.campingcotedeslegendes.com\/wp-content\/uploads\/2024\/12\/crtb-ae04214_LAMOUREUX-Alexandre-1024x683.jpg 1024w, https:\/\/www.campingcotedeslegendes.com\/wp-content\/uploads\/2024\/12\/crtb-ae04214_LAMOUREUX-Alexandre-768x512.jpg 768w, https:\/\/www.campingcotedeslegendes.com\/wp-content\/uploads\/2024\/12\/crtb-ae04214_LAMOUREUX-Alexandre-1536x1024.jpg 1536w, https:\/\/www.campingcotedeslegendes.com\/wp-content\/uploads\/2024\/12\/crtb-ae04214_LAMOUREUX-Alexandre-2048x1365.jpg 2048w, https:\/\/www.campingcotedeslegendes.com\/wp-content\/uploads\/2024\/12\/crtb-ae04214_LAMOUREUX-Alexandre-18x12.jpg 18w\" sizes=\"auto, (max-width: 2560px) 100vw, 2560px\">\n          \n                  <\/figure>\n      <\/a>\n\n                \n      <a class=\"ee-gallery-item ee-gallery-item--image ee-gallery-item--single\" href=\"https:\/\/www.campingcotedeslegendes.com\/wp-content\/uploads\/2024\/12\/crtb-ae04218_LAMOUREUX-Alexandre-scaled.jpg\"  data-sub-html=\"\" data-category=\"1\"                  data-lg-size=\"1707-2560\"\n\n      >\n        <figure class=\"ee-gallery-item-figure\">\n                        <img loading=\"lazy\" decoding=\"async\" class=\"breakdance-image-object\" src=\"https:\/\/www.campingcotedeslegendes.com\/wp-content\/uploads\/2024\/12\/crtb-ae04218_LAMOUREUX-Alexandre-683x1024.jpg\" width=\"683\" height=\"1024\" srcset=\"https:\/\/www.campingcotedeslegendes.com\/wp-content\/uploads\/2024\/12\/crtb-ae04218_LAMOUREUX-Alexandre-scaled.jpg 1707w, https:\/\/www.campingcotedeslegendes.com\/wp-content\/uploads\/2024\/12\/crtb-ae04218_LAMOUREUX-Alexandre-200x300.jpg 200w, https:\/\/www.campingcotedeslegendes.com\/wp-content\/uploads\/2024\/12\/crtb-ae04218_LAMOUREUX-Alexandre-683x1024.jpg 683w, https:\/\/www.campingcotedeslegendes.com\/wp-content\/uploads\/2024\/12\/crtb-ae04218_LAMOUREUX-Alexandre-768x1152.jpg 768w, https:\/\/www.campingcotedeslegendes.com\/wp-content\/uploads\/2024\/12\/crtb-ae04218_LAMOUREUX-Alexandre-1024x1536.jpg 1024w, https:\/\/www.campingcotedeslegendes.com\/wp-content\/uploads\/2024\/12\/crtb-ae04218_LAMOUREUX-Alexandre-1365x2048.jpg 1365w, https:\/\/www.campingcotedeslegendes.com\/wp-content\/uploads\/2024\/12\/crtb-ae04218_LAMOUREUX-Alexandre-8x12.jpg 8w\" sizes=\"auto, (max-width: 1707px) 100vw, 1707px\">\n          \n                  <\/figure>\n      <\/a>\n\n                \n      <a class=\"ee-gallery-item ee-gallery-item--image ee-gallery-item--single\" href=\"https:\/\/www.campingcotedeslegendes.com\/wp-content\/uploads\/2024\/12\/crtb-ae04248_LAMOUREUX-Alexandre-scaled.jpg\"  data-sub-html=\"\" data-category=\"1\"                  data-lg-size=\"2560-1707\"\n\n      >\n        <figure class=\"ee-gallery-item-figure\">\n                        <img loading=\"lazy\" decoding=\"async\" class=\"breakdance-image-object\" src=\"https:\/\/www.campingcotedeslegendes.com\/wp-content\/uploads\/2024\/12\/crtb-ae04248_LAMOUREUX-Alexandre-1024x683.jpg\" width=\"1024\" height=\"683\" srcset=\"https:\/\/www.campingcotedeslegendes.com\/wp-content\/uploads\/2024\/12\/crtb-ae04248_LAMOUREUX-Alexandre-scaled.jpg 2560w, https:\/\/www.campingcotedeslegendes.com\/wp-content\/uploads\/2024\/12\/crtb-ae04248_LAMOUREUX-Alexandre-300x200.jpg 300w, https:\/\/www.campingcotedeslegendes.com\/wp-content\/uploads\/2024\/12\/crtb-ae04248_LAMOUREUX-Alexandre-1024x683.jpg 1024w, https:\/\/www.campingcotedeslegendes.com\/wp-content\/uploads\/2024\/12\/crtb-ae04248_LAMOUREUX-Alexandre-768x512.jpg 768w, https:\/\/www.campingcotedeslegendes.com\/wp-content\/uploads\/2024\/12\/crtb-ae04248_LAMOUREUX-Alexandre-1536x1024.jpg 1536w, https:\/\/www.campingcotedeslegendes.com\/wp-content\/uploads\/2024\/12\/crtb-ae04248_LAMOUREUX-Alexandre-2048x1365.jpg 2048w, https:\/\/www.campingcotedeslegendes.com\/wp-content\/uploads\/2024\/12\/crtb-ae04248_LAMOUREUX-Alexandre-18x12.jpg 18w\" sizes=\"auto, (max-width: 2560px) 100vw, 2560px\">\n          \n                  <\/figure>\n      <\/a>\n\n                \n      <a class=\"ee-gallery-item ee-gallery-item--image ee-gallery-item--single\" href=\"https:\/\/www.campingcotedeslegendes.com\/wp-content\/uploads\/2024\/12\/crtb-ae04272_LAMOUREUX-Alexandre-scaled.jpg\"  data-sub-html=\"\" data-category=\"1\"                  data-lg-size=\"2560-1706\"\n\n      >\n        <figure class=\"ee-gallery-item-figure\">\n                        <img loading=\"lazy\" decoding=\"async\" class=\"breakdance-image-object\" src=\"https:\/\/www.campingcotedeslegendes.com\/wp-content\/uploads\/2024\/12\/crtb-ae04272_LAMOUREUX-Alexandre-1024x683.jpg\" width=\"1024\" height=\"683\" srcset=\"https:\/\/www.campingcotedeslegendes.com\/wp-content\/uploads\/2024\/12\/crtb-ae04272_LAMOUREUX-Alexandre-scaled.jpg 2560w, https:\/\/www.campingcotedeslegendes.com\/wp-content\/uploads\/2024\/12\/crtb-ae04272_LAMOUREUX-Alexandre-300x200.jpg 300w, https:\/\/www.campingcotedeslegendes.com\/wp-content\/uploads\/2024\/12\/crtb-ae04272_LAMOUREUX-Alexandre-1024x683.jpg 1024w, https:\/\/www.campingcotedeslegendes.com\/wp-content\/uploads\/2024\/12\/crtb-ae04272_LAMOUREUX-Alexandre-768x512.jpg 768w, https:\/\/www.campingcotedeslegendes.com\/wp-content\/uploads\/2024\/12\/crtb-ae04272_LAMOUREUX-Alexandre-1536x1024.jpg 1536w, https:\/\/www.campingcotedeslegendes.com\/wp-content\/uploads\/2024\/12\/crtb-ae04272_LAMOUREUX-Alexandre-2048x1365.jpg 2048w, https:\/\/www.campingcotedeslegendes.com\/wp-content\/uploads\/2024\/12\/crtb-ae04272_LAMOUREUX-Alexandre-18x12.jpg 18w\" sizes=\"auto, (max-width: 2560px) 100vw, 2560px\">\n          \n                  <\/figure>\n      <\/a>\n\n                \n      <a class=\"ee-gallery-item ee-gallery-item--image ee-gallery-item--single\" href=\"https:\/\/www.campingcotedeslegendes.com\/wp-content\/uploads\/2024\/12\/crtb-ae04968_Remedios-Valls-scaled.jpg\"  data-sub-html=\"\" data-category=\"1\"                  data-lg-size=\"1707-2560\"\n\n      >\n        <figure class=\"ee-gallery-item-figure\">\n                        <img loading=\"lazy\" decoding=\"async\" class=\"breakdance-image-object\" src=\"https:\/\/www.campingcotedeslegendes.com\/wp-content\/uploads\/2024\/12\/crtb-ae04968_Remedios-Valls-683x1024.jpg\" width=\"683\" height=\"1024\" srcset=\"https:\/\/www.campingcotedeslegendes.com\/wp-content\/uploads\/2024\/12\/crtb-ae04968_Remedios-Valls-scaled.jpg 1707w, https:\/\/www.campingcotedeslegendes.com\/wp-content\/uploads\/2024\/12\/crtb-ae04968_Remedios-Valls-200x300.jpg 200w, https:\/\/www.campingcotedeslegendes.com\/wp-content\/uploads\/2024\/12\/crtb-ae04968_Remedios-Valls-683x1024.jpg 683w, https:\/\/www.campingcotedeslegendes.com\/wp-content\/uploads\/2024\/12\/crtb-ae04968_Remedios-Valls-768x1152.jpg 768w, https:\/\/www.campingcotedeslegendes.com\/wp-content\/uploads\/2024\/12\/crtb-ae04968_Remedios-Valls-1024x1536.jpg 1024w, https:\/\/www.campingcotedeslegendes.com\/wp-content\/uploads\/2024\/12\/crtb-ae04968_Remedios-Valls-1365x2048.jpg 1365w, https:\/\/www.campingcotedeslegendes.com\/wp-content\/uploads\/2024\/12\/crtb-ae04968_Remedios-Valls-8x12.jpg 8w\" sizes=\"auto, (max-width: 1707px) 100vw, 1707px\">\n          \n                  <\/figure>\n      <\/a>\n\n                \n      <a class=\"ee-gallery-item ee-gallery-item--image ee-gallery-item--single\" href=\"https:\/\/www.campingcotedeslegendes.com\/wp-content\/uploads\/2024\/12\/crtb-ae05858_Maria-Gracia-Salas-Rodriguez-scaled.jpg\"  data-sub-html=\"\" data-category=\"1\"                  data-lg-size=\"2560-1709\"\n\n      >\n        <figure class=\"ee-gallery-item-figure\">\n                        <img loading=\"lazy\" decoding=\"async\" class=\"breakdance-image-object\" src=\"https:\/\/www.campingcotedeslegendes.com\/wp-content\/uploads\/2024\/12\/crtb-ae05858_Maria-Gracia-Salas-Rodriguez-1024x684.jpg\" width=\"1024\" height=\"684\" srcset=\"https:\/\/www.campingcotedeslegendes.com\/wp-content\/uploads\/2024\/12\/crtb-ae05858_Maria-Gracia-Salas-Rodriguez-scaled.jpg 2560w, https:\/\/www.campingcotedeslegendes.com\/wp-content\/uploads\/2024\/12\/crtb-ae05858_Maria-Gracia-Salas-Rodriguez-300x200.jpg 300w, https:\/\/www.campingcotedeslegendes.com\/wp-content\/uploads\/2024\/12\/crtb-ae05858_Maria-Gracia-Salas-Rodriguez-1024x684.jpg 1024w, https:\/\/www.campingcotedeslegendes.com\/wp-content\/uploads\/2024\/12\/crtb-ae05858_Maria-Gracia-Salas-Rodriguez-768x513.jpg 768w, https:\/\/www.campingcotedeslegendes.com\/wp-content\/uploads\/2024\/12\/crtb-ae05858_Maria-Gracia-Salas-Rodriguez-1536x1025.jpg 1536w, https:\/\/www.campingcotedeslegendes.com\/wp-content\/uploads\/2024\/12\/crtb-ae05858_Maria-Gracia-Salas-Rodriguez-2048x1367.jpg 2048w, https:\/\/www.campingcotedeslegendes.com\/wp-content\/uploads\/2024\/12\/crtb-ae05858_Maria-Gracia-Salas-Rodriguez-18x12.jpg 18w\" sizes=\"auto, (max-width: 2560px) 100vw, 2560px\">\n          \n                  <\/figure>\n      <\/a>\n\n                \n      <a class=\"ee-gallery-item ee-gallery-item--image ee-gallery-item--single\" href=\"https:\/\/www.campingcotedeslegendes.com\/wp-content\/uploads\/2024\/12\/crtb-ae05859_Maria-Gracia-Salas-Rodriguez-scaled.jpg\"  data-sub-html=\"\" data-category=\"1\"                  data-lg-size=\"2560-1709\"\n\n      >\n        <figure class=\"ee-gallery-item-figure\">\n                        <img loading=\"lazy\" decoding=\"async\" class=\"breakdance-image-object\" src=\"https:\/\/www.campingcotedeslegendes.com\/wp-content\/uploads\/2024\/12\/crtb-ae05859_Maria-Gracia-Salas-Rodriguez-1024x684.jpg\" width=\"1024\" height=\"684\" srcset=\"https:\/\/www.campingcotedeslegendes.com\/wp-content\/uploads\/2024\/12\/crtb-ae05859_Maria-Gracia-Salas-Rodriguez-scaled.jpg 2560w, https:\/\/www.campingcotedeslegendes.com\/wp-content\/uploads\/2024\/12\/crtb-ae05859_Maria-Gracia-Salas-Rodriguez-300x200.jpg 300w, https:\/\/www.campingcotedeslegendes.com\/wp-content\/uploads\/2024\/12\/crtb-ae05859_Maria-Gracia-Salas-Rodriguez-1024x684.jpg 1024w, https:\/\/www.campingcotedeslegendes.com\/wp-content\/uploads\/2024\/12\/crtb-ae05859_Maria-Gracia-Salas-Rodriguez-768x513.jpg 768w, https:\/\/www.campingcotedeslegendes.com\/wp-content\/uploads\/2024\/12\/crtb-ae05859_Maria-Gracia-Salas-Rodriguez-1536x1025.jpg 1536w, https:\/\/www.campingcotedeslegendes.com\/wp-content\/uploads\/2024\/12\/crtb-ae05859_Maria-Gracia-Salas-Rodriguez-2048x1367.jpg 2048w, https:\/\/www.campingcotedeslegendes.com\/wp-content\/uploads\/2024\/12\/crtb-ae05859_Maria-Gracia-Salas-Rodriguez-18x12.jpg 18w\" sizes=\"auto, (max-width: 2560px) 100vw, 2560px\">\n          \n                  <\/figure>\n      <\/a>\n\n                \n      <a class=\"ee-gallery-item ee-gallery-item--image ee-gallery-item--single\" href=\"https:\/\/www.campingcotedeslegendes.com\/wp-content\/uploads\/2024\/12\/crtb-ae06208_GARIN-Louise-scaled.jpg\"  data-sub-html=\"\" data-category=\"1\"                  data-lg-size=\"2560-1707\"\n\n      >\n        <figure class=\"ee-gallery-item-figure\">\n                        <img loading=\"lazy\" decoding=\"async\" class=\"breakdance-image-object\" src=\"https:\/\/www.campingcotedeslegendes.com\/wp-content\/uploads\/2024\/12\/crtb-ae06208_GARIN-Louise-1024x683.jpg\" width=\"1024\" height=\"683\" srcset=\"https:\/\/www.campingcotedeslegendes.com\/wp-content\/uploads\/2024\/12\/crtb-ae06208_GARIN-Louise-scaled.jpg 2560w, https:\/\/www.campingcotedeslegendes.com\/wp-content\/uploads\/2024\/12\/crtb-ae06208_GARIN-Louise-300x200.jpg 300w, https:\/\/www.campingcotedeslegendes.com\/wp-content\/uploads\/2024\/12\/crtb-ae06208_GARIN-Louise-1024x683.jpg 1024w, https:\/\/www.campingcotedeslegendes.com\/wp-content\/uploads\/2024\/12\/crtb-ae06208_GARIN-Louise-768x512.jpg 768w, https:\/\/www.campingcotedeslegendes.com\/wp-content\/uploads\/2024\/12\/crtb-ae06208_GARIN-Louise-1536x1024.jpg 1536w, https:\/\/www.campingcotedeslegendes.com\/wp-content\/uploads\/2024\/12\/crtb-ae06208_GARIN-Louise-2048x1365.jpg 2048w, https:\/\/www.campingcotedeslegendes.com\/wp-content\/uploads\/2024\/12\/crtb-ae06208_GARIN-Louise-18x12.jpg 18w\" sizes=\"auto, (max-width: 2560px) 100vw, 2560px\">\n          \n                  <\/figure>\n      <\/a>\n\n                \n      <a class=\"ee-gallery-item ee-gallery-item--image ee-gallery-item--single\" href=\"https:\/\/www.campingcotedeslegendes.com\/wp-content\/uploads\/2024\/12\/crtb-ae06210_GARIN-Louise-scaled.jpg\"  data-sub-html=\"\" data-category=\"1\"                  data-lg-size=\"2560-1706\"\n\n      >\n        <figure class=\"ee-gallery-item-figure\">\n                        <img loading=\"lazy\" decoding=\"async\" class=\"breakdance-image-object\" src=\"https:\/\/www.campingcotedeslegendes.com\/wp-content\/uploads\/2024\/12\/crtb-ae06210_GARIN-Louise-1024x683.jpg\" width=\"1024\" height=\"683\" srcset=\"https:\/\/www.campingcotedeslegendes.com\/wp-content\/uploads\/2024\/12\/crtb-ae06210_GARIN-Louise-scaled.jpg 2560w, https:\/\/www.campingcotedeslegendes.com\/wp-content\/uploads\/2024\/12\/crtb-ae06210_GARIN-Louise-300x200.jpg 300w, https:\/\/www.campingcotedeslegendes.com\/wp-content\/uploads\/2024\/12\/crtb-ae06210_GARIN-Louise-1024x683.jpg 1024w, https:\/\/www.campingcotedeslegendes.com\/wp-content\/uploads\/2024\/12\/crtb-ae06210_GARIN-Louise-768x512.jpg 768w, https:\/\/www.campingcotedeslegendes.com\/wp-content\/uploads\/2024\/12\/crtb-ae06210_GARIN-Louise-1536x1024.jpg 1536w, https:\/\/www.campingcotedeslegendes.com\/wp-content\/uploads\/2024\/12\/crtb-ae06210_GARIN-Louise-2048x1365.jpg 2048w, https:\/\/www.campingcotedeslegendes.com\/wp-content\/uploads\/2024\/12\/crtb-ae06210_GARIN-Louise-18x12.jpg 18w\" sizes=\"auto, (max-width: 2560px) 100vw, 2560px\">\n          \n                  <\/figure>\n      <\/a>\n\n                \n      <a class=\"ee-gallery-item ee-gallery-item--image ee-gallery-item--single\" href=\"https:\/\/www.campingcotedeslegendes.com\/wp-content\/uploads\/2024\/12\/crtb-ae06509_DEQUIN-Nicolas-scaled.jpg\"  data-sub-html=\"\" data-category=\"1\"                  data-lg-size=\"2560-1707\"\n\n      >\n        <figure class=\"ee-gallery-item-figure\">\n                        <img loading=\"lazy\" decoding=\"async\" class=\"breakdance-image-object\" src=\"https:\/\/www.campingcotedeslegendes.com\/wp-content\/uploads\/2024\/12\/crtb-ae06509_DEQUIN-Nicolas-1024x683.jpg\" width=\"1024\" height=\"683\" srcset=\"https:\/\/www.campingcotedeslegendes.com\/wp-content\/uploads\/2024\/12\/crtb-ae06509_DEQUIN-Nicolas-scaled.jpg 2560w, https:\/\/www.campingcotedeslegendes.com\/wp-content\/uploads\/2024\/12\/crtb-ae06509_DEQUIN-Nicolas-300x200.jpg 300w, https:\/\/www.campingcotedeslegendes.com\/wp-content\/uploads\/2024\/12\/crtb-ae06509_DEQUIN-Nicolas-1024x683.jpg 1024w, https:\/\/www.campingcotedeslegendes.com\/wp-content\/uploads\/2024\/12\/crtb-ae06509_DEQUIN-Nicolas-768x512.jpg 768w, https:\/\/www.campingcotedeslegendes.com\/wp-content\/uploads\/2024\/12\/crtb-ae06509_DEQUIN-Nicolas-1536x1024.jpg 1536w, https:\/\/www.campingcotedeslegendes.com\/wp-content\/uploads\/2024\/12\/crtb-ae06509_DEQUIN-Nicolas-2048x1365.jpg 2048w, https:\/\/www.campingcotedeslegendes.com\/wp-content\/uploads\/2024\/12\/crtb-ae06509_DEQUIN-Nicolas-18x12.jpg 18w\" sizes=\"auto, (max-width: 2560px) 100vw, 2560px\">\n          \n                  <\/figure>\n      <\/a>\n\n                \n      <a class=\"ee-gallery-item ee-gallery-item--image ee-gallery-item--single\" href=\"https:\/\/www.campingcotedeslegendes.com\/wp-content\/uploads\/2024\/12\/crtb-ae06536_DEQUIN-Nicolas-scaled.jpg\"  data-sub-html=\"\" data-category=\"1\"                  data-lg-size=\"2560-1707\"\n\n      >\n        <figure class=\"ee-gallery-item-figure\">\n                        <img loading=\"lazy\" decoding=\"async\" class=\"breakdance-image-object\" src=\"https:\/\/www.campingcotedeslegendes.com\/wp-content\/uploads\/2024\/12\/crtb-ae06536_DEQUIN-Nicolas-1024x683.jpg\" width=\"1024\" height=\"683\" srcset=\"https:\/\/www.campingcotedeslegendes.com\/wp-content\/uploads\/2024\/12\/crtb-ae06536_DEQUIN-Nicolas-scaled.jpg 2560w, https:\/\/www.campingcotedeslegendes.com\/wp-content\/uploads\/2024\/12\/crtb-ae06536_DEQUIN-Nicolas-300x200.jpg 300w, https:\/\/www.campingcotedeslegendes.com\/wp-content\/uploads\/2024\/12\/crtb-ae06536_DEQUIN-Nicolas-1024x683.jpg 1024w, https:\/\/www.campingcotedeslegendes.com\/wp-content\/uploads\/2024\/12\/crtb-ae06536_DEQUIN-Nicolas-768x512.jpg 768w, https:\/\/www.campingcotedeslegendes.com\/wp-content\/uploads\/2024\/12\/crtb-ae06536_DEQUIN-Nicolas-1536x1024.jpg 1536w, https:\/\/www.campingcotedeslegendes.com\/wp-content\/uploads\/2024\/12\/crtb-ae06536_DEQUIN-Nicolas-2048x1365.jpg 2048w, https:\/\/www.campingcotedeslegendes.com\/wp-content\/uploads\/2024\/12\/crtb-ae06536_DEQUIN-Nicolas-18x12.jpg 18w\" sizes=\"auto, (max-width: 2560px) 100vw, 2560px\">\n          \n                  <\/figure>\n      <\/a>\n\n                \n      <a class=\"ee-gallery-item ee-gallery-item--image ee-gallery-item--single\" href=\"https:\/\/www.campingcotedeslegendes.com\/wp-content\/uploads\/2024\/12\/crtb-ae06758_Brock-Betty-scaled.jpg\"  data-sub-html=\"\" data-category=\"1\"                  data-lg-size=\"2048-2560\"\n\n      >\n        <figure class=\"ee-gallery-item-figure\">\n                        <img loading=\"lazy\" decoding=\"async\" class=\"breakdance-image-object\" src=\"https:\/\/www.campingcotedeslegendes.com\/wp-content\/uploads\/2024\/12\/crtb-ae06758_Brock-Betty-819x1024.jpg\" width=\"819\" height=\"1024\" srcset=\"https:\/\/www.campingcotedeslegendes.com\/wp-content\/uploads\/2024\/12\/crtb-ae06758_Brock-Betty-scaled.jpg 2048w, https:\/\/www.campingcotedeslegendes.com\/wp-content\/uploads\/2024\/12\/crtb-ae06758_Brock-Betty-240x300.jpg 240w, https:\/\/www.campingcotedeslegendes.com\/wp-content\/uploads\/2024\/12\/crtb-ae06758_Brock-Betty-819x1024.jpg 819w, https:\/\/www.campingcotedeslegendes.com\/wp-content\/uploads\/2024\/12\/crtb-ae06758_Brock-Betty-768x960.jpg 768w, https:\/\/www.campingcotedeslegendes.com\/wp-content\/uploads\/2024\/12\/crtb-ae06758_Brock-Betty-1229x1536.jpg 1229w, https:\/\/www.campingcotedeslegendes.com\/wp-content\/uploads\/2024\/12\/crtb-ae06758_Brock-Betty-1638x2048.jpg 1638w, https:\/\/www.campingcotedeslegendes.com\/wp-content\/uploads\/2024\/12\/crtb-ae06758_Brock-Betty-10x12.jpg 10w\" sizes=\"auto, (max-width: 2048px) 100vw, 2048px\">\n          \n                  <\/figure>\n      <\/a>\n\n        \n      <div class=\"ee-gallery-gutter\"><\/div>\n  <\/div>\n\n\n\n<\/div>\n<\/div><div class=\"bde-globalblock-1515-174 bde-globalblock\">\n<div class='breakdance'><section class=\"bde-section-779-100-779-1 bde-section bde-section-779-100\">\n  \n\t\n\n\n\n<div class=\"section-container\"><div class=\"bde-div-779-108-779-1 bde-div bde-div-779-108\">\n  \n\t\n\n\n\n<div class=\"bde-columns-779-101-779-1 bde-columns bde-columns-779-101\"><div class=\"bde-column-779-102-779-1 bde-column bde-column-779-102\">\n  \n\t\n\n\n\n<div class=\"bde-div-779-105-779-1 bde-div bde-div-779-105\">\n  \n\t\n\n\n\n<div class=\"bde-text-779-106-779-1 bde-text bde-text-779-106\">\nQUESTIONS\n<\/div><div class=\"bde-text-779-107-779-1 bde-text bde-text-779-107\">\nor for more details\n<\/div>\n<\/div>\n<\/div><div class=\"bde-column-779-103-779-1 bde-column bde-column-779-103\">\n  \n\t\n\n\n\n<div class=\"bde-button-779-104-779-1 bde-button bde-button-779-104\">\n    \n                                    \n    \n    \n    \n    \n            \n                    \n            \n            \n\n    \n    \n    \n    \n    \n    <a class=\"breakdance-link button-atom button-atom--primary bde-button__button\" href=\"https:\/\/www.campingcotedeslegendes.com\/en\/contact-access\/\" target=\"_self\" data-type=\"url\"  >\n\n    \n        <span class=\"button-atom__text\">Write to us<\/span>\n\n        \n        \n                <\/a>\n\n    \n\n\n<\/div>\n<\/div><\/div>\n<\/div><\/div>\n<\/section><\/div>\n<\/div><\/div>\n<\/section><\/div>","protected":false},"excerpt":{"rendered":"<p>Galerie Photos du Camping C\u00f4te des L\u00e9gendes D\u00e9couvrez le Camping de la C\u00f4te des L\u00e9gendes \u00e0 travers notre s\u00e9lection de photos. Elles vous donneront un aper\u00e7u de la beaut\u00e9 naturelle de notre site, de nos h\u00e9bergements confortables et insolites ainsi que des activit\u00e9s que nous proposons. Que vous soyez \u00e0 la recherche d&rsquo;une escapade tranquille [&hellip;]<\/p>","protected":false},"author":1,"featured_media":1638,"parent":0,"menu_order":0,"comment_status":"closed","ping_status":"closed","template":"","meta":{"_acf_changed":false,"_breakdance_hide_in_design_set":false,"_breakdance_tags":"","footnotes":""},"class_list":["post-1515","page","type-page","status-publish","has-post-thumbnail","hentry"],"acf":[],"yoast_head":"<!-- This site is optimized with the Yoast SEO plugin v24.1 - https:\/\/yoast.com\/wordpress\/plugins\/seo\/ -->\n<title>Galerie photos | Camping C\u00f4te des L\u00e9gendes \u00e0 Brignogan-Plages<\/title>\n<meta name=\"description\" content=\"Plongez dans la galerie photos du Camping C\u00f4te des L\u00e9gendes \u00e0 Brignogan-Plages ! Entre for\u00eat et plage, vivez vos vacances en images.\" \/>\n<meta name=\"robots\" content=\"index, follow, max-snippet:-1, max-image-preview:large, max-video-preview:-1\" \/>\n<link rel=\"canonical\" href=\"https:\/\/www.campingcotedeslegendes.com\/en\/photo-gallery\/\" \/>\n<meta property=\"og:locale\" content=\"en_GB\" \/>\n<meta property=\"og:type\" content=\"article\" \/>\n<meta property=\"og:title\" content=\"Galerie photos | Camping C\u00f4te des L\u00e9gendes \u00e0 Brignogan-Plages\" \/>\n<meta property=\"og:description\" content=\"Plongez dans la galerie photos du Camping C\u00f4te des L\u00e9gendes \u00e0 Brignogan-Plages ! Entre for\u00eat et plage, vivez vos vacances en images.\" \/>\n<meta property=\"og:url\" content=\"https:\/\/www.campingcotedeslegendes.com\/en\/photo-gallery\/\" \/>\n<meta property=\"og:site_name\" content=\"cote-des-legendes\" \/>\n<meta property=\"article:publisher\" content=\"https:\/\/www.facebook.com\/CampingCotedesLegendes\" \/>\n<meta property=\"article:modified_time\" content=\"2024-12-12T11:28:22+00:00\" \/>\n<meta property=\"og:image\" content=\"https:\/\/www.campingcotedeslegendes.com\/wp-content\/uploads\/2024\/10\/camping_cote_de_legendes_chalet_1_chambre_drone-scaled.webp\" \/>\n\t<meta property=\"og:image:width\" content=\"2560\" \/>\n\t<meta property=\"og:image:height\" content=\"1440\" \/>\n\t<meta property=\"og:image:type\" content=\"image\/webp\" \/>\n<meta name=\"twitter:card\" content=\"summary_large_image\" \/>\n<meta name=\"twitter:label1\" content=\"Estimated reading time\" \/>\n\t<meta name=\"twitter:data1\" content=\"4 minutes\" \/>\n<script type=\"application\/ld+json\" class=\"yoast-schema-graph\">{\"@context\":\"https:\/\/schema.org\",\"@graph\":[{\"@type\":\"WebPage\",\"@id\":\"https:\/\/www.campingcotedeslegendes.com\/en\/photo-gallery\/\",\"url\":\"https:\/\/www.campingcotedeslegendes.com\/en\/photo-gallery\/\",\"name\":\"Galerie photos | Camping C\u00f4te des L\u00e9gendes \u00e0 Brignogan-Plages\",\"isPartOf\":{\"@id\":\"https:\/\/www.campingcotedeslegendes.com\/en\/#website\"},\"primaryImageOfPage\":{\"@id\":\"https:\/\/www.campingcotedeslegendes.com\/en\/photo-gallery\/#primaryimage\"},\"image\":{\"@id\":\"https:\/\/www.campingcotedeslegendes.com\/en\/photo-gallery\/#primaryimage\"},\"thumbnailUrl\":\"https:\/\/www.campingcotedeslegendes.com\/wp-content\/uploads\/2024\/10\/camping_cote_de_legendes_chalet_1_chambre_drone-scaled.webp\",\"datePublished\":\"2024-10-16T10:07:08+00:00\",\"dateModified\":\"2024-12-12T11:28:22+00:00\",\"description\":\"Plongez dans la galerie photos du Camping C\u00f4te des L\u00e9gendes \u00e0 Brignogan-Plages ! Entre for\u00eat et plage, vivez vos vacances en images.\",\"breadcrumb\":{\"@id\":\"https:\/\/www.campingcotedeslegendes.com\/en\/photo-gallery\/#breadcrumb\"},\"inLanguage\":\"en-GB\",\"potentialAction\":[{\"@type\":\"ReadAction\",\"target\":[\"https:\/\/www.campingcotedeslegendes.com\/en\/photo-gallery\/\"]}]},{\"@type\":\"ImageObject\",\"inLanguage\":\"en-GB\",\"@id\":\"https:\/\/www.campingcotedeslegendes.com\/en\/photo-gallery\/#primaryimage\",\"url\":\"https:\/\/www.campingcotedeslegendes.com\/wp-content\/uploads\/2024\/10\/camping_cote_de_legendes_chalet_1_chambre_drone-scaled.webp\",\"contentUrl\":\"https:\/\/www.campingcotedeslegendes.com\/wp-content\/uploads\/2024\/10\/camping_cote_de_legendes_chalet_1_chambre_drone-scaled.webp\",\"width\":2560,\"height\":1440},{\"@type\":\"BreadcrumbList\",\"@id\":\"https:\/\/www.campingcotedeslegendes.com\/en\/photo-gallery\/#breadcrumb\",\"itemListElement\":[{\"@type\":\"ListItem\",\"position\":1,\"name\":\"Camping \u00e0 Brignogan-Plages\",\"item\":\"https:\/\/www.campingcotedeslegendes.com\/\"},{\"@type\":\"ListItem\",\"position\":2,\"name\":\"Galerie photos\"}]},{\"@type\":\"WebSite\",\"@id\":\"https:\/\/www.campingcotedeslegendes.com\/en\/#website\",\"url\":\"https:\/\/www.campingcotedeslegendes.com\/en\/\",\"name\":\"Camping de la C\u00f4te des L\u00e9gendes\",\"description\":\"\",\"publisher\":{\"@id\":\"https:\/\/www.campingcotedeslegendes.com\/en\/#organization\"},\"potentialAction\":[{\"@type\":\"SearchAction\",\"target\":{\"@type\":\"EntryPoint\",\"urlTemplate\":\"https:\/\/www.campingcotedeslegendes.com\/en\/?s={search_term_string}\"},\"query-input\":{\"@type\":\"PropertyValueSpecification\",\"valueRequired\":true,\"valueName\":\"search_term_string\"}}],\"inLanguage\":\"en-GB\"},{\"@type\":\"Organization\",\"@id\":\"https:\/\/www.campingcotedeslegendes.com\/en\/#organization\",\"name\":\"Camping de la C\u00f4te des L\u00e9gendes\",\"url\":\"https:\/\/www.campingcotedeslegendes.com\/en\/\",\"logo\":{\"@type\":\"ImageObject\",\"inLanguage\":\"en-GB\",\"@id\":\"https:\/\/www.campingcotedeslegendes.com\/en\/#\/schema\/logo\/image\/\",\"url\":\"https:\/\/www.campingcotedeslegendes.com\/wp-content\/uploads\/2024\/06\/logo-header.png\",\"contentUrl\":\"https:\/\/www.campingcotedeslegendes.com\/wp-content\/uploads\/2024\/06\/logo-header.png\",\"width\":209,\"height\":111,\"caption\":\"Camping de la C\u00f4te des L\u00e9gendes\"},\"image\":{\"@id\":\"https:\/\/www.campingcotedeslegendes.com\/en\/#\/schema\/logo\/image\/\"},\"sameAs\":[\"https:\/\/www.facebook.com\/CampingCotedesLegendes\"]}]}<\/script>\n<!-- \/ Yoast SEO plugin. -->","yoast_head_json":{"title":"Galerie photos | Camping C\u00f4te des L\u00e9gendes \u00e0 Brignogan-Plages","description":"Plongez dans la galerie photos du Camping C\u00f4te des L\u00e9gendes \u00e0 Brignogan-Plages ! Entre for\u00eat et plage, vivez vos vacances en images.","robots":{"index":"index","follow":"follow","max-snippet":"max-snippet:-1","max-image-preview":"max-image-preview:large","max-video-preview":"max-video-preview:-1"},"canonical":"https:\/\/www.campingcotedeslegendes.com\/en\/photo-gallery\/","og_locale":"en_GB","og_type":"article","og_title":"Galerie photos | Camping C\u00f4te des L\u00e9gendes \u00e0 Brignogan-Plages","og_description":"Plongez dans la galerie photos du Camping C\u00f4te des L\u00e9gendes \u00e0 Brignogan-Plages ! Entre for\u00eat et plage, vivez vos vacances en images.","og_url":"https:\/\/www.campingcotedeslegendes.com\/en\/photo-gallery\/","og_site_name":"cote-des-legendes","article_publisher":"https:\/\/www.facebook.com\/CampingCotedesLegendes","article_modified_time":"2024-12-12T11:28:22+00:00","og_image":[{"width":2560,"height":1440,"url":"https:\/\/www.campingcotedeslegendes.com\/wp-content\/uploads\/2024\/10\/camping_cote_de_legendes_chalet_1_chambre_drone-scaled.webp","type":"image\/webp"}],"twitter_card":"summary_large_image","twitter_misc":{"Estimated reading time":"4 minutes"},"schema":{"@context":"https:\/\/schema.org","@graph":[{"@type":"WebPage","@id":"https:\/\/www.campingcotedeslegendes.com\/en\/photo-gallery\/","url":"https:\/\/www.campingcotedeslegendes.com\/en\/photo-gallery\/","name":"Galerie photos | Camping C\u00f4te des L\u00e9gendes \u00e0 Brignogan-Plages","isPartOf":{"@id":"https:\/\/www.campingcotedeslegendes.com\/en\/#website"},"primaryImageOfPage":{"@id":"https:\/\/www.campingcotedeslegendes.com\/en\/photo-gallery\/#primaryimage"},"image":{"@id":"https:\/\/www.campingcotedeslegendes.com\/en\/photo-gallery\/#primaryimage"},"thumbnailUrl":"https:\/\/www.campingcotedeslegendes.com\/wp-content\/uploads\/2024\/10\/camping_cote_de_legendes_chalet_1_chambre_drone-scaled.webp","datePublished":"2024-10-16T10:07:08+00:00","dateModified":"2024-12-12T11:28:22+00:00","description":"Plongez dans la galerie photos du Camping C\u00f4te des L\u00e9gendes \u00e0 Brignogan-Plages ! Entre for\u00eat et plage, vivez vos vacances en images.","breadcrumb":{"@id":"https:\/\/www.campingcotedeslegendes.com\/en\/photo-gallery\/#breadcrumb"},"inLanguage":"en-GB","potentialAction":[{"@type":"ReadAction","target":["https:\/\/www.campingcotedeslegendes.com\/en\/photo-gallery\/"]}]},{"@type":"ImageObject","inLanguage":"en-GB","@id":"https:\/\/www.campingcotedeslegendes.com\/en\/photo-gallery\/#primaryimage","url":"https:\/\/www.campingcotedeslegendes.com\/wp-content\/uploads\/2024\/10\/camping_cote_de_legendes_chalet_1_chambre_drone-scaled.webp","contentUrl":"https:\/\/www.campingcotedeslegendes.com\/wp-content\/uploads\/2024\/10\/camping_cote_de_legendes_chalet_1_chambre_drone-scaled.webp","width":2560,"height":1440},{"@type":"BreadcrumbList","@id":"https:\/\/www.campingcotedeslegendes.com\/en\/photo-gallery\/#breadcrumb","itemListElement":[{"@type":"ListItem","position":1,"name":"Camping \u00e0 Brignogan-Plages","item":"https:\/\/www.campingcotedeslegendes.com\/"},{"@type":"ListItem","position":2,"name":"Galerie photos"}]},{"@type":"WebSite","@id":"https:\/\/www.campingcotedeslegendes.com\/en\/#website","url":"https:\/\/www.campingcotedeslegendes.com\/en\/","name":"Camping de la C\u00f4te des L\u00e9gendes","description":"","publisher":{"@id":"https:\/\/www.campingcotedeslegendes.com\/en\/#organization"},"potentialAction":[{"@type":"SearchAction","target":{"@type":"EntryPoint","urlTemplate":"https:\/\/www.campingcotedeslegendes.com\/en\/?s={search_term_string}"},"query-input":{"@type":"PropertyValueSpecification","valueRequired":true,"valueName":"search_term_string"}}],"inLanguage":"en-GB"},{"@type":"Organization","@id":"https:\/\/www.campingcotedeslegendes.com\/en\/#organization","name":"Camping de la C\u00f4te des L\u00e9gendes","url":"https:\/\/www.campingcotedeslegendes.com\/en\/","logo":{"@type":"ImageObject","inLanguage":"en-GB","@id":"https:\/\/www.campingcotedeslegendes.com\/en\/#\/schema\/logo\/image\/","url":"https:\/\/www.campingcotedeslegendes.com\/wp-content\/uploads\/2024\/06\/logo-header.png","contentUrl":"https:\/\/www.campingcotedeslegendes.com\/wp-content\/uploads\/2024\/06\/logo-header.png","width":209,"height":111,"caption":"Camping de la C\u00f4te des L\u00e9gendes"},"image":{"@id":"https:\/\/www.campingcotedeslegendes.com\/en\/#\/schema\/logo\/image\/"},"sameAs":["https:\/\/www.facebook.com\/CampingCotedesLegendes"]}]}},"_links":{"self":[{"href":"https:\/\/www.campingcotedeslegendes.com\/en\/wp-json\/wp\/v2\/pages\/1515","targetHints":{"allow":["GET"]}}],"collection":[{"href":"https:\/\/www.campingcotedeslegendes.com\/en\/wp-json\/wp\/v2\/pages"}],"about":[{"href":"https:\/\/www.campingcotedeslegendes.com\/en\/wp-json\/wp\/v2\/types\/page"}],"author":[{"embeddable":true,"href":"https:\/\/www.campingcotedeslegendes.com\/en\/wp-json\/wp\/v2\/users\/1"}],"replies":[{"embeddable":true,"href":"https:\/\/www.campingcotedeslegendes.com\/en\/wp-json\/wp\/v2\/comments?post=1515"}],"version-history":[{"count":9,"href":"https:\/\/www.campingcotedeslegendes.com\/en\/wp-json\/wp\/v2\/pages\/1515\/revisions"}],"predecessor-version":[{"id":3021,"href":"https:\/\/www.campingcotedeslegendes.com\/en\/wp-json\/wp\/v2\/pages\/1515\/revisions\/3021"}],"wp:featuredmedia":[{"embeddable":true,"href":"https:\/\/www.campingcotedeslegendes.com\/en\/wp-json\/wp\/v2\/media\/1638"}],"wp:attachment":[{"href":"https:\/\/www.campingcotedeslegendes.com\/en\/wp-json\/wp\/v2\/media?parent=1515"}],"curies":[{"name":"wp","href":"https:\/\/api.w.org\/{rel}","templated":true}]}}